{"id":1660,"date":"2023-11-05T16:57:29","date_gmt":"2023-11-05T15:57:29","guid":{"rendered":"https:\/\/lesgaletsdemarion.com\/?page_id=1660"},"modified":"2025-06-06T17:22:18","modified_gmt":"2025-06-06T15:22:18","slug":"les-galets-peints-abstraits","status":"publish","type":"page","link":"https:\/\/lesgaletsdemarion.com\/index.php\/les-galets-peints-abstraits\/","title":{"rendered":"Les galets peints abstraits"},"content":{"rendered":"\t\t<div data-elementor-type=\"wp-page\" data-elementor-id=\"1660\" class=\"elementor elementor-1660\" data-elementor-post-type=\"page\">\n\t\t\t\t\t\t<section class=\"elementor-section elementor-top-section elementor-element elementor-element-c9725f1 elementor-section-boxed elementor-section-height-default elementor-section-height-default\" data-id=\"c9725f1\" data-element_type=\"section\" data-e-type=\"section\">\n\t\t\t\t\t\t<div class=\"elementor-container elementor-column-gap-default\">\n\t\t\t\t\t<div class=\"elementor-column elementor-col-100 elementor-top-column elementor-element elementor-element-3376cf8\" data-id=\"3376cf8\" data-element_type=\"column\" data-e-type=\"column\">\n\t\t\t<div class=\"elementor-widget-wrap elementor-element-populated\">\n\t\t\t\t\t\t<div class=\"elementor-element elementor-element-ae45533 elementor-widget__width-initial elementor-widget elementor-widget-heading\" data-id=\"ae45533\" data-element_type=\"widget\" data-e-type=\"widget\" data-widget_type=\"heading.default\">\n\t\t\t\t<div class=\"elementor-widget-container\">\n\t\t\t\t\t<h1 class=\"elementor-heading-title elementor-size-default\">Les galets peints abstraits<\/h1>\t\t\t\t<\/div>\n\t\t\t\t<\/div>\n\t\t\t\t\t<\/div>\n\t\t<\/div>\n\t\t\t\t\t<\/div>\n\t\t<\/section>\n\t\t\t\t<section class=\"elementor-section elementor-top-section elementor-element elementor-element-1bd241e elementor-section-boxed elementor-section-height-default elementor-section-height-default\" data-id=\"1bd241e\" data-element_type=\"section\" data-e-type=\"section\">\n\t\t\t\t\t\t<div class=\"elementor-container elementor-column-gap-default\">\n\t\t\t\t\t<div class=\"elementor-column elementor-col-100 elementor-top-column elementor-element elementor-element-0b16d77\" data-id=\"0b16d77\" data-element_type=\"column\" data-e-type=\"column\">\n\t\t\t<div class=\"elementor-widget-wrap elementor-element-populated\">\n\t\t\t\t\t\t<div class=\"elementor-element elementor-element-0f120f1 elementor-widget elementor-widget-heading\" data-id=\"0f120f1\" data-element_type=\"widget\" data-e-type=\"widget\" data-widget_type=\"heading.default\">\n\t\t\t\t<div class=\"elementor-widget-container\">\n\t\t\t\t\t<h2 class=\"elementor-heading-title elementor-size-default\">lorsque la nature et l'art ne font plus qu'un...<\/h2>\t\t\t\t<\/div>\n\t\t\t\t<\/div>\n\t\t\t\t\t<\/div>\n\t\t<\/div>\n\t\t\t\t\t<\/div>\n\t\t<\/section>\n\t\t\t\t<section class=\"elementor-section elementor-top-section elementor-element elementor-element-b72a6d9 elementor-section-boxed elementor-section-height-default elementor-section-height-default\" data-id=\"b72a6d9\" data-element_type=\"section\" data-e-type=\"section\">\n\t\t\t\t\t\t<div class=\"elementor-container elementor-column-gap-default\">\n\t\t\t\t\t<div class=\"elementor-column elementor-col-100 elementor-top-column elementor-element elementor-element-89d8571\" data-id=\"89d8571\" data-element_type=\"column\" data-e-type=\"column\">\n\t\t\t<div class=\"elementor-widget-wrap elementor-element-populated\">\n\t\t\t\t\t\t<div class=\"elementor-element elementor-element-f1b36b6 elementor-widget elementor-widget-image\" data-id=\"f1b36b6\" data-element_type=\"widget\" data-e-type=\"widget\" data-widget_type=\"image.default\">\n\t\t\t\t<div class=\"elementor-widget-container\">\n\t\t\t\t\t\t\t\t\t\t\t\t\t\t\t<img fetchpriority=\"high\" decoding=\"async\" width=\"750\" height=\"1061\" src=\"https:\/\/lesgaletsdemarion.com\/wp-content\/uploads\/2023\/11\/Les-galets-peints-abstraits-768x1086.png\" class=\"attachment-medium_large size-medium_large wp-image-1668\" alt=\"\" srcset=\"https:\/\/lesgaletsdemarion.com\/wp-content\/uploads\/2023\/11\/Les-galets-peints-abstraits-768x1086.png 768w, https:\/\/lesgaletsdemarion.com\/wp-content\/uploads\/2023\/11\/Les-galets-peints-abstraits-212x300.png 212w, https:\/\/lesgaletsdemarion.com\/wp-content\/uploads\/2023\/11\/Les-galets-peints-abstraits-724x1024.png 724w, https:\/\/lesgaletsdemarion.com\/wp-content\/uploads\/2023\/11\/Les-galets-peints-abstraits-1086x1536.png 1086w, https:\/\/lesgaletsdemarion.com\/wp-content\/uploads\/2023\/11\/Les-galets-peints-abstraits-1448x2048.png 1448w, https:\/\/lesgaletsdemarion.com\/wp-content\/uploads\/2023\/11\/Les-galets-peints-abstraits-1568x2218.png 1568w, https:\/\/lesgaletsdemarion.com\/wp-content\/uploads\/2023\/11\/Les-galets-peints-abstraits-600x849.png 600w, https:\/\/lesgaletsdemarion.com\/wp-content\/uploads\/2023\/11\/Les-galets-peints-abstraits.png 1587w\" sizes=\"(max-width: 750px) 100vw, 750px\" style=\"width:100%;height:141.46%;max-width:1587px\" \/>\t\t\t\t\t\t\t\t\t\t\t\t\t\t\t<\/div>\n\t\t\t\t<\/div>\n\t\t\t\t\t<\/div>\n\t\t<\/div>\n\t\t\t\t\t<\/div>\n\t\t<\/section>\n\t\t\t\t<section class=\"elementor-section elementor-top-section elementor-element elementor-element-946b554 elementor-section-boxed elementor-section-height-default elementor-section-height-default\" data-id=\"946b554\" data-element_type=\"section\" data-e-type=\"section\">\n\t\t\t\t\t\t<div class=\"elementor-container elementor-column-gap-default\">\n\t\t\t\t\t<div class=\"elementor-column elementor-col-100 elementor-top-column elementor-element elementor-element-20a15d5\" data-id=\"20a15d5\" data-element_type=\"column\" data-e-type=\"column\">\n\t\t\t<div class=\"elementor-widget-wrap elementor-element-populated\">\n\t\t\t\t\t\t<div class=\"elementor-element elementor-element-d00fe85 elementor-widget elementor-widget-text-editor\" data-id=\"d00fe85\" data-element_type=\"widget\" data-e-type=\"widget\" data-widget_type=\"text-editor.default\">\n\t\t\t\t<div class=\"elementor-widget-container\">\n\t\t\t\t\t\t\t\t\t<p><strong>Cr\u00e9ations uniques \u00e0 prix variables selon mod\u00e8le de 25 \u00e0 50\u20ac<br \/><\/strong><\/p>\t\t\t\t\t\t\t\t<\/div>\n\t\t\t\t<\/div>\n\t\t\t\t\t<\/div>\n\t\t<\/div>\n\t\t\t\t\t<\/div>\n\t\t<\/section>\n\t\t\t\t<section class=\"elementor-section elementor-top-section elementor-element elementor-element-7095cca elementor-section-boxed elementor-section-height-default elementor-section-height-default\" data-id=\"7095cca\" data-element_type=\"section\" data-e-type=\"section\">\n\t\t\t\t\t\t<div class=\"elementor-container elementor-column-gap-default\">\n\t\t\t\t\t<div class=\"elementor-column elementor-col-33 elementor-top-column elementor-element elementor-element-01cda94\" data-id=\"01cda94\" data-element_type=\"column\" data-e-type=\"column\">\n\t\t\t<div class=\"elementor-widget-wrap elementor-element-populated\">\n\t\t\t\t\t\t<div class=\"elementor-element elementor-element-9bb6130 elementor-widget elementor-widget-image\" data-id=\"9bb6130\" data-element_type=\"widget\" data-e-type=\"widget\" data-widget_type=\"image.default\">\n\t\t\t\t<div class=\"elementor-widget-container\">\n\t\t\t\t\t\t\t\t\t\t\t\t\t\t\t<img decoding=\"async\" width=\"750\" height=\"563\" src=\"https:\/\/lesgaletsdemarion.com\/wp-content\/uploads\/2023\/12\/galet-peint-declinaison-de-bleu-en-poitillisme-planete-1024x768.jpg\" class=\"attachment-large size-large wp-image-2128\" alt=\"galet peint d\u00e9clinaison de bleu en poitillisme plan\u00e8te\" srcset=\"https:\/\/lesgaletsdemarion.com\/wp-content\/uploads\/2023\/12\/galet-peint-declinaison-de-bleu-en-poitillisme-planete-1024x768.jpg 1024w, https:\/\/lesgaletsdemarion.com\/wp-content\/uploads\/2023\/12\/galet-peint-declinaison-de-bleu-en-poitillisme-planete-300x225.jpg 300w, https:\/\/lesgaletsdemarion.com\/wp-content\/uploads\/2023\/12\/galet-peint-declinaison-de-bleu-en-poitillisme-planete-768x576.jpg 768w, https:\/\/lesgaletsdemarion.com\/wp-content\/uploads\/2023\/12\/galet-peint-declinaison-de-bleu-en-poitillisme-planete-1536x1152.jpg 1536w, https:\/\/lesgaletsdemarion.com\/wp-content\/uploads\/2023\/12\/galet-peint-declinaison-de-bleu-en-poitillisme-planete-2048x1536.jpg 2048w, https:\/\/lesgaletsdemarion.com\/wp-content\/uploads\/2023\/12\/galet-peint-declinaison-de-bleu-en-poitillisme-planete-1568x1176.jpg 1568w, https:\/\/lesgaletsdemarion.com\/wp-content\/uploads\/2023\/12\/galet-peint-declinaison-de-bleu-en-poitillisme-planete-600x450.jpg 600w\" sizes=\"(max-width: 750px) 100vw, 750px\" style=\"width:100%;height:75%;max-width:2560px\" \/>\t\t\t\t\t\t\t\t\t\t\t\t\t\t\t<\/div>\n\t\t\t\t<\/div>\n\t\t\t\t<div class=\"elementor-element elementor-element-45b2d07 elementor-widget elementor-widget-image\" data-id=\"45b2d07\" data-element_type=\"widget\" data-e-type=\"widget\" data-widget_type=\"image.default\">\n\t\t\t\t<div class=\"elementor-widget-container\">\n\t\t\t\t\t\t\t\t\t\t\t\t\t\t\t<img decoding=\"async\" width=\"750\" height=\"1000\" src=\"https:\/\/lesgaletsdemarion.com\/wp-content\/uploads\/2023\/12\/galet-peint-motif-abstrait-couleurs-rouge-et-jaune-et-pointillisme-le-volcan-768x1024.jpg\" class=\"attachment-large size-large wp-image-2135\" alt=\"galet peint motif abstrait couleurs rouge et jaune et pointillisme le volcan\" srcset=\"https:\/\/lesgaletsdemarion.com\/wp-content\/uploads\/2023\/12\/galet-peint-motif-abstrait-couleurs-rouge-et-jaune-et-pointillisme-le-volcan-768x1024.jpg 768w, https:\/\/lesgaletsdemarion.com\/wp-content\/uploads\/2023\/12\/galet-peint-motif-abstrait-couleurs-rouge-et-jaune-et-pointillisme-le-volcan-225x300.jpg 225w, https:\/\/lesgaletsdemarion.com\/wp-content\/uploads\/2023\/12\/galet-peint-motif-abstrait-couleurs-rouge-et-jaune-et-pointillisme-le-volcan-1152x1536.jpg 1152w, https:\/\/lesgaletsdemarion.com\/wp-content\/uploads\/2023\/12\/galet-peint-motif-abstrait-couleurs-rouge-et-jaune-et-pointillisme-le-volcan-1536x2048.jpg 1536w, https:\/\/lesgaletsdemarion.com\/wp-content\/uploads\/2023\/12\/galet-peint-motif-abstrait-couleurs-rouge-et-jaune-et-pointillisme-le-volcan-1568x2091.jpg 1568w, https:\/\/lesgaletsdemarion.com\/wp-content\/uploads\/2023\/12\/galet-peint-motif-abstrait-couleurs-rouge-et-jaune-et-pointillisme-le-volcan-600x800.jpg 600w, https:\/\/lesgaletsdemarion.com\/wp-content\/uploads\/2023\/12\/galet-peint-motif-abstrait-couleurs-rouge-et-jaune-et-pointillisme-le-volcan-scaled.jpg 1920w\" sizes=\"(max-width: 750px) 100vw, 750px\" style=\"width:100%;height:133.33%;max-width:1920px\" \/>\t\t\t\t\t\t\t\t\t\t\t\t\t\t\t<\/div>\n\t\t\t\t<\/div>\n\t\t\t\t<div class=\"elementor-element elementor-element-7dc3eb2 elementor-widget elementor-widget-image\" data-id=\"7dc3eb2\" data-element_type=\"widget\" data-e-type=\"widget\" data-widget_type=\"image.default\">\n\t\t\t\t<div class=\"elementor-widget-container\">\n\t\t\t\t\t\t\t\t\t\t\t\t\t\t\t<img loading=\"lazy\" decoding=\"async\" width=\"750\" height=\"750\" src=\"https:\/\/lesgaletsdemarion.com\/wp-content\/uploads\/2023\/12\/galets-peints-bleu-motifs-abstraits-avec-rangees-ocelles-1024x1024.jpg\" class=\"attachment-large size-large wp-image-2141\" alt=\"galets peints bleu motifs abstraits avec rang\u00e9es ocelles\" srcset=\"https:\/\/lesgaletsdemarion.com\/wp-content\/uploads\/2023\/12\/galets-peints-bleu-motifs-abstraits-avec-rangees-ocelles-1024x1024.jpg 1024w, https:\/\/lesgaletsdemarion.com\/wp-content\/uploads\/2023\/12\/galets-peints-bleu-motifs-abstraits-avec-rangees-ocelles-300x300.jpg 300w, https:\/\/lesgaletsdemarion.com\/wp-content\/uploads\/2023\/12\/galets-peints-bleu-motifs-abstraits-avec-rangees-ocelles-150x150.jpg 150w, https:\/\/lesgaletsdemarion.com\/wp-content\/uploads\/2023\/12\/galets-peints-bleu-motifs-abstraits-avec-rangees-ocelles-768x768.jpg 768w, https:\/\/lesgaletsdemarion.com\/wp-content\/uploads\/2023\/12\/galets-peints-bleu-motifs-abstraits-avec-rangees-ocelles-450x450.jpg 450w, https:\/\/lesgaletsdemarion.com\/wp-content\/uploads\/2023\/12\/galets-peints-bleu-motifs-abstraits-avec-rangees-ocelles-600x600.jpg 600w, https:\/\/lesgaletsdemarion.com\/wp-content\/uploads\/2023\/12\/galets-peints-bleu-motifs-abstraits-avec-rangees-ocelles-100x100.jpg 100w, https:\/\/lesgaletsdemarion.com\/wp-content\/uploads\/2023\/12\/galets-peints-bleu-motifs-abstraits-avec-rangees-ocelles.jpg 1080w\" sizes=\"(max-width: 750px) 100vw, 750px\" style=\"width:100%;height:100%;max-width:1080px\" \/>\t\t\t\t\t\t\t\t\t\t\t\t\t\t\t<\/div>\n\t\t\t\t<\/div>\n\t\t\t\t\t<\/div>\n\t\t<\/div>\n\t\t\t\t<div class=\"elementor-column elementor-col-33 elementor-top-column elementor-element elementor-element-06dcf87\" data-id=\"06dcf87\" data-element_type=\"column\" data-e-type=\"column\">\n\t\t\t<div class=\"elementor-widget-wrap elementor-element-populated\">\n\t\t\t\t\t\t<div class=\"elementor-element elementor-element-c3087e6 elementor-widget elementor-widget-image\" data-id=\"c3087e6\" data-element_type=\"widget\" data-e-type=\"widget\" data-widget_type=\"image.default\">\n\t\t\t\t<div class=\"elementor-widget-container\">\n\t\t\t\t\t\t\t\t\t\t\t\t\t\t\t<img loading=\"lazy\" decoding=\"async\" width=\"750\" height=\"750\" src=\"https:\/\/lesgaletsdemarion.com\/wp-content\/uploads\/2023\/12\/galet-peint-differents-couleur-et-pointillisme-bleu-et-violet-et-peinture-doree-1024x1024.jpg\" class=\"attachment-large size-large wp-image-2130\" alt=\"galet peint diff\u00e9rents couleur et pointillisme bleu et violet et peinture dor\u00e9e\" srcset=\"https:\/\/lesgaletsdemarion.com\/wp-content\/uploads\/2023\/12\/galet-peint-differents-couleur-et-pointillisme-bleu-et-violet-et-peinture-doree-1024x1024.jpg 1024w, https:\/\/lesgaletsdemarion.com\/wp-content\/uploads\/2023\/12\/galet-peint-differents-couleur-et-pointillisme-bleu-et-violet-et-peinture-doree-300x300.jpg 300w, https:\/\/lesgaletsdemarion.com\/wp-content\/uploads\/2023\/12\/galet-peint-differents-couleur-et-pointillisme-bleu-et-violet-et-peinture-doree-150x150.jpg 150w, https:\/\/lesgaletsdemarion.com\/wp-content\/uploads\/2023\/12\/galet-peint-differents-couleur-et-pointillisme-bleu-et-violet-et-peinture-doree-768x768.jpg 768w, https:\/\/lesgaletsdemarion.com\/wp-content\/uploads\/2023\/12\/galet-peint-differents-couleur-et-pointillisme-bleu-et-violet-et-peinture-doree-450x450.jpg 450w, https:\/\/lesgaletsdemarion.com\/wp-content\/uploads\/2023\/12\/galet-peint-differents-couleur-et-pointillisme-bleu-et-violet-et-peinture-doree-600x600.jpg 600w, https:\/\/lesgaletsdemarion.com\/wp-content\/uploads\/2023\/12\/galet-peint-differents-couleur-et-pointillisme-bleu-et-violet-et-peinture-doree-100x100.jpg 100w, https:\/\/lesgaletsdemarion.com\/wp-content\/uploads\/2023\/12\/galet-peint-differents-couleur-et-pointillisme-bleu-et-violet-et-peinture-doree.jpg 1080w\" sizes=\"(max-width: 750px) 100vw, 750px\" style=\"width:100%;height:100%;max-width:1080px\" \/>\t\t\t\t\t\t\t\t\t\t\t\t\t\t\t<\/div>\n\t\t\t\t<\/div>\n\t\t\t\t<div class=\"elementor-element elementor-element-a48f5a4 elementor-widget elementor-widget-image\" data-id=\"a48f5a4\" data-element_type=\"widget\" data-e-type=\"widget\" data-widget_type=\"image.default\">\n\t\t\t\t<div class=\"elementor-widget-container\">\n\t\t\t\t\t\t\t\t\t\t\t\t\t\t\t<img loading=\"lazy\" decoding=\"async\" width=\"750\" height=\"429\" src=\"https:\/\/lesgaletsdemarion.com\/wp-content\/uploads\/2025\/06\/galets-peints-collection-abstraits-noir-et-dore-les-galets-de-Marion-scaled-e1749223030754-1024x586.jpg\" class=\"attachment-large size-large wp-image-3254\" alt=\"galets peints collection abstraits noir et dor\u00e9 les galets de Marion\" srcset=\"https:\/\/lesgaletsdemarion.com\/wp-content\/uploads\/2025\/06\/galets-peints-collection-abstraits-noir-et-dore-les-galets-de-Marion-scaled-e1749223030754-1024x586.jpg 1024w, https:\/\/lesgaletsdemarion.com\/wp-content\/uploads\/2025\/06\/galets-peints-collection-abstraits-noir-et-dore-les-galets-de-Marion-scaled-e1749223030754-300x172.jpg 300w, https:\/\/lesgaletsdemarion.com\/wp-content\/uploads\/2025\/06\/galets-peints-collection-abstraits-noir-et-dore-les-galets-de-Marion-scaled-e1749223030754-768x439.jpg 768w, https:\/\/lesgaletsdemarion.com\/wp-content\/uploads\/2025\/06\/galets-peints-collection-abstraits-noir-et-dore-les-galets-de-Marion-scaled-e1749223030754-1536x879.jpg 1536w, https:\/\/lesgaletsdemarion.com\/wp-content\/uploads\/2025\/06\/galets-peints-collection-abstraits-noir-et-dore-les-galets-de-Marion-scaled-e1749223030754-1568x897.jpg 1568w, https:\/\/lesgaletsdemarion.com\/wp-content\/uploads\/2025\/06\/galets-peints-collection-abstraits-noir-et-dore-les-galets-de-Marion-scaled-e1749223030754-600x343.jpg 600w, https:\/\/lesgaletsdemarion.com\/wp-content\/uploads\/2025\/06\/galets-peints-collection-abstraits-noir-et-dore-les-galets-de-Marion-scaled-e1749223030754.jpg 1940w\" sizes=\"(max-width: 750px) 100vw, 750px\" style=\"width:100%;height:57.22%;max-width:1940px\" \/>\t\t\t\t\t\t\t\t\t\t\t\t\t\t\t<\/div>\n\t\t\t\t<\/div>\n\t\t\t\t<div class=\"elementor-element elementor-element-abf32b0 elementor-widget elementor-widget-image\" data-id=\"abf32b0\" data-element_type=\"widget\" data-e-type=\"widget\" data-widget_type=\"image.default\">\n\t\t\t\t<div class=\"elementor-widget-container\">\n\t\t\t\t\t\t\t\t\t\t\t\t\t\t\t<img loading=\"lazy\" decoding=\"async\" width=\"750\" height=\"563\" src=\"https:\/\/lesgaletsdemarion.com\/wp-content\/uploads\/2023\/12\/galets-peint-tete-de-poisson-pointillisme-en-degrade-de-bleu-1024x768.jpg\" class=\"attachment-large size-large wp-image-2140\" alt=\"galets peint tete de poisson pointillisme en d\u00e9grad\u00e9 de bleu\" srcset=\"https:\/\/lesgaletsdemarion.com\/wp-content\/uploads\/2023\/12\/galets-peint-tete-de-poisson-pointillisme-en-degrade-de-bleu-1024x768.jpg 1024w, https:\/\/lesgaletsdemarion.com\/wp-content\/uploads\/2023\/12\/galets-peint-tete-de-poisson-pointillisme-en-degrade-de-bleu-300x225.jpg 300w, https:\/\/lesgaletsdemarion.com\/wp-content\/uploads\/2023\/12\/galets-peint-tete-de-poisson-pointillisme-en-degrade-de-bleu-768x576.jpg 768w, https:\/\/lesgaletsdemarion.com\/wp-content\/uploads\/2023\/12\/galets-peint-tete-de-poisson-pointillisme-en-degrade-de-bleu-1536x1152.jpg 1536w, https:\/\/lesgaletsdemarion.com\/wp-content\/uploads\/2023\/12\/galets-peint-tete-de-poisson-pointillisme-en-degrade-de-bleu-2048x1536.jpg 2048w, https:\/\/lesgaletsdemarion.com\/wp-content\/uploads\/2023\/12\/galets-peint-tete-de-poisson-pointillisme-en-degrade-de-bleu-1568x1176.jpg 1568w, https:\/\/lesgaletsdemarion.com\/wp-content\/uploads\/2023\/12\/galets-peint-tete-de-poisson-pointillisme-en-degrade-de-bleu-600x450.jpg 600w\" sizes=\"(max-width: 750px) 100vw, 750px\" style=\"width:100%;height:75%;max-width:2560px\" \/>\t\t\t\t\t\t\t\t\t\t\t\t\t\t\t<\/div>\n\t\t\t\t<\/div>\n\t\t\t\t\t<\/div>\n\t\t<\/div>\n\t\t\t\t<div class=\"elementor-column elementor-col-33 elementor-top-column elementor-element elementor-element-4ae8198\" data-id=\"4ae8198\" data-element_type=\"column\" data-e-type=\"column\">\n\t\t\t<div class=\"elementor-widget-wrap elementor-element-populated\">\n\t\t\t\t\t\t<div class=\"elementor-element elementor-element-a4741b7 elementor-widget elementor-widget-image\" data-id=\"a4741b7\" data-element_type=\"widget\" data-e-type=\"widget\" data-widget_type=\"image.default\">\n\t\t\t\t<div class=\"elementor-widget-container\">\n\t\t\t\t\t\t\t\t\t\t\t\t\t\t\t<img loading=\"lazy\" decoding=\"async\" width=\"750\" height=\"563\" src=\"https:\/\/lesgaletsdemarion.com\/wp-content\/uploads\/2023\/12\/galet-peint-motifs-abstraits-pointillisme-chemin-de-vie-1024x768.jpg\" class=\"attachment-large size-large wp-image-2138\" alt=\"galet peint motifs abstraits pointillisme chemin de vie\" srcset=\"https:\/\/lesgaletsdemarion.com\/wp-content\/uploads\/2023\/12\/galet-peint-motifs-abstraits-pointillisme-chemin-de-vie-1024x768.jpg 1024w, https:\/\/lesgaletsdemarion.com\/wp-content\/uploads\/2023\/12\/galet-peint-motifs-abstraits-pointillisme-chemin-de-vie-300x225.jpg 300w, https:\/\/lesgaletsdemarion.com\/wp-content\/uploads\/2023\/12\/galet-peint-motifs-abstraits-pointillisme-chemin-de-vie-768x576.jpg 768w, https:\/\/lesgaletsdemarion.com\/wp-content\/uploads\/2023\/12\/galet-peint-motifs-abstraits-pointillisme-chemin-de-vie-1536x1152.jpg 1536w, https:\/\/lesgaletsdemarion.com\/wp-content\/uploads\/2023\/12\/galet-peint-motifs-abstraits-pointillisme-chemin-de-vie-2048x1536.jpg 2048w, https:\/\/lesgaletsdemarion.com\/wp-content\/uploads\/2023\/12\/galet-peint-motifs-abstraits-pointillisme-chemin-de-vie-1568x1176.jpg 1568w, https:\/\/lesgaletsdemarion.com\/wp-content\/uploads\/2023\/12\/galet-peint-motifs-abstraits-pointillisme-chemin-de-vie-600x450.jpg 600w\" sizes=\"(max-width: 750px) 100vw, 750px\" style=\"width:100%;height:75%;max-width:2560px\" \/>\t\t\t\t\t\t\t\t\t\t\t\t\t\t\t<\/div>\n\t\t\t\t<\/div>\n\t\t\t\t<div class=\"elementor-element elementor-element-4560c84 elementor-widget elementor-widget-image\" data-id=\"4560c84\" data-element_type=\"widget\" data-e-type=\"widget\" data-widget_type=\"image.default\">\n\t\t\t\t<div class=\"elementor-widget-container\">\n\t\t\t\t\t\t\t\t\t\t\t\t\t\t\t<img loading=\"lazy\" decoding=\"async\" width=\"723\" height=\"1024\" src=\"https:\/\/lesgaletsdemarion.com\/wp-content\/uploads\/2023\/12\/galet-peint-declinaisons-de-bleu-en-poitillisme-723x1024.jpg\" class=\"attachment-large size-large wp-image-2129\" alt=\"galet peint d\u00e9clinaisons de bleu en poitillisme\" srcset=\"https:\/\/lesgaletsdemarion.com\/wp-content\/uploads\/2023\/12\/galet-peint-declinaisons-de-bleu-en-poitillisme-723x1024.jpg 723w, https:\/\/lesgaletsdemarion.com\/wp-content\/uploads\/2023\/12\/galet-peint-declinaisons-de-bleu-en-poitillisme-212x300.jpg 212w, https:\/\/lesgaletsdemarion.com\/wp-content\/uploads\/2023\/12\/galet-peint-declinaisons-de-bleu-en-poitillisme-768x1088.jpg 768w, https:\/\/lesgaletsdemarion.com\/wp-content\/uploads\/2023\/12\/galet-peint-declinaisons-de-bleu-en-poitillisme-1084x1536.jpg 1084w, https:\/\/lesgaletsdemarion.com\/wp-content\/uploads\/2023\/12\/galet-peint-declinaisons-de-bleu-en-poitillisme-1446x2048.jpg 1446w, https:\/\/lesgaletsdemarion.com\/wp-content\/uploads\/2023\/12\/galet-peint-declinaisons-de-bleu-en-poitillisme-1568x2221.jpg 1568w, https:\/\/lesgaletsdemarion.com\/wp-content\/uploads\/2023\/12\/galet-peint-declinaisons-de-bleu-en-poitillisme-600x850.jpg 600w, https:\/\/lesgaletsdemarion.com\/wp-content\/uploads\/2023\/12\/galet-peint-declinaisons-de-bleu-en-poitillisme-scaled.jpg 1807w\" sizes=\"(max-width: 723px) 100vw, 723px\" style=\"width:100%;height:141.67%;max-width:1807px\" \/>\t\t\t\t\t\t\t\t\t\t\t\t\t\t\t<\/div>\n\t\t\t\t<\/div>\n\t\t\t\t<div class=\"elementor-element elementor-element-6046727 elementor-widget elementor-widget-image\" data-id=\"6046727\" data-element_type=\"widget\" data-e-type=\"widget\" data-widget_type=\"image.default\">\n\t\t\t\t<div class=\"elementor-widget-container\">\n\t\t\t\t\t\t\t\t\t\t\t\t\t\t\t<img loading=\"lazy\" decoding=\"async\" width=\"750\" height=\"563\" src=\"https:\/\/lesgaletsdemarion.com\/wp-content\/uploads\/2023\/12\/galet-peint-fond-bleu-et-pointillisme-nuit-celeste-1024x768.jpg\" class=\"attachment-large size-large wp-image-2131\" alt=\"galet peint fond bleu et pointillisme nuit c\u00e9leste\" srcset=\"https:\/\/lesgaletsdemarion.com\/wp-content\/uploads\/2023\/12\/galet-peint-fond-bleu-et-pointillisme-nuit-celeste-1024x768.jpg 1024w, https:\/\/lesgaletsdemarion.com\/wp-content\/uploads\/2023\/12\/galet-peint-fond-bleu-et-pointillisme-nuit-celeste-300x225.jpg 300w, https:\/\/lesgaletsdemarion.com\/wp-content\/uploads\/2023\/12\/galet-peint-fond-bleu-et-pointillisme-nuit-celeste-768x576.jpg 768w, https:\/\/lesgaletsdemarion.com\/wp-content\/uploads\/2023\/12\/galet-peint-fond-bleu-et-pointillisme-nuit-celeste-1536x1152.jpg 1536w, https:\/\/lesgaletsdemarion.com\/wp-content\/uploads\/2023\/12\/galet-peint-fond-bleu-et-pointillisme-nuit-celeste-2048x1536.jpg 2048w, https:\/\/lesgaletsdemarion.com\/wp-content\/uploads\/2023\/12\/galet-peint-fond-bleu-et-pointillisme-nuit-celeste-1568x1176.jpg 1568w, https:\/\/lesgaletsdemarion.com\/wp-content\/uploads\/2023\/12\/galet-peint-fond-bleu-et-pointillisme-nuit-celeste-600x450.jpg 600w\" sizes=\"(max-width: 750px) 100vw, 750px\" style=\"width:100%;height:75%;max-width:2560px\" \/>\t\t\t\t\t\t\t\t\t\t\t\t\t\t\t<\/div>\n\t\t\t\t<\/div>\n\t\t\t\t\t<\/div>\n\t\t<\/div>\n\t\t\t\t\t<\/div>\n\t\t<\/section>\n\t\t\t\t<section class=\"elementor-section elementor-top-section elementor-element elementor-element-a60b86e elementor-section-boxed elementor-section-height-default elementor-section-height-default\" data-id=\"a60b86e\" data-element_type=\"section\" data-e-type=\"section\">\n\t\t\t\t\t\t<div class=\"elementor-container elementor-column-gap-default\">\n\t\t\t\t\t<div class=\"elementor-column elementor-col-100 elementor-top-column elementor-element elementor-element-0371d90\" data-id=\"0371d90\" data-element_type=\"column\" data-e-type=\"column\">\n\t\t\t<div class=\"elementor-widget-wrap elementor-element-populated\">\n\t\t\t\t\t\t<div class=\"elementor-element elementor-element-6da843e elementor-widget elementor-widget-text-editor\" data-id=\"6da843e\" data-element_type=\"widget\" data-e-type=\"widget\" data-widget_type=\"text-editor.default\">\n\t\t\t\t<div class=\"elementor-widget-container\">\n\t\t\t\t\t\t\t\t\t<p>Tous les cadres sont exp\u00e9di\u00e9s sans vitre et disponibles en 3 couleurs : blanc, noir ou bois.<\/p><p>Pour la <span style=\"text-decoration: underline;\">livraison<\/span> (<strong>Mondial Relay<\/strong>),\u00a0 pr\u00e9voir un <span style=\"text-decoration: underline;\">suppl\u00e9ment de <strong>5\u20ac<\/strong><\/span><\/p>\t\t\t\t\t\t\t\t<\/div>\n\t\t\t\t<\/div>\n\t\t\t\t\t<\/div>\n\t\t<\/div>\n\t\t\t\t\t<\/div>\n\t\t<\/section>\n\t\t\t\t<\/div>\n\t\t","protected":false},"excerpt":{"rendered":"<p>Les galets peints abstraits lorsque la nature et l&rsquo;art ne font plus qu&rsquo;un&#8230; Cr\u00e9ations uniques \u00e0 prix variables selon mod\u00e8le de 25 \u00e0 50\u20ac Tous les cadres sont exp\u00e9di\u00e9s sans vitre et disponibles en 3 couleurs : blanc, noir ou bois. Pour la livraison (Mondial Relay),\u00a0 pr\u00e9voir un suppl\u00e9ment de 5\u20ac<\/p>\n","protected":false},"author":1,"featured_media":0,"parent":0,"menu_order":0,"comment_status":"closed","ping_status":"closed","template":"elementor_header_footer","meta":{"footnotes":""},"class_list":["post-1660","page","type-page","status-publish","hentry","entry"],"yoast_head":"<!-- This site is optimized with the Yoast SEO plugin v27.5 - https:\/\/yoast.com\/product\/yoast-seo-wordpress\/ -->\n<title>Les galets peints abstraits - Les Galets de Marion<\/title>\n<meta name=\"robots\" content=\"index, follow, max-snippet:-1, max-image-preview:large, max-video-preview:-1\" \/>\n<link rel=\"canonical\" href=\"https:\/\/lesgaletsdemarion.com\/index.php\/les-galets-peints-abstraits\/\" \/>\n<meta property=\"og:locale\" content=\"fr_FR\" \/>\n<meta property=\"og:type\" content=\"article\" \/>\n<meta property=\"og:title\" content=\"Les galets peints abstraits - Les Galets de Marion\" \/>\n<meta property=\"og:description\" content=\"Les galets peints abstraits lorsque la nature et l&rsquo;art ne font plus qu&rsquo;un&#8230; Cr\u00e9ations uniques \u00e0 prix variables selon mod\u00e8le de 25 \u00e0 50\u20ac Tous les cadres sont exp\u00e9di\u00e9s sans vitre et disponibles en 3 couleurs : blanc, noir ou bois. Pour la livraison (Mondial Relay),\u00a0 pr\u00e9voir un suppl\u00e9ment de 5\u20ac\" \/>\n<meta property=\"og:url\" content=\"https:\/\/lesgaletsdemarion.com\/index.php\/les-galets-peints-abstraits\/\" \/>\n<meta property=\"og:site_name\" content=\"Les Galets de Marion\" \/>\n<meta property=\"article:publisher\" content=\"https:\/\/www.facebook.com\/lesgaletsdemarion\/\" \/>\n<meta property=\"article:modified_time\" content=\"2025-06-06T15:22:18+00:00\" \/>\n<meta property=\"og:image\" content=\"https:\/\/lesgaletsdemarion.com\/wp-content\/uploads\/2023\/11\/Les-galets-peints-abstraits-768x1086.png\" \/>\n<meta name=\"twitter:card\" content=\"summary_large_image\" \/>\n<meta name=\"twitter:label1\" content=\"Dur\u00e9e de lecture estim\u00e9e\" \/>\n\t<meta name=\"twitter:data1\" content=\"3 minutes\" \/>\n<script type=\"application\/ld+json\" class=\"yoast-schema-graph\">{\"@context\":\"https:\\\/\\\/schema.org\",\"@graph\":[{\"@type\":\"WebPage\",\"@id\":\"https:\\\/\\\/lesgaletsdemarion.com\\\/index.php\\\/les-galets-peints-abstraits\\\/\",\"url\":\"https:\\\/\\\/lesgaletsdemarion.com\\\/index.php\\\/les-galets-peints-abstraits\\\/\",\"name\":\"Les galets peints abstraits - Les Galets de Marion\",\"isPartOf\":{\"@id\":\"https:\\\/\\\/lesgaletsdemarion.com\\\/#website\"},\"primaryImageOfPage\":{\"@id\":\"https:\\\/\\\/lesgaletsdemarion.com\\\/index.php\\\/les-galets-peints-abstraits\\\/#primaryimage\"},\"image\":{\"@id\":\"https:\\\/\\\/lesgaletsdemarion.com\\\/index.php\\\/les-galets-peints-abstraits\\\/#primaryimage\"},\"thumbnailUrl\":\"https:\\\/\\\/lesgaletsdemarion.com\\\/wp-content\\\/uploads\\\/2023\\\/11\\\/Les-galets-peints-abstraits-768x1086.png\",\"datePublished\":\"2023-11-05T15:57:29+00:00\",\"dateModified\":\"2025-06-06T15:22:18+00:00\",\"breadcrumb\":{\"@id\":\"https:\\\/\\\/lesgaletsdemarion.com\\\/index.php\\\/les-galets-peints-abstraits\\\/#breadcrumb\"},\"inLanguage\":\"fr-FR\",\"potentialAction\":[{\"@type\":\"ReadAction\",\"target\":[\"https:\\\/\\\/lesgaletsdemarion.com\\\/index.php\\\/les-galets-peints-abstraits\\\/\"]}]},{\"@type\":\"ImageObject\",\"inLanguage\":\"fr-FR\",\"@id\":\"https:\\\/\\\/lesgaletsdemarion.com\\\/index.php\\\/les-galets-peints-abstraits\\\/#primaryimage\",\"url\":\"https:\\\/\\\/lesgaletsdemarion.com\\\/wp-content\\\/uploads\\\/2023\\\/11\\\/Les-galets-peints-abstraits.png\",\"contentUrl\":\"https:\\\/\\\/lesgaletsdemarion.com\\\/wp-content\\\/uploads\\\/2023\\\/11\\\/Les-galets-peints-abstraits.png\",\"width\":1587,\"height\":2245},{\"@type\":\"BreadcrumbList\",\"@id\":\"https:\\\/\\\/lesgaletsdemarion.com\\\/index.php\\\/les-galets-peints-abstraits\\\/#breadcrumb\",\"itemListElement\":[{\"@type\":\"ListItem\",\"position\":1,\"name\":\"Accueil\",\"item\":\"https:\\\/\\\/lesgaletsdemarion.com\\\/\"},{\"@type\":\"ListItem\",\"position\":2,\"name\":\"Les galets peints abstraits\"}]},{\"@type\":\"WebSite\",\"@id\":\"https:\\\/\\\/lesgaletsdemarion.com\\\/#website\",\"url\":\"https:\\\/\\\/lesgaletsdemarion.com\\\/\",\"name\":\"Les Galets de Marion\",\"description\":\"Cr\u00e9ations de peinture sur galets animation d&#039;ateliers loisirs cr\u00e9atifs et d&#039;anniversaire cr\u00e9atifs sur Marseille\",\"publisher\":{\"@id\":\"https:\\\/\\\/lesgaletsdemarion.com\\\/#organization\"},\"potentialAction\":[{\"@type\":\"SearchAction\",\"target\":{\"@type\":\"EntryPoint\",\"urlTemplate\":\"https:\\\/\\\/lesgaletsdemarion.com\\\/?s={search_term_string}\"},\"query-input\":{\"@type\":\"PropertyValueSpecification\",\"valueRequired\":true,\"valueName\":\"search_term_string\"}}],\"inLanguage\":\"fr-FR\"},{\"@type\":\"Organization\",\"@id\":\"https:\\\/\\\/lesgaletsdemarion.com\\\/#organization\",\"name\":\"Les Galets de Marion\",\"url\":\"https:\\\/\\\/lesgaletsdemarion.com\\\/\",\"logo\":{\"@type\":\"ImageObject\",\"inLanguage\":\"fr-FR\",\"@id\":\"https:\\\/\\\/lesgaletsdemarion.com\\\/#\\\/schema\\\/logo\\\/image\\\/\",\"url\":\"https:\\\/\\\/lesgaletsdemarion.com\\\/wp-content\\\/uploads\\\/2023\\\/08\\\/Logo_GDM_Bleu.png\",\"contentUrl\":\"https:\\\/\\\/lesgaletsdemarion.com\\\/wp-content\\\/uploads\\\/2023\\\/08\\\/Logo_GDM_Bleu.png\",\"width\":927,\"height\":926,\"caption\":\"Les Galets de Marion\"},\"image\":{\"@id\":\"https:\\\/\\\/lesgaletsdemarion.com\\\/#\\\/schema\\\/logo\\\/image\\\/\"},\"sameAs\":[\"https:\\\/\\\/www.facebook.com\\\/lesgaletsdemarion\\\/\",\"https:\\\/\\\/www.instagram.com\\\/lesgaletsdemarion\\\/\"]}]}<\/script>\n<!-- \/ Yoast SEO plugin. -->","yoast_head_json":{"title":"Les galets peints abstraits - Les Galets de Marion","robots":{"index":"index","follow":"follow","max-snippet":"max-snippet:-1","max-image-preview":"max-image-preview:large","max-video-preview":"max-video-preview:-1"},"canonical":"https:\/\/lesgaletsdemarion.com\/index.php\/les-galets-peints-abstraits\/","og_locale":"fr_FR","og_type":"article","og_title":"Les galets peints abstraits - Les Galets de Marion","og_description":"Les galets peints abstraits lorsque la nature et l&rsquo;art ne font plus qu&rsquo;un&#8230; Cr\u00e9ations uniques \u00e0 prix variables selon mod\u00e8le de 25 \u00e0 50\u20ac Tous les cadres sont exp\u00e9di\u00e9s sans vitre et disponibles en 3 couleurs : blanc, noir ou bois. Pour la livraison (Mondial Relay),\u00a0 pr\u00e9voir un suppl\u00e9ment de 5\u20ac","og_url":"https:\/\/lesgaletsdemarion.com\/index.php\/les-galets-peints-abstraits\/","og_site_name":"Les Galets de Marion","article_publisher":"https:\/\/www.facebook.com\/lesgaletsdemarion\/","article_modified_time":"2025-06-06T15:22:18+00:00","og_image":[{"url":"https:\/\/lesgaletsdemarion.com\/wp-content\/uploads\/2023\/11\/Les-galets-peints-abstraits-768x1086.png","type":"","width":"","height":""}],"twitter_card":"summary_large_image","twitter_misc":{"Dur\u00e9e de lecture estim\u00e9e":"3 minutes"},"schema":{"@context":"https:\/\/schema.org","@graph":[{"@type":"WebPage","@id":"https:\/\/lesgaletsdemarion.com\/index.php\/les-galets-peints-abstraits\/","url":"https:\/\/lesgaletsdemarion.com\/index.php\/les-galets-peints-abstraits\/","name":"Les galets peints abstraits - Les Galets de Marion","isPartOf":{"@id":"https:\/\/lesgaletsdemarion.com\/#website"},"primaryImageOfPage":{"@id":"https:\/\/lesgaletsdemarion.com\/index.php\/les-galets-peints-abstraits\/#primaryimage"},"image":{"@id":"https:\/\/lesgaletsdemarion.com\/index.php\/les-galets-peints-abstraits\/#primaryimage"},"thumbnailUrl":"https:\/\/lesgaletsdemarion.com\/wp-content\/uploads\/2023\/11\/Les-galets-peints-abstraits-768x1086.png","datePublished":"2023-11-05T15:57:29+00:00","dateModified":"2025-06-06T15:22:18+00:00","breadcrumb":{"@id":"https:\/\/lesgaletsdemarion.com\/index.php\/les-galets-peints-abstraits\/#breadcrumb"},"inLanguage":"fr-FR","potentialAction":[{"@type":"ReadAction","target":["https:\/\/lesgaletsdemarion.com\/index.php\/les-galets-peints-abstraits\/"]}]},{"@type":"ImageObject","inLanguage":"fr-FR","@id":"https:\/\/lesgaletsdemarion.com\/index.php\/les-galets-peints-abstraits\/#primaryimage","url":"https:\/\/lesgaletsdemarion.com\/wp-content\/uploads\/2023\/11\/Les-galets-peints-abstraits.png","contentUrl":"https:\/\/lesgaletsdemarion.com\/wp-content\/uploads\/2023\/11\/Les-galets-peints-abstraits.png","width":1587,"height":2245},{"@type":"BreadcrumbList","@id":"https:\/\/lesgaletsdemarion.com\/index.php\/les-galets-peints-abstraits\/#breadcrumb","itemListElement":[{"@type":"ListItem","position":1,"name":"Accueil","item":"https:\/\/lesgaletsdemarion.com\/"},{"@type":"ListItem","position":2,"name":"Les galets peints abstraits"}]},{"@type":"WebSite","@id":"https:\/\/lesgaletsdemarion.com\/#website","url":"https:\/\/lesgaletsdemarion.com\/","name":"Les Galets de Marion","description":"Cr\u00e9ations de peinture sur galets animation d&#039;ateliers loisirs cr\u00e9atifs et d&#039;anniversaire cr\u00e9atifs sur Marseille","publisher":{"@id":"https:\/\/lesgaletsdemarion.com\/#organization"},"potentialAction":[{"@type":"SearchAction","target":{"@type":"EntryPoint","urlTemplate":"https:\/\/lesgaletsdemarion.com\/?s={search_term_string}"},"query-input":{"@type":"PropertyValueSpecification","valueRequired":true,"valueName":"search_term_string"}}],"inLanguage":"fr-FR"},{"@type":"Organization","@id":"https:\/\/lesgaletsdemarion.com\/#organization","name":"Les Galets de Marion","url":"https:\/\/lesgaletsdemarion.com\/","logo":{"@type":"ImageObject","inLanguage":"fr-FR","@id":"https:\/\/lesgaletsdemarion.com\/#\/schema\/logo\/image\/","url":"https:\/\/lesgaletsdemarion.com\/wp-content\/uploads\/2023\/08\/Logo_GDM_Bleu.png","contentUrl":"https:\/\/lesgaletsdemarion.com\/wp-content\/uploads\/2023\/08\/Logo_GDM_Bleu.png","width":927,"height":926,"caption":"Les Galets de Marion"},"image":{"@id":"https:\/\/lesgaletsdemarion.com\/#\/schema\/logo\/image\/"},"sameAs":["https:\/\/www.facebook.com\/lesgaletsdemarion\/","https:\/\/www.instagram.com\/lesgaletsdemarion\/"]}]}},"_links":{"self":[{"href":"https:\/\/lesgaletsdemarion.com\/index.php\/wp-json\/wp\/v2\/pages\/1660","targetHints":{"allow":["GET"]}}],"collection":[{"href":"https:\/\/lesgaletsdemarion.com\/index.php\/wp-json\/wp\/v2\/pages"}],"about":[{"href":"https:\/\/lesgaletsdemarion.com\/index.php\/wp-json\/wp\/v2\/types\/page"}],"author":[{"embeddable":true,"href":"https:\/\/lesgaletsdemarion.com\/index.php\/wp-json\/wp\/v2\/users\/1"}],"replies":[{"embeddable":true,"href":"https:\/\/lesgaletsdemarion.com\/index.php\/wp-json\/wp\/v2\/comments?post=1660"}],"version-history":[{"count":19,"href":"https:\/\/lesgaletsdemarion.com\/index.php\/wp-json\/wp\/v2\/pages\/1660\/revisions"}],"predecessor-version":[{"id":3257,"href":"https:\/\/lesgaletsdemarion.com\/index.php\/wp-json\/wp\/v2\/pages\/1660\/revisions\/3257"}],"wp:attachment":[{"href":"https:\/\/lesgaletsdemarion.com\/index.php\/wp-json\/wp\/v2\/media?parent=1660"}],"curies":[{"name":"wp","href":"https:\/\/api.w.org\/{rel}","templated":true}]}}