{"id":1606,"date":"2023-11-04T23:08:33","date_gmt":"2023-11-04T22:08:33","guid":{"rendered":"https:\/\/lesgaletsdemarion.com\/?page_id=1606"},"modified":"2023-11-04T23:12:15","modified_gmt":"2023-11-04T22:12:15","slug":"lactu-des-galets","status":"publish","type":"page","link":"https:\/\/lesgaletsdemarion.com\/index.php\/lactu-des-galets\/","title":{"rendered":"L&rsquo;Actu des Galets"},"content":{"rendered":"\t\t<div data-elementor-type=\"wp-page\" data-elementor-id=\"1606\" class=\"elementor elementor-1606\" data-elementor-post-type=\"page\">\n\t\t\t\t\t\t<section class=\"elementor-section elementor-top-section elementor-element elementor-element-8077c0a elementor-section-boxed elementor-section-height-default elementor-section-height-default\" data-id=\"8077c0a\" data-element_type=\"section\" data-e-type=\"section\">\n\t\t\t\t\t\t<div class=\"elementor-container elementor-column-gap-default\">\n\t\t\t\t\t<div class=\"elementor-column elementor-col-100 elementor-top-column elementor-element elementor-element-e79aa97\" data-id=\"e79aa97\" data-element_type=\"column\" data-e-type=\"column\">\n\t\t\t<div class=\"elementor-widget-wrap elementor-element-populated\">\n\t\t\t\t\t\t<div class=\"elementor-element elementor-element-24f7683 elementor-grid-1 elementor-grid-tablet-2 elementor-grid-mobile-1 elementor-posts--thumbnail-top elementor-posts--show-avatar elementor-card-shadow-yes elementor-posts__hover-gradient elementor-widget elementor-widget-posts\" data-id=\"24f7683\" data-element_type=\"widget\" data-e-type=\"widget\" data-settings=\"{&quot;cards_columns&quot;:&quot;1&quot;,&quot;cards_columns_tablet&quot;:&quot;2&quot;,&quot;cards_columns_mobile&quot;:&quot;1&quot;,&quot;cards_row_gap&quot;:{&quot;unit&quot;:&quot;px&quot;,&quot;size&quot;:35,&quot;sizes&quot;:[]},&quot;cards_row_gap_tablet&quot;:{&quot;unit&quot;:&quot;px&quot;,&quot;size&quot;:&quot;&quot;,&quot;sizes&quot;:[]},&quot;cards_row_gap_mobile&quot;:{&quot;unit&quot;:&quot;px&quot;,&quot;size&quot;:&quot;&quot;,&quot;sizes&quot;:[]}}\" data-widget_type=\"posts.cards\">\n\t\t\t\t<div class=\"elementor-widget-container\">\n\t\t\t\t\t\t\t<div class=\"elementor-posts-container elementor-posts elementor-posts--skin-cards elementor-grid\" role=\"list\">\n\t\t\t\t<article class=\"elementor-post elementor-grid-item post-3944 post type-post status-publish format-standard has-post-thumbnail hentry category-blog entry\" role=\"listitem\">\n\t\t\t<div class=\"elementor-post__card\">\n\t\t\t\t<a class=\"elementor-post__thumbnail__link\" href=\"https:\/\/lesgaletsdemarion.com\/index.php\/2026\/04\/03\/ateliers-de-loisirs-creatifs-vacances-avrils-2026-a-marseille-9eme\/\" tabindex=\"-1\" ><div class=\"elementor-post__thumbnail\"><img fetchpriority=\"high\" decoding=\"async\" width=\"300\" height=\"210\" src=\"https:\/\/lesgaletsdemarion.com\/wp-content\/uploads\/2026\/04\/Sans-titre-300x210.png\" class=\"attachment-medium size-medium wp-image-3942\" alt=\"cadre cr\u00e9ation peinture sur galets version Emilie ambiance tropiques\" srcset=\"https:\/\/lesgaletsdemarion.com\/wp-content\/uploads\/2026\/04\/Sans-titre-300x210.png 300w, https:\/\/lesgaletsdemarion.com\/wp-content\/uploads\/2026\/04\/Sans-titre-768x539.png 768w, https:\/\/lesgaletsdemarion.com\/wp-content\/uploads\/2026\/04\/Sans-titre-600x421.png 600w, https:\/\/lesgaletsdemarion.com\/wp-content\/uploads\/2026\/04\/Sans-titre.png 807w\" sizes=\"(max-width: 300px) 100vw, 300px\" style=\"width:100%;height:70.14%;max-width:807px;\" \/><\/div><\/a>\n\t\t\t\t<div class=\"elementor-post__badge\">Blog<\/div>\n\t\t\t\t<div class=\"elementor-post__avatar\">\n\t\t\t<img alt='lesgaletsdemarion' src='https:\/\/secure.gravatar.com\/avatar\/f0a4ccafbd6d8196c3cc5f474bf445831ba860c6628564a91474cc3e5a30431c?s=128&#038;d=mm&#038;r=g' srcset='https:\/\/secure.gravatar.com\/avatar\/f0a4ccafbd6d8196c3cc5f474bf445831ba860c6628564a91474cc3e5a30431c?s=256&#038;d=mm&#038;r=g 2x' class='avatar avatar-128 photo' height='128' width='128' \/>\t\t<\/div>\n\t\t\t\t<div class=\"elementor-post__text\">\n\t\t\t\t<h1 class=\"elementor-post__title\">\n\t\t\t<a href=\"https:\/\/lesgaletsdemarion.com\/index.php\/2026\/04\/03\/ateliers-de-loisirs-creatifs-vacances-avrils-2026-a-marseille-9eme\/\" >\n\t\t\t\tAteliers de loisirs cr\u00e9atifs vacances avril 2026 \u00e0 Marseille 9\u00e8me\t\t\t<\/a>\n\t\t<\/h1>\n\t\t\n\t\t<a class=\"elementor-post__read-more\" href=\"https:\/\/lesgaletsdemarion.com\/index.php\/2026\/04\/03\/ateliers-de-loisirs-creatifs-vacances-avrils-2026-a-marseille-9eme\/\" aria-label=\"En savoir plus sur Ateliers de loisirs cr\u00e9atifs vacances avril 2026 \u00e0 Marseille 9\u00e8me\" tabindex=\"-1\" >\n\t\t\tLire la suite \u00bb\t\t<\/a>\n\n\t\t\t\t<\/div>\n\t\t\t\t<div class=\"elementor-post__meta-data\">\n\t\t\t\t\t<span class=\"elementor-post-date\">\n\t\t\t3 avril 2026\t\t<\/span>\n\t\t\t\t<span class=\"elementor-post-avatar\">\n\t\t\tAucun commentaire\t\t<\/span>\n\t\t\t\t<\/div>\n\t\t\t\t\t<\/div>\n\t\t<\/article>\n\t\t\t\t<article class=\"elementor-post elementor-grid-item post-3931 post type-post status-publish format-standard has-post-thumbnail hentry category-blog entry\" role=\"listitem\">\n\t\t\t<div class=\"elementor-post__card\">\n\t\t\t\t<a class=\"elementor-post__thumbnail__link\" href=\"https:\/\/lesgaletsdemarion.com\/index.php\/2026\/04\/03\/%f0%9f%8e%a8-les-galets-de-marion-ateliers-creatifs-a-marseille-avril-2026\/\" tabindex=\"-1\" ><div class=\"elementor-post__thumbnail\"><img decoding=\"async\" width=\"300\" height=\"197\" src=\"https:\/\/lesgaletsdemarion.com\/wp-content\/uploads\/2026\/03\/Sans-titre-e1774469760589-300x197.png\" class=\"attachment-medium size-medium wp-image-3869\" alt=\"cadre personnalis\u00e9 peintre sur galets prestation anniversaire les galets de Marion Mod\u00e8le d&#039;Emilie oiseaux tropicaux\" srcset=\"https:\/\/lesgaletsdemarion.com\/wp-content\/uploads\/2026\/03\/Sans-titre-e1774469760589-300x197.png 300w, https:\/\/lesgaletsdemarion.com\/wp-content\/uploads\/2026\/03\/Sans-titre-e1774469760589-768x503.png 768w, https:\/\/lesgaletsdemarion.com\/wp-content\/uploads\/2026\/03\/Sans-titre-e1774469760589-600x393.png 600w, https:\/\/lesgaletsdemarion.com\/wp-content\/uploads\/2026\/03\/Sans-titre-e1774469760589.png 807w\" sizes=\"(max-width: 300px) 100vw, 300px\" style=\"width:100%;height:65.55%;max-width:807px;\" \/><\/div><\/a>\n\t\t\t\t<div class=\"elementor-post__badge\">Blog<\/div>\n\t\t\t\t<div class=\"elementor-post__avatar\">\n\t\t\t<img alt='lesgaletsdemarion' src='https:\/\/secure.gravatar.com\/avatar\/f0a4ccafbd6d8196c3cc5f474bf445831ba860c6628564a91474cc3e5a30431c?s=128&#038;d=mm&#038;r=g' srcset='https:\/\/secure.gravatar.com\/avatar\/f0a4ccafbd6d8196c3cc5f474bf445831ba860c6628564a91474cc3e5a30431c?s=256&#038;d=mm&#038;r=g 2x' class='avatar avatar-128 photo' height='128' width='128' \/>\t\t<\/div>\n\t\t\t\t<div class=\"elementor-post__text\">\n\t\t\t\t<h1 class=\"elementor-post__title\">\n\t\t\t<a href=\"https:\/\/lesgaletsdemarion.com\/index.php\/2026\/04\/03\/%f0%9f%8e%a8-les-galets-de-marion-ateliers-creatifs-a-marseille-avril-2026\/\" >\n\t\t\t\t\ud83c\udfa8 Les galets de Marion : Ateliers cr\u00e9atifs \u00e0 Marseille (Avril 2026)\t\t\t<\/a>\n\t\t<\/h1>\n\t\t\n\t\t<a class=\"elementor-post__read-more\" href=\"https:\/\/lesgaletsdemarion.com\/index.php\/2026\/04\/03\/%f0%9f%8e%a8-les-galets-de-marion-ateliers-creatifs-a-marseille-avril-2026\/\" aria-label=\"En savoir plus sur \ud83c\udfa8 Les galets de Marion : Ateliers cr\u00e9atifs \u00e0 Marseille (Avril 2026)\" tabindex=\"-1\" >\n\t\t\tLire la suite \u00bb\t\t<\/a>\n\n\t\t\t\t<\/div>\n\t\t\t\t<div class=\"elementor-post__meta-data\">\n\t\t\t\t\t<span class=\"elementor-post-date\">\n\t\t\t3 avril 2026\t\t<\/span>\n\t\t\t\t<span class=\"elementor-post-avatar\">\n\t\t\tAucun commentaire\t\t<\/span>\n\t\t\t\t<\/div>\n\t\t\t\t\t<\/div>\n\t\t<\/article>\n\t\t\t\t<article class=\"elementor-post elementor-grid-item post-3751 post type-post status-publish format-standard has-post-thumbnail hentry category-blog entry\" role=\"listitem\">\n\t\t\t<div class=\"elementor-post__card\">\n\t\t\t\t<a class=\"elementor-post__thumbnail__link\" href=\"https:\/\/lesgaletsdemarion.com\/index.php\/2026\/03\/11\/les-bienfaits-des-echanges-intergenerationnels-a-travers-la-peinture-sur-galets-marseille\/\" tabindex=\"-1\" ><div class=\"elementor-post__thumbnail\"><img decoding=\"async\" width=\"225\" height=\"300\" src=\"https:\/\/lesgaletsdemarion.com\/wp-content\/uploads\/2026\/03\/cadre-galets-peints-arbre-genealogique-creation-intergenerationelle-les-galets-de-Marion-Marseille-225x300.jpg\" class=\"attachment-medium size-medium wp-image-3780\" alt=\"cadre galets peints arbre g\u00e9n\u00e9alogique cr\u00e9ation interg\u00e9n\u00e9rationelle les galets de Marion Marseille\" srcset=\"https:\/\/lesgaletsdemarion.com\/wp-content\/uploads\/2026\/03\/cadre-galets-peints-arbre-genealogique-creation-intergenerationelle-les-galets-de-Marion-Marseille-225x300.jpg 225w, https:\/\/lesgaletsdemarion.com\/wp-content\/uploads\/2026\/03\/cadre-galets-peints-arbre-genealogique-creation-intergenerationelle-les-galets-de-Marion-Marseille-768x1024.jpg 768w, https:\/\/lesgaletsdemarion.com\/wp-content\/uploads\/2026\/03\/cadre-galets-peints-arbre-genealogique-creation-intergenerationelle-les-galets-de-Marion-Marseille-1152x1536.jpg 1152w, https:\/\/lesgaletsdemarion.com\/wp-content\/uploads\/2026\/03\/cadre-galets-peints-arbre-genealogique-creation-intergenerationelle-les-galets-de-Marion-Marseille-1536x2048.jpg 1536w, https:\/\/lesgaletsdemarion.com\/wp-content\/uploads\/2026\/03\/cadre-galets-peints-arbre-genealogique-creation-intergenerationelle-les-galets-de-Marion-Marseille-1568x2091.jpg 1568w, https:\/\/lesgaletsdemarion.com\/wp-content\/uploads\/2026\/03\/cadre-galets-peints-arbre-genealogique-creation-intergenerationelle-les-galets-de-Marion-Marseille-600x800.jpg 600w, https:\/\/lesgaletsdemarion.com\/wp-content\/uploads\/2026\/03\/cadre-galets-peints-arbre-genealogique-creation-intergenerationelle-les-galets-de-Marion-Marseille-scaled.jpg 1920w\" sizes=\"(max-width: 225px) 100vw, 225px\" style=\"width:100%;height:133.33%;max-width:1920px;\" \/><\/div><\/a>\n\t\t\t\t<div class=\"elementor-post__badge\">Blog<\/div>\n\t\t\t\t<div class=\"elementor-post__avatar\">\n\t\t\t<img alt='lesgaletsdemarion' src='https:\/\/secure.gravatar.com\/avatar\/f0a4ccafbd6d8196c3cc5f474bf445831ba860c6628564a91474cc3e5a30431c?s=128&#038;d=mm&#038;r=g' srcset='https:\/\/secure.gravatar.com\/avatar\/f0a4ccafbd6d8196c3cc5f474bf445831ba860c6628564a91474cc3e5a30431c?s=256&#038;d=mm&#038;r=g 2x' class='avatar avatar-128 photo' height='128' width='128' \/>\t\t<\/div>\n\t\t\t\t<div class=\"elementor-post__text\">\n\t\t\t\t<h1 class=\"elementor-post__title\">\n\t\t\t<a href=\"https:\/\/lesgaletsdemarion.com\/index.php\/2026\/03\/11\/les-bienfaits-des-echanges-intergenerationnels-a-travers-la-peinture-sur-galets-marseille\/\" >\n\t\t\t\tLes ateliers  interg\u00e9n\u00e9rationnels de peinture sur galets \u00e0 Marseille\t\t\t<\/a>\n\t\t<\/h1>\n\t\t\n\t\t<a class=\"elementor-post__read-more\" href=\"https:\/\/lesgaletsdemarion.com\/index.php\/2026\/03\/11\/les-bienfaits-des-echanges-intergenerationnels-a-travers-la-peinture-sur-galets-marseille\/\" aria-label=\"En savoir plus sur Les ateliers  interg\u00e9n\u00e9rationnels de peinture sur galets \u00e0 Marseille\" tabindex=\"-1\" >\n\t\t\tLire la suite \u00bb\t\t<\/a>\n\n\t\t\t\t<\/div>\n\t\t\t\t<div class=\"elementor-post__meta-data\">\n\t\t\t\t\t<span class=\"elementor-post-date\">\n\t\t\t11 mars 2026\t\t<\/span>\n\t\t\t\t<span class=\"elementor-post-avatar\">\n\t\t\tAucun commentaire\t\t<\/span>\n\t\t\t\t<\/div>\n\t\t\t\t\t<\/div>\n\t\t<\/article>\n\t\t\t\t<article class=\"elementor-post elementor-grid-item post-3713 post type-post status-publish format-standard hentry category-blog entry\" role=\"listitem\">\n\t\t\t<div class=\"elementor-post__card\">\n\t\t\t\t<div class=\"elementor-post__text\">\n\t\t\t\t<h1 class=\"elementor-post__title\">\n\t\t\t<a href=\"https:\/\/lesgaletsdemarion.com\/index.php\/2026\/02\/05\/offrez-vous-une-bulle-de-creativite-pendant-les-vacances-de-fevrier\/\" >\n\t\t\t\tOffrez vous une bulle de cr\u00e9ativit\u00e9 pendant les vacances de f\u00e9vrier\t\t\t<\/a>\n\t\t<\/h1>\n\t\t\n\t\t<a class=\"elementor-post__read-more\" href=\"https:\/\/lesgaletsdemarion.com\/index.php\/2026\/02\/05\/offrez-vous-une-bulle-de-creativite-pendant-les-vacances-de-fevrier\/\" aria-label=\"En savoir plus sur Offrez vous une bulle de cr\u00e9ativit\u00e9 pendant les vacances de f\u00e9vrier\" tabindex=\"-1\" >\n\t\t\tLire la suite \u00bb\t\t<\/a>\n\n\t\t\t\t<\/div>\n\t\t\t\t<div class=\"elementor-post__meta-data\">\n\t\t\t\t\t<span class=\"elementor-post-date\">\n\t\t\t5 f\u00e9vrier 2026\t\t<\/span>\n\t\t\t\t<span class=\"elementor-post-avatar\">\n\t\t\tAucun commentaire\t\t<\/span>\n\t\t\t\t<\/div>\n\t\t\t\t\t<\/div>\n\t\t<\/article>\n\t\t\t\t<article class=\"elementor-post elementor-grid-item post-3699 post type-post status-publish format-standard hentry category-blog entry\" role=\"listitem\">\n\t\t\t<div class=\"elementor-post__card\">\n\t\t\t\t<div class=\"elementor-post__text\">\n\t\t\t\t<h1 class=\"elementor-post__title\">\n\t\t\t<a href=\"https:\/\/lesgaletsdemarion.com\/index.php\/2026\/02\/05\/ateliers-de-peinture-sur-galets-marseille-9eme\/\" >\n\t\t\t\tAteliers de peinture sur galets Marseille 9\u00e8me\t\t\t<\/a>\n\t\t<\/h1>\n\t\t\n\t\t<a class=\"elementor-post__read-more\" href=\"https:\/\/lesgaletsdemarion.com\/index.php\/2026\/02\/05\/ateliers-de-peinture-sur-galets-marseille-9eme\/\" aria-label=\"En savoir plus sur Ateliers de peinture sur galets Marseille 9\u00e8me\" tabindex=\"-1\" >\n\t\t\tLire la suite \u00bb\t\t<\/a>\n\n\t\t\t\t<\/div>\n\t\t\t\t<div class=\"elementor-post__meta-data\">\n\t\t\t\t\t<span class=\"elementor-post-date\">\n\t\t\t5 f\u00e9vrier 2026\t\t<\/span>\n\t\t\t\t<span class=\"elementor-post-avatar\">\n\t\t\tAucun commentaire\t\t<\/span>\n\t\t\t\t<\/div>\n\t\t\t\t\t<\/div>\n\t\t<\/article>\n\t\t\t\t<article class=\"elementor-post elementor-grid-item post-3514 post type-post status-publish format-standard hentry category-blog entry\" role=\"listitem\">\n\t\t\t<div class=\"elementor-post__card\">\n\t\t\t\t<div class=\"elementor-post__text\">\n\t\t\t\t<h1 class=\"elementor-post__title\">\n\t\t\t<a href=\"https:\/\/lesgaletsdemarion.com\/index.php\/2025\/10\/21\/atelier-creatif-marseille-peinture-sur-galets-loisirs-creatifs-halloween-activite-en-famille-marseille-atelier-enfants-creation-artistique-detente-halloween-marseille\/\" >\n\t\t\t\t\ud83c\udf83 Atelier cr\u00e9atif Halloween \u00e0 Marseille : Peinture sur galets avec Les Galets de Marion\t\t\t<\/a>\n\t\t<\/h1>\n\t\t\n\t\t<a class=\"elementor-post__read-more\" href=\"https:\/\/lesgaletsdemarion.com\/index.php\/2025\/10\/21\/atelier-creatif-marseille-peinture-sur-galets-loisirs-creatifs-halloween-activite-en-famille-marseille-atelier-enfants-creation-artistique-detente-halloween-marseille\/\" aria-label=\"En savoir plus sur \ud83c\udf83 Atelier cr\u00e9atif Halloween \u00e0 Marseille : Peinture sur galets avec Les Galets de Marion\" tabindex=\"-1\" >\n\t\t\tLire la suite \u00bb\t\t<\/a>\n\n\t\t\t\t<\/div>\n\t\t\t\t<div class=\"elementor-post__meta-data\">\n\t\t\t\t\t<span class=\"elementor-post-date\">\n\t\t\t21 octobre 2025\t\t<\/span>\n\t\t\t\t<span class=\"elementor-post-avatar\">\n\t\t\tAucun commentaire\t\t<\/span>\n\t\t\t\t<\/div>\n\t\t\t\t\t<\/div>\n\t\t<\/article>\n\t\t\t\t<\/div>\n\t\t\n\t\t\t\t\t\t<\/div>\n\t\t\t\t<\/div>\n\t\t\t\t\t<\/div>\n\t\t<\/div>\n\t\t\t\t\t<\/div>\n\t\t<\/section>\n\t\t\t\t<\/div>\n\t\t","protected":false},"excerpt":{"rendered":"","protected":false},"author":1,"featured_media":0,"parent":0,"menu_order":0,"comment_status":"closed","ping_status":"closed","template":"","meta":{"footnotes":""},"class_list":["post-1606","page","type-page","status-publish","hentry","entry"],"yoast_head":"<!-- This site is optimized with the Yoast SEO plugin v27.5 - https:\/\/yoast.com\/product\/yoast-seo-wordpress\/ -->\n<title>L&#039;Actu des Galets - Les Galets de Marion<\/title>\n<meta name=\"robots\" content=\"index, follow, max-snippet:-1, max-image-preview:large, max-video-preview:-1\" \/>\n<link rel=\"canonical\" href=\"https:\/\/lesgaletsdemarion.com\/index.php\/lactu-des-galets\/\" \/>\n<meta property=\"og:locale\" content=\"fr_FR\" \/>\n<meta property=\"og:type\" content=\"article\" \/>\n<meta property=\"og:title\" content=\"L&#039;Actu des Galets - Les Galets de Marion\" \/>\n<meta property=\"og:url\" content=\"https:\/\/lesgaletsdemarion.com\/index.php\/lactu-des-galets\/\" \/>\n<meta property=\"og:site_name\" content=\"Les Galets de Marion\" \/>\n<meta property=\"article:publisher\" content=\"https:\/\/www.facebook.com\/lesgaletsdemarion\/\" \/>\n<meta property=\"article:modified_time\" content=\"2023-11-04T22:12:15+00:00\" \/>\n<meta name=\"twitter:card\" content=\"summary_large_image\" \/>\n<script type=\"application\/ld+json\" class=\"yoast-schema-graph\">{\"@context\":\"https:\\\/\\\/schema.org\",\"@graph\":[{\"@type\":\"WebPage\",\"@id\":\"https:\\\/\\\/lesgaletsdemarion.com\\\/index.php\\\/lactu-des-galets\\\/\",\"url\":\"https:\\\/\\\/lesgaletsdemarion.com\\\/index.php\\\/lactu-des-galets\\\/\",\"name\":\"L'Actu des Galets - Les Galets de Marion\",\"isPartOf\":{\"@id\":\"https:\\\/\\\/lesgaletsdemarion.com\\\/#website\"},\"datePublished\":\"2023-11-04T22:08:33+00:00\",\"dateModified\":\"2023-11-04T22:12:15+00:00\",\"breadcrumb\":{\"@id\":\"https:\\\/\\\/lesgaletsdemarion.com\\\/index.php\\\/lactu-des-galets\\\/#breadcrumb\"},\"inLanguage\":\"fr-FR\",\"potentialAction\":[{\"@type\":\"ReadAction\",\"target\":[\"https:\\\/\\\/lesgaletsdemarion.com\\\/index.php\\\/lactu-des-galets\\\/\"]}]},{\"@type\":\"BreadcrumbList\",\"@id\":\"https:\\\/\\\/lesgaletsdemarion.com\\\/index.php\\\/lactu-des-galets\\\/#breadcrumb\",\"itemListElement\":[{\"@type\":\"ListItem\",\"position\":1,\"name\":\"Accueil\",\"item\":\"https:\\\/\\\/lesgaletsdemarion.com\\\/\"},{\"@type\":\"ListItem\",\"position\":2,\"name\":\"L&rsquo;Actu des Galets\"}]},{\"@type\":\"WebSite\",\"@id\":\"https:\\\/\\\/lesgaletsdemarion.com\\\/#website\",\"url\":\"https:\\\/\\\/lesgaletsdemarion.com\\\/\",\"name\":\"Les Galets de Marion\",\"description\":\"Cr\u00e9ations de peinture sur galets animation d&#039;ateliers loisirs cr\u00e9atifs et d&#039;anniversaire cr\u00e9atifs sur Marseille\",\"publisher\":{\"@id\":\"https:\\\/\\\/lesgaletsdemarion.com\\\/#organization\"},\"potentialAction\":[{\"@type\":\"SearchAction\",\"target\":{\"@type\":\"EntryPoint\",\"urlTemplate\":\"https:\\\/\\\/lesgaletsdemarion.com\\\/?s={search_term_string}\"},\"query-input\":{\"@type\":\"PropertyValueSpecification\",\"valueRequired\":true,\"valueName\":\"search_term_string\"}}],\"inLanguage\":\"fr-FR\"},{\"@type\":\"Organization\",\"@id\":\"https:\\\/\\\/lesgaletsdemarion.com\\\/#organization\",\"name\":\"Les Galets de Marion\",\"url\":\"https:\\\/\\\/lesgaletsdemarion.com\\\/\",\"logo\":{\"@type\":\"ImageObject\",\"inLanguage\":\"fr-FR\",\"@id\":\"https:\\\/\\\/lesgaletsdemarion.com\\\/#\\\/schema\\\/logo\\\/image\\\/\",\"url\":\"https:\\\/\\\/lesgaletsdemarion.com\\\/wp-content\\\/uploads\\\/2023\\\/08\\\/Logo_GDM_Bleu.png\",\"contentUrl\":\"https:\\\/\\\/lesgaletsdemarion.com\\\/wp-content\\\/uploads\\\/2023\\\/08\\\/Logo_GDM_Bleu.png\",\"width\":927,\"height\":926,\"caption\":\"Les Galets de Marion\"},\"image\":{\"@id\":\"https:\\\/\\\/lesgaletsdemarion.com\\\/#\\\/schema\\\/logo\\\/image\\\/\"},\"sameAs\":[\"https:\\\/\\\/www.facebook.com\\\/lesgaletsdemarion\\\/\",\"https:\\\/\\\/www.instagram.com\\\/lesgaletsdemarion\\\/\"]}]}<\/script>\n<!-- \/ Yoast SEO plugin. -->","yoast_head_json":{"title":"L'Actu des Galets - Les Galets de Marion","robots":{"index":"index","follow":"follow","max-snippet":"max-snippet:-1","max-image-preview":"max-image-preview:large","max-video-preview":"max-video-preview:-1"},"canonical":"https:\/\/lesgaletsdemarion.com\/index.php\/lactu-des-galets\/","og_locale":"fr_FR","og_type":"article","og_title":"L'Actu des Galets - Les Galets de Marion","og_url":"https:\/\/lesgaletsdemarion.com\/index.php\/lactu-des-galets\/","og_site_name":"Les Galets de Marion","article_publisher":"https:\/\/www.facebook.com\/lesgaletsdemarion\/","article_modified_time":"2023-11-04T22:12:15+00:00","twitter_card":"summary_large_image","schema":{"@context":"https:\/\/schema.org","@graph":[{"@type":"WebPage","@id":"https:\/\/lesgaletsdemarion.com\/index.php\/lactu-des-galets\/","url":"https:\/\/lesgaletsdemarion.com\/index.php\/lactu-des-galets\/","name":"L'Actu des Galets - Les Galets de Marion","isPartOf":{"@id":"https:\/\/lesgaletsdemarion.com\/#website"},"datePublished":"2023-11-04T22:08:33+00:00","dateModified":"2023-11-04T22:12:15+00:00","breadcrumb":{"@id":"https:\/\/lesgaletsdemarion.com\/index.php\/lactu-des-galets\/#breadcrumb"},"inLanguage":"fr-FR","potentialAction":[{"@type":"ReadAction","target":["https:\/\/lesgaletsdemarion.com\/index.php\/lactu-des-galets\/"]}]},{"@type":"BreadcrumbList","@id":"https:\/\/lesgaletsdemarion.com\/index.php\/lactu-des-galets\/#breadcrumb","itemListElement":[{"@type":"ListItem","position":1,"name":"Accueil","item":"https:\/\/lesgaletsdemarion.com\/"},{"@type":"ListItem","position":2,"name":"L&rsquo;Actu des Galets"}]},{"@type":"WebSite","@id":"https:\/\/lesgaletsdemarion.com\/#website","url":"https:\/\/lesgaletsdemarion.com\/","name":"Les Galets de Marion","description":"Cr\u00e9ations de peinture sur galets animation d&#039;ateliers loisirs cr\u00e9atifs et d&#039;anniversaire cr\u00e9atifs sur Marseille","publisher":{"@id":"https:\/\/lesgaletsdemarion.com\/#organization"},"potentialAction":[{"@type":"SearchAction","target":{"@type":"EntryPoint","urlTemplate":"https:\/\/lesgaletsdemarion.com\/?s={search_term_string}"},"query-input":{"@type":"PropertyValueSpecification","valueRequired":true,"valueName":"search_term_string"}}],"inLanguage":"fr-FR"},{"@type":"Organization","@id":"https:\/\/lesgaletsdemarion.com\/#organization","name":"Les Galets de Marion","url":"https:\/\/lesgaletsdemarion.com\/","logo":{"@type":"ImageObject","inLanguage":"fr-FR","@id":"https:\/\/lesgaletsdemarion.com\/#\/schema\/logo\/image\/","url":"https:\/\/lesgaletsdemarion.com\/wp-content\/uploads\/2023\/08\/Logo_GDM_Bleu.png","contentUrl":"https:\/\/lesgaletsdemarion.com\/wp-content\/uploads\/2023\/08\/Logo_GDM_Bleu.png","width":927,"height":926,"caption":"Les Galets de Marion"},"image":{"@id":"https:\/\/lesgaletsdemarion.com\/#\/schema\/logo\/image\/"},"sameAs":["https:\/\/www.facebook.com\/lesgaletsdemarion\/","https:\/\/www.instagram.com\/lesgaletsdemarion\/"]}]}},"_links":{"self":[{"href":"https:\/\/lesgaletsdemarion.com\/index.php\/wp-json\/wp\/v2\/pages\/1606","targetHints":{"allow":["GET"]}}],"collection":[{"href":"https:\/\/lesgaletsdemarion.com\/index.php\/wp-json\/wp\/v2\/pages"}],"about":[{"href":"https:\/\/lesgaletsdemarion.com\/index.php\/wp-json\/wp\/v2\/types\/page"}],"author":[{"embeddable":true,"href":"https:\/\/lesgaletsdemarion.com\/index.php\/wp-json\/wp\/v2\/users\/1"}],"replies":[{"embeddable":true,"href":"https:\/\/lesgaletsdemarion.com\/index.php\/wp-json\/wp\/v2\/comments?post=1606"}],"version-history":[{"count":4,"href":"https:\/\/lesgaletsdemarion.com\/index.php\/wp-json\/wp\/v2\/pages\/1606\/revisions"}],"predecessor-version":[{"id":1610,"href":"https:\/\/lesgaletsdemarion.com\/index.php\/wp-json\/wp\/v2\/pages\/1606\/revisions\/1610"}],"wp:attachment":[{"href":"https:\/\/lesgaletsdemarion.com\/index.php\/wp-json\/wp\/v2\/media?parent=1606"}],"curies":[{"name":"wp","href":"https:\/\/api.w.org\/{rel}","templated":true}]}}