{"id":1268,"date":"2023-10-01T17:42:53","date_gmt":"2023-10-01T15:42:53","guid":{"rendered":"https:\/\/lesgaletsdemarion.com\/?page_id=1268"},"modified":"2025-06-06T19:06:06","modified_gmt":"2025-06-06T17:06:06","slug":"cadres-de-famille-galets","status":"publish","type":"page","link":"https:\/\/lesgaletsdemarion.com\/index.php\/cadres-de-famille-galets\/","title":{"rendered":"Cadres de famille galets"},"content":{"rendered":"\t\t<div data-elementor-type=\"wp-page\" data-elementor-id=\"1268\" class=\"elementor elementor-1268\" data-elementor-post-type=\"page\">\n\t\t\t\t\t\t<section class=\"elementor-section elementor-top-section elementor-element elementor-element-d580fba elementor-section-boxed elementor-section-height-default elementor-section-height-default\" data-id=\"d580fba\" data-element_type=\"section\" data-e-type=\"section\">\n\t\t\t\t\t\t<div class=\"elementor-container elementor-column-gap-default\">\n\t\t\t\t\t<div class=\"elementor-column elementor-col-100 elementor-top-column elementor-element elementor-element-df76676\" data-id=\"df76676\" data-element_type=\"column\" data-e-type=\"column\">\n\t\t\t<div class=\"elementor-widget-wrap elementor-element-populated\">\n\t\t\t\t\t\t<div class=\"elementor-element elementor-element-3591c90 elementor-widget__width-initial elementor-widget elementor-widget-heading\" data-id=\"3591c90\" data-element_type=\"widget\" data-e-type=\"widget\" data-widget_type=\"heading.default\">\n\t\t\t\t<div class=\"elementor-widget-container\">\n\t\t\t\t\t<h1 class=\"elementor-heading-title elementor-size-default\">Les cadres de famille galets<\/h1>\t\t\t\t<\/div>\n\t\t\t\t<\/div>\n\t\t\t\t\t<\/div>\n\t\t<\/div>\n\t\t\t\t\t<\/div>\n\t\t<\/section>\n\t\t\t\t<section class=\"elementor-section elementor-top-section elementor-element elementor-element-e35586c elementor-section-boxed elementor-section-height-default elementor-section-height-default\" data-id=\"e35586c\" data-element_type=\"section\" data-e-type=\"section\">\n\t\t\t\t\t\t<div class=\"elementor-container elementor-column-gap-default\">\n\t\t\t\t\t<div class=\"elementor-column elementor-col-100 elementor-top-column elementor-element elementor-element-5a114e6\" data-id=\"5a114e6\" data-element_type=\"column\" data-e-type=\"column\">\n\t\t\t<div class=\"elementor-widget-wrap elementor-element-populated\">\n\t\t\t\t\t\t<div class=\"elementor-element elementor-element-2bf84d2 elementor-widget elementor-widget-image\" data-id=\"2bf84d2\" data-element_type=\"widget\" data-e-type=\"widget\" data-widget_type=\"image.default\">\n\t\t\t\t<div class=\"elementor-widget-container\">\n\t\t\t\t\t\t\t\t\t\t\t\t\t\t\t<img fetchpriority=\"high\" decoding=\"async\" width=\"750\" height=\"774\" src=\"https:\/\/lesgaletsdemarion.com\/wp-content\/uploads\/2023\/10\/cadre-de-familles-galets1-e1696175568177-768x793.png\" class=\"attachment-medium_large size-medium_large wp-image-1272\" alt=\"\" srcset=\"https:\/\/lesgaletsdemarion.com\/wp-content\/uploads\/2023\/10\/cadre-de-familles-galets1-e1696175568177-768x793.png 768w, https:\/\/lesgaletsdemarion.com\/wp-content\/uploads\/2023\/10\/cadre-de-familles-galets1-e1696175568177-290x300.png 290w, https:\/\/lesgaletsdemarion.com\/wp-content\/uploads\/2023\/10\/cadre-de-familles-galets1-e1696175568177-991x1024.png 991w, https:\/\/lesgaletsdemarion.com\/wp-content\/uploads\/2023\/10\/cadre-de-familles-galets1-e1696175568177-1487x1536.png 1487w, https:\/\/lesgaletsdemarion.com\/wp-content\/uploads\/2023\/10\/cadre-de-familles-galets1-e1696175568177-1568x1619.png 1568w, https:\/\/lesgaletsdemarion.com\/wp-content\/uploads\/2023\/10\/cadre-de-familles-galets1-e1696175568177-600x620.png 600w, https:\/\/lesgaletsdemarion.com\/wp-content\/uploads\/2023\/10\/cadre-de-familles-galets1-e1696175568177.png 1586w\" sizes=\"(max-width: 750px) 100vw, 750px\" style=\"width:100%;height:103.28%;max-width:1586px\" \/>\t\t\t\t\t\t\t\t\t\t\t\t\t\t\t<\/div>\n\t\t\t\t<\/div>\n\t\t\t\t\t<\/div>\n\t\t<\/div>\n\t\t\t\t\t<\/div>\n\t\t<\/section>\n\t\t\t\t<section class=\"elementor-section elementor-top-section elementor-element elementor-element-fd6b463 elementor-section-boxed elementor-section-height-default elementor-section-height-default\" data-id=\"fd6b463\" data-element_type=\"section\" data-e-type=\"section\">\n\t\t\t\t\t\t<div class=\"elementor-container elementor-column-gap-default\">\n\t\t\t\t\t<div class=\"elementor-column elementor-col-100 elementor-top-column elementor-element elementor-element-039ae40\" data-id=\"039ae40\" data-element_type=\"column\" data-e-type=\"column\">\n\t\t\t<div class=\"elementor-widget-wrap elementor-element-populated\">\n\t\t\t\t\t\t<div class=\"elementor-element elementor-element-5b410c4 elementor-widget elementor-widget-text-editor\" data-id=\"5b410c4\" data-element_type=\"widget\" data-e-type=\"widget\" data-widget_type=\"text-editor.default\">\n\t\t\t\t<div class=\"elementor-widget-container\">\n\t\t\t\t\t\t\t\t\t<p>Le cadre de famille galets est un cadeau unique et original 100% personnalisable<\/p>\t\t\t\t\t\t\t\t<\/div>\n\t\t\t\t<\/div>\n\t\t\t\t\t<\/div>\n\t\t<\/div>\n\t\t\t\t\t<\/div>\n\t\t<\/section>\n\t\t\t\t<section class=\"elementor-section elementor-top-section elementor-element elementor-element-73ebbb5 elementor-section-boxed elementor-section-height-default elementor-section-height-default\" data-id=\"73ebbb5\" data-element_type=\"section\" data-e-type=\"section\">\n\t\t\t\t\t\t<div class=\"elementor-container elementor-column-gap-default\">\n\t\t\t\t\t<div class=\"elementor-column elementor-col-33 elementor-top-column elementor-element elementor-element-f32c040\" data-id=\"f32c040\" data-element_type=\"column\" data-e-type=\"column\">\n\t\t\t<div class=\"elementor-widget-wrap elementor-element-populated\">\n\t\t\t\t\t\t<div class=\"elementor-element elementor-element-c1725a7 elementor-widget elementor-widget-text-editor\" data-id=\"c1725a7\" data-element_type=\"widget\" data-e-type=\"widget\" data-widget_type=\"text-editor.default\">\n\t\t\t\t<div class=\"elementor-widget-container\">\n\t\t\t\t\t\t\t\t\t<p><strong>Petit format\u00a0<\/strong> Cadre <strong>17X12 cm<\/strong>,\u00a0<\/p><p>2 galets (id\u00e9al pour couple)<\/p><p><strong>25\u20ac<\/strong> (personnalisation incluse)<\/p>\t\t\t\t\t\t\t\t<\/div>\n\t\t\t\t<\/div>\n\t\t\t\t<div class=\"elementor-element elementor-element-a7b093a elementor-widget__width-initial elementor-widget elementor-widget-image\" data-id=\"a7b093a\" data-element_type=\"widget\" data-e-type=\"widget\" data-widget_type=\"image.default\">\n\t\t\t\t<div class=\"elementor-widget-container\">\n\t\t\t\t\t\t\t\t\t\t\t\t\t\t\t<img decoding=\"async\" width=\"750\" height=\"593\" src=\"https:\/\/lesgaletsdemarion.com\/wp-content\/uploads\/2023\/08\/IMG20220825182524_BURST000_COVER-1024x810.jpg\" class=\"attachment-large size-large wp-image-554\" alt=\"\" srcset=\"https:\/\/lesgaletsdemarion.com\/wp-content\/uploads\/2023\/08\/IMG20220825182524_BURST000_COVER-1024x810.jpg 1024w, https:\/\/lesgaletsdemarion.com\/wp-content\/uploads\/2023\/08\/IMG20220825182524_BURST000_COVER-300x237.jpg 300w, https:\/\/lesgaletsdemarion.com\/wp-content\/uploads\/2023\/08\/IMG20220825182524_BURST000_COVER-768x608.jpg 768w, https:\/\/lesgaletsdemarion.com\/wp-content\/uploads\/2023\/08\/IMG20220825182524_BURST000_COVER-1536x1215.jpg 1536w, https:\/\/lesgaletsdemarion.com\/wp-content\/uploads\/2023\/08\/IMG20220825182524_BURST000_COVER-2048x1620.jpg 2048w, https:\/\/lesgaletsdemarion.com\/wp-content\/uploads\/2023\/08\/IMG20220825182524_BURST000_COVER-1568x1240.jpg 1568w, https:\/\/lesgaletsdemarion.com\/wp-content\/uploads\/2023\/08\/IMG20220825182524_BURST000_COVER-600x475.jpg 600w\" sizes=\"(max-width: 750px) 100vw, 750px\" style=\"width:100%;height:79.1%;max-width:2560px\" \/>\t\t\t\t\t\t\t\t\t\t\t\t\t\t\t<\/div>\n\t\t\t\t<\/div>\n\t\t\t\t<div class=\"elementor-element elementor-element-82ba414 elementor-widget__width-initial elementor-widget elementor-widget-image\" data-id=\"82ba414\" data-element_type=\"widget\" data-e-type=\"widget\" data-widget_type=\"image.default\">\n\t\t\t\t<div class=\"elementor-widget-container\">\n\t\t\t\t\t\t\t\t\t\t\t\t\t\t\t<img decoding=\"async\" width=\"750\" height=\"538\" src=\"https:\/\/lesgaletsdemarion.com\/wp-content\/uploads\/2024\/01\/cadre-de-famille-galets-peints-chouettes-sur-branche-de-bois-flotte-moyen-modele-motif-vegetal-scaled-e1705870439860-1024x734.jpg\" class=\"attachment-large size-large wp-image-2236\" alt=\"cadre de famille galets peints chouettes sur branche de bois flott\u00e9 moyen mod\u00e8le motif v\u00e9g\u00e9tal\" srcset=\"https:\/\/lesgaletsdemarion.com\/wp-content\/uploads\/2024\/01\/cadre-de-famille-galets-peints-chouettes-sur-branche-de-bois-flotte-moyen-modele-motif-vegetal-scaled-e1705870439860-1024x734.jpg 1024w, https:\/\/lesgaletsdemarion.com\/wp-content\/uploads\/2024\/01\/cadre-de-famille-galets-peints-chouettes-sur-branche-de-bois-flotte-moyen-modele-motif-vegetal-scaled-e1705870439860-300x215.jpg 300w, https:\/\/lesgaletsdemarion.com\/wp-content\/uploads\/2024\/01\/cadre-de-famille-galets-peints-chouettes-sur-branche-de-bois-flotte-moyen-modele-motif-vegetal-scaled-e1705870439860-768x550.jpg 768w, https:\/\/lesgaletsdemarion.com\/wp-content\/uploads\/2024\/01\/cadre-de-famille-galets-peints-chouettes-sur-branche-de-bois-flotte-moyen-modele-motif-vegetal-scaled-e1705870439860-1536x1101.jpg 1536w, https:\/\/lesgaletsdemarion.com\/wp-content\/uploads\/2024\/01\/cadre-de-famille-galets-peints-chouettes-sur-branche-de-bois-flotte-moyen-modele-motif-vegetal-scaled-e1705870439860-2048x1468.jpg 2048w, https:\/\/lesgaletsdemarion.com\/wp-content\/uploads\/2024\/01\/cadre-de-famille-galets-peints-chouettes-sur-branche-de-bois-flotte-moyen-modele-motif-vegetal-scaled-e1705870439860-1568x1124.jpg 1568w, https:\/\/lesgaletsdemarion.com\/wp-content\/uploads\/2024\/01\/cadre-de-famille-galets-peints-chouettes-sur-branche-de-bois-flotte-moyen-modele-motif-vegetal-scaled-e1705870439860-600x430.jpg 600w\" sizes=\"(max-width: 750px) 100vw, 750px\" style=\"width:100%;height:71.66%;max-width:2188px\" \/>\t\t\t\t\t\t\t\t\t\t\t\t\t\t\t<\/div>\n\t\t\t\t<\/div>\n\t\t\t\t<div class=\"elementor-element elementor-element-aa8b64e elementor-widget__width-initial elementor-widget elementor-widget-image\" data-id=\"aa8b64e\" data-element_type=\"widget\" data-e-type=\"widget\" data-widget_type=\"image.default\">\n\t\t\t\t<div class=\"elementor-widget-container\">\n\t\t\t\t\t\t\t\t\t\t\t\t\t\t\t<img loading=\"lazy\" decoding=\"async\" width=\"750\" height=\"555\" src=\"https:\/\/lesgaletsdemarion.com\/wp-content\/uploads\/2025\/06\/cadre-famille-galets-peints-moutons-les-galets-de-Marion-scaled-e1749226220867-1024x758.jpg\" class=\"attachment-large size-large wp-image-3283\" alt=\"cadre famille galets peints moutons les galets de Marion\" srcset=\"https:\/\/lesgaletsdemarion.com\/wp-content\/uploads\/2025\/06\/cadre-famille-galets-peints-moutons-les-galets-de-Marion-scaled-e1749226220867-1024x758.jpg 1024w, https:\/\/lesgaletsdemarion.com\/wp-content\/uploads\/2025\/06\/cadre-famille-galets-peints-moutons-les-galets-de-Marion-scaled-e1749226220867-300x222.jpg 300w, https:\/\/lesgaletsdemarion.com\/wp-content\/uploads\/2025\/06\/cadre-famille-galets-peints-moutons-les-galets-de-Marion-scaled-e1749226220867-768x568.jpg 768w, https:\/\/lesgaletsdemarion.com\/wp-content\/uploads\/2025\/06\/cadre-famille-galets-peints-moutons-les-galets-de-Marion-scaled-e1749226220867-600x444.jpg 600w, https:\/\/lesgaletsdemarion.com\/wp-content\/uploads\/2025\/06\/cadre-famille-galets-peints-moutons-les-galets-de-Marion-scaled-e1749226220867.jpg 1297w\" sizes=\"(max-width: 750px) 100vw, 750px\" style=\"width:100%;height:74.02%;max-width:1297px\" \/>\t\t\t\t\t\t\t\t\t\t\t\t\t\t\t<\/div>\n\t\t\t\t<\/div>\n\t\t\t\t<div class=\"elementor-element elementor-element-12d6c13 elementor-widget__width-initial elementor-widget elementor-widget-image\" data-id=\"12d6c13\" data-element_type=\"widget\" data-e-type=\"widget\" data-widget_type=\"image.default\">\n\t\t\t\t<div class=\"elementor-widget-container\">\n\t\t\t\t\t\t\t\t\t\t\t\t\t\t\t<img loading=\"lazy\" decoding=\"async\" width=\"750\" height=\"521\" src=\"https:\/\/lesgaletsdemarion.com\/wp-content\/uploads\/2023\/08\/cox-e1696177270373-1024x711.jpg\" class=\"attachment-large size-large wp-image-227\" alt=\"\" srcset=\"https:\/\/lesgaletsdemarion.com\/wp-content\/uploads\/2023\/08\/cox-e1696177270373-1024x711.jpg 1024w, https:\/\/lesgaletsdemarion.com\/wp-content\/uploads\/2023\/08\/cox-e1696177270373-300x208.jpg 300w, https:\/\/lesgaletsdemarion.com\/wp-content\/uploads\/2023\/08\/cox-e1696177270373-768x533.jpg 768w, https:\/\/lesgaletsdemarion.com\/wp-content\/uploads\/2023\/08\/cox-e1696177270373-600x417.jpg 600w, https:\/\/lesgaletsdemarion.com\/wp-content\/uploads\/2023\/08\/cox-e1696177270373.jpg 1440w\" sizes=\"(max-width: 750px) 100vw, 750px\" style=\"width:100%;height:69.44%;max-width:1440px\" \/>\t\t\t\t\t\t\t\t\t\t\t\t\t\t\t<\/div>\n\t\t\t\t<\/div>\n\t\t\t\t<div class=\"elementor-element elementor-element-bdc87e2 elementor-widget__width-initial elementor-widget elementor-widget-image\" data-id=\"bdc87e2\" data-element_type=\"widget\" data-e-type=\"widget\" data-widget_type=\"image.default\">\n\t\t\t\t<div class=\"elementor-widget-container\">\n\t\t\t\t\t\t\t\t\t\t\t\t\t\t\t<img loading=\"lazy\" decoding=\"async\" width=\"750\" height=\"742\" src=\"https:\/\/lesgaletsdemarion.com\/wp-content\/uploads\/2024\/12\/petits-cadre-galets-2-chouettes-balancoire-scaled-e1735249747716-1024x1013.jpg\" class=\"attachment-large size-large wp-image-3032\" alt=\"petits cadre galets 2 chouettes balan\u00e7oire\" srcset=\"https:\/\/lesgaletsdemarion.com\/wp-content\/uploads\/2024\/12\/petits-cadre-galets-2-chouettes-balancoire-scaled-e1735249747716-1024x1013.jpg 1024w, https:\/\/lesgaletsdemarion.com\/wp-content\/uploads\/2024\/12\/petits-cadre-galets-2-chouettes-balancoire-scaled-e1735249747716-300x297.jpg 300w, https:\/\/lesgaletsdemarion.com\/wp-content\/uploads\/2024\/12\/petits-cadre-galets-2-chouettes-balancoire-scaled-e1735249747716-768x760.jpg 768w, https:\/\/lesgaletsdemarion.com\/wp-content\/uploads\/2024\/12\/petits-cadre-galets-2-chouettes-balancoire-scaled-e1735249747716-600x594.jpg 600w, https:\/\/lesgaletsdemarion.com\/wp-content\/uploads\/2024\/12\/petits-cadre-galets-2-chouettes-balancoire-scaled-e1735249747716-100x100.jpg 100w, https:\/\/lesgaletsdemarion.com\/wp-content\/uploads\/2024\/12\/petits-cadre-galets-2-chouettes-balancoire-scaled-e1735249747716.jpg 1152w\" sizes=\"(max-width: 750px) 100vw, 750px\" style=\"width:100%;height:98.96%;max-width:1152px\" \/>\t\t\t\t\t\t\t\t\t\t\t\t\t\t\t<\/div>\n\t\t\t\t<\/div>\n\t\t\t\t<div class=\"elementor-element elementor-element-cbe66c5 elementor-widget__width-initial elementor-widget elementor-widget-image\" data-id=\"cbe66c5\" data-element_type=\"widget\" data-e-type=\"widget\" data-widget_type=\"image.default\">\n\t\t\t\t<div class=\"elementor-widget-container\">\n\t\t\t\t\t\t\t\t\t\t\t\t\t\t\t<img loading=\"lazy\" decoding=\"async\" width=\"750\" height=\"525\" src=\"https:\/\/lesgaletsdemarion.com\/wp-content\/uploads\/2023\/12\/petit-cadre-2-galets-chouettes-sur-branche-avec-fond-vegetal-e1703779099511-1024x717.jpg\" class=\"attachment-large size-large wp-image-2071\" alt=\"petit cadre 2 galets chouettes sur branche avec fond v\u00e9g\u00e9tal\" srcset=\"https:\/\/lesgaletsdemarion.com\/wp-content\/uploads\/2023\/12\/petit-cadre-2-galets-chouettes-sur-branche-avec-fond-vegetal-e1703779099511-1024x717.jpg 1024w, https:\/\/lesgaletsdemarion.com\/wp-content\/uploads\/2023\/12\/petit-cadre-2-galets-chouettes-sur-branche-avec-fond-vegetal-e1703779099511-300x210.jpg 300w, https:\/\/lesgaletsdemarion.com\/wp-content\/uploads\/2023\/12\/petit-cadre-2-galets-chouettes-sur-branche-avec-fond-vegetal-e1703779099511-768x538.jpg 768w, https:\/\/lesgaletsdemarion.com\/wp-content\/uploads\/2023\/12\/petit-cadre-2-galets-chouettes-sur-branche-avec-fond-vegetal-e1703779099511-1536x1076.jpg 1536w, https:\/\/lesgaletsdemarion.com\/wp-content\/uploads\/2023\/12\/petit-cadre-2-galets-chouettes-sur-branche-avec-fond-vegetal-e1703779099511-2048x1435.jpg 2048w, https:\/\/lesgaletsdemarion.com\/wp-content\/uploads\/2023\/12\/petit-cadre-2-galets-chouettes-sur-branche-avec-fond-vegetal-e1703779099511-1568x1099.jpg 1568w, https:\/\/lesgaletsdemarion.com\/wp-content\/uploads\/2023\/12\/petit-cadre-2-galets-chouettes-sur-branche-avec-fond-vegetal-e1703779099511-600x420.jpg 600w\" sizes=\"(max-width: 750px) 100vw, 750px\" style=\"width:100%;height:70.06%;max-width:2121px\" \/>\t\t\t\t\t\t\t\t\t\t\t\t\t\t\t<\/div>\n\t\t\t\t<\/div>\n\t\t\t\t<div class=\"elementor-element elementor-element-eeee679 elementor-widget elementor-widget-image\" data-id=\"eeee679\" data-element_type=\"widget\" data-e-type=\"widget\" data-widget_type=\"image.default\">\n\t\t\t\t<div class=\"elementor-widget-container\">\n\t\t\t\t\t\t\t\t\t\t\t\t\t\t\t<img loading=\"lazy\" decoding=\"async\" width=\"750\" height=\"588\" src=\"https:\/\/lesgaletsdemarion.com\/wp-content\/uploads\/2024\/11\/cadre-petit-format-couleur-noir-famille-chouettes-en-galets-peints-sur-branche-de-bois-flotte-scaled-e1732354992930-1024x803.jpg\" class=\"attachment-large size-large wp-image-3012\" alt=\"cadre petit format couleur noir famille chouettes en galets peints sur branche de bois flott\u00e9\" srcset=\"https:\/\/lesgaletsdemarion.com\/wp-content\/uploads\/2024\/11\/cadre-petit-format-couleur-noir-famille-chouettes-en-galets-peints-sur-branche-de-bois-flotte-scaled-e1732354992930-1024x803.jpg 1024w, https:\/\/lesgaletsdemarion.com\/wp-content\/uploads\/2024\/11\/cadre-petit-format-couleur-noir-famille-chouettes-en-galets-peints-sur-branche-de-bois-flotte-scaled-e1732354992930-300x235.jpg 300w, https:\/\/lesgaletsdemarion.com\/wp-content\/uploads\/2024\/11\/cadre-petit-format-couleur-noir-famille-chouettes-en-galets-peints-sur-branche-de-bois-flotte-scaled-e1732354992930-768x603.jpg 768w, https:\/\/lesgaletsdemarion.com\/wp-content\/uploads\/2024\/11\/cadre-petit-format-couleur-noir-famille-chouettes-en-galets-peints-sur-branche-de-bois-flotte-scaled-e1732354992930-1536x1205.jpg 1536w, https:\/\/lesgaletsdemarion.com\/wp-content\/uploads\/2024\/11\/cadre-petit-format-couleur-noir-famille-chouettes-en-galets-peints-sur-branche-de-bois-flotte-scaled-e1732354992930-1568x1230.jpg 1568w, https:\/\/lesgaletsdemarion.com\/wp-content\/uploads\/2024\/11\/cadre-petit-format-couleur-noir-famille-chouettes-en-galets-peints-sur-branche-de-bois-flotte-scaled-e1732354992930-600x471.jpg 600w, https:\/\/lesgaletsdemarion.com\/wp-content\/uploads\/2024\/11\/cadre-petit-format-couleur-noir-famille-chouettes-en-galets-peints-sur-branche-de-bois-flotte-scaled-e1732354992930.jpg 1625w\" sizes=\"(max-width: 750px) 100vw, 750px\" style=\"width:100%;height:78.46%;max-width:1625px\" \/>\t\t\t\t\t\t\t\t\t\t\t\t\t\t\t<\/div>\n\t\t\t\t<\/div>\n\t\t\t\t<div class=\"elementor-element elementor-element-e93f660 elementor-widget__width-initial elementor-widget elementor-widget-image\" data-id=\"e93f660\" data-element_type=\"widget\" data-e-type=\"widget\" data-widget_type=\"image.default\">\n\t\t\t\t<div class=\"elementor-widget-container\">\n\t\t\t\t\t\t\t\t\t\t\t\t\t\t\t<img loading=\"lazy\" decoding=\"async\" width=\"750\" height=\"547\" src=\"https:\/\/lesgaletsdemarion.com\/wp-content\/uploads\/2024\/11\/cadre-petit-format-couleur-bois-famille-chouettes-en-galets-peints-sur-branche-de-bois-flotte-scaled-e1732355278285-1024x747.jpg\" class=\"attachment-large size-large wp-image-3019\" alt=\"cadre petit format couleur bois famille chouettes en galets peints sur branche de bois flott\u00e9\" srcset=\"https:\/\/lesgaletsdemarion.com\/wp-content\/uploads\/2024\/11\/cadre-petit-format-couleur-bois-famille-chouettes-en-galets-peints-sur-branche-de-bois-flotte-scaled-e1732355278285-1024x747.jpg 1024w, https:\/\/lesgaletsdemarion.com\/wp-content\/uploads\/2024\/11\/cadre-petit-format-couleur-bois-famille-chouettes-en-galets-peints-sur-branche-de-bois-flotte-scaled-e1732355278285-300x219.jpg 300w, https:\/\/lesgaletsdemarion.com\/wp-content\/uploads\/2024\/11\/cadre-petit-format-couleur-bois-famille-chouettes-en-galets-peints-sur-branche-de-bois-flotte-scaled-e1732355278285-768x561.jpg 768w, https:\/\/lesgaletsdemarion.com\/wp-content\/uploads\/2024\/11\/cadre-petit-format-couleur-bois-famille-chouettes-en-galets-peints-sur-branche-de-bois-flotte-scaled-e1732355278285-1536x1121.jpg 1536w, https:\/\/lesgaletsdemarion.com\/wp-content\/uploads\/2024\/11\/cadre-petit-format-couleur-bois-famille-chouettes-en-galets-peints-sur-branche-de-bois-flotte-scaled-e1732355278285-1568x1144.jpg 1568w, https:\/\/lesgaletsdemarion.com\/wp-content\/uploads\/2024\/11\/cadre-petit-format-couleur-bois-famille-chouettes-en-galets-peints-sur-branche-de-bois-flotte-scaled-e1732355278285-600x438.jpg 600w, https:\/\/lesgaletsdemarion.com\/wp-content\/uploads\/2024\/11\/cadre-petit-format-couleur-bois-famille-chouettes-en-galets-peints-sur-branche-de-bois-flotte-scaled-e1732355278285.jpg 1625w\" sizes=\"(max-width: 750px) 100vw, 750px\" style=\"width:100%;height:72.98%;max-width:1625px\" \/>\t\t\t\t\t\t\t\t\t\t\t\t\t\t\t<\/div>\n\t\t\t\t<\/div>\n\t\t\t\t\t<\/div>\n\t\t<\/div>\n\t\t\t\t<div class=\"elementor-column elementor-col-33 elementor-top-column elementor-element elementor-element-d0e5ad3\" data-id=\"d0e5ad3\" data-element_type=\"column\" data-e-type=\"column\">\n\t\t\t<div class=\"elementor-widget-wrap elementor-element-populated\">\n\t\t\t\t\t\t<div class=\"elementor-element elementor-element-1fa2bbe elementor-widget elementor-widget-text-editor\" data-id=\"1fa2bbe\" data-element_type=\"widget\" data-e-type=\"widget\" data-widget_type=\"text-editor.default\">\n\t\t\t\t<div class=\"elementor-widget-container\">\n\t\t\t\t\t\t\t\t\t<p><strong>Format moyen<\/strong><\/p><p>cadre <strong>20X15 cm<\/strong>, 3 \u00e0 4 galets<\/p><p><strong>30\u20ac<\/strong>\u00a0(personnalisation incluse)<\/p>\t\t\t\t\t\t\t\t<\/div>\n\t\t\t\t<\/div>\n\t\t\t\t<div class=\"elementor-element elementor-element-8c69ec4 elementor-widget__width-initial elementor-widget elementor-widget-image\" data-id=\"8c69ec4\" data-element_type=\"widget\" data-e-type=\"widget\" data-widget_type=\"image.default\">\n\t\t\t\t<div class=\"elementor-widget-container\">\n\t\t\t\t\t\t\t\t\t\t\t\t\t\t\t<img loading=\"lazy\" decoding=\"async\" width=\"750\" height=\"547\" src=\"https:\/\/lesgaletsdemarion.com\/wp-content\/uploads\/2024\/11\/cadre-grand-format-de-famille-chouettes-en-galets-peints-theme-Italie-1024x747.jpg\" class=\"attachment-large size-large wp-image-2992\" alt=\"cadre moyen format de famille chouettes en galets peints th\u00e8me Italie\" srcset=\"https:\/\/lesgaletsdemarion.com\/wp-content\/uploads\/2024\/11\/cadre-grand-format-de-famille-chouettes-en-galets-peints-theme-Italie-1024x747.jpg 1024w, https:\/\/lesgaletsdemarion.com\/wp-content\/uploads\/2024\/11\/cadre-grand-format-de-famille-chouettes-en-galets-peints-theme-Italie-300x219.jpg 300w, https:\/\/lesgaletsdemarion.com\/wp-content\/uploads\/2024\/11\/cadre-grand-format-de-famille-chouettes-en-galets-peints-theme-Italie-768x560.jpg 768w, https:\/\/lesgaletsdemarion.com\/wp-content\/uploads\/2024\/11\/cadre-grand-format-de-famille-chouettes-en-galets-peints-theme-Italie-1536x1121.jpg 1536w, https:\/\/lesgaletsdemarion.com\/wp-content\/uploads\/2024\/11\/cadre-grand-format-de-famille-chouettes-en-galets-peints-theme-Italie-2048x1494.jpg 2048w, https:\/\/lesgaletsdemarion.com\/wp-content\/uploads\/2024\/11\/cadre-grand-format-de-famille-chouettes-en-galets-peints-theme-Italie-1568x1144.jpg 1568w, https:\/\/lesgaletsdemarion.com\/wp-content\/uploads\/2024\/11\/cadre-grand-format-de-famille-chouettes-en-galets-peints-theme-Italie-600x438.jpg 600w\" sizes=\"(max-width: 750px) 100vw, 750px\" style=\"width:100%;height:72.95%;max-width:2525px\" \/>\t\t\t\t\t\t\t\t\t\t\t\t\t\t\t<\/div>\n\t\t\t\t<\/div>\n\t\t\t\t<div class=\"elementor-element elementor-element-2197979 elementor-widget__width-initial elementor-widget elementor-widget-image\" data-id=\"2197979\" data-element_type=\"widget\" data-e-type=\"widget\" data-widget_type=\"image.default\">\n\t\t\t\t<div class=\"elementor-widget-container\">\n\t\t\t\t\t\t\t\t\t\t\t\t\t\t\t<img loading=\"lazy\" decoding=\"async\" width=\"750\" height=\"572\" src=\"https:\/\/lesgaletsdemarion.com\/wp-content\/uploads\/2024\/11\/cadre-galets-peints-famille-chouettes-bonnets-echarpes-perchees-sur-bois-flotte-1024x781.jpg\" class=\"attachment-large size-large wp-image-2997\" alt=\"cadre galets peints famille chouettes bonnets \u00e9charpes perch\u00e9es sur bois flott\u00e9\" srcset=\"https:\/\/lesgaletsdemarion.com\/wp-content\/uploads\/2024\/11\/cadre-galets-peints-famille-chouettes-bonnets-echarpes-perchees-sur-bois-flotte-1024x781.jpg 1024w, https:\/\/lesgaletsdemarion.com\/wp-content\/uploads\/2024\/11\/cadre-galets-peints-famille-chouettes-bonnets-echarpes-perchees-sur-bois-flotte-300x229.jpg 300w, https:\/\/lesgaletsdemarion.com\/wp-content\/uploads\/2024\/11\/cadre-galets-peints-famille-chouettes-bonnets-echarpes-perchees-sur-bois-flotte-768x586.jpg 768w, https:\/\/lesgaletsdemarion.com\/wp-content\/uploads\/2024\/11\/cadre-galets-peints-famille-chouettes-bonnets-echarpes-perchees-sur-bois-flotte-1536x1172.jpg 1536w, https:\/\/lesgaletsdemarion.com\/wp-content\/uploads\/2024\/11\/cadre-galets-peints-famille-chouettes-bonnets-echarpes-perchees-sur-bois-flotte-2048x1563.jpg 2048w, https:\/\/lesgaletsdemarion.com\/wp-content\/uploads\/2024\/11\/cadre-galets-peints-famille-chouettes-bonnets-echarpes-perchees-sur-bois-flotte-1568x1197.jpg 1568w, https:\/\/lesgaletsdemarion.com\/wp-content\/uploads\/2024\/11\/cadre-galets-peints-famille-chouettes-bonnets-echarpes-perchees-sur-bois-flotte-600x458.jpg 600w\" sizes=\"(max-width: 750px) 100vw, 750px\" style=\"width:100%;height:76.33%;max-width:2560px\" \/>\t\t\t\t\t\t\t\t\t\t\t\t\t\t\t<\/div>\n\t\t\t\t<\/div>\n\t\t\t\t<div class=\"elementor-element elementor-element-71cfa8b elementor-widget__width-initial elementor-widget elementor-widget-image\" data-id=\"71cfa8b\" data-element_type=\"widget\" data-e-type=\"widget\" data-widget_type=\"image.default\">\n\t\t\t\t<div class=\"elementor-widget-container\">\n\t\t\t\t\t\t\t\t\t\t\t\t\t\t\t<img loading=\"lazy\" decoding=\"async\" width=\"750\" height=\"574\" src=\"https:\/\/lesgaletsdemarion.com\/wp-content\/uploads\/2024\/11\/cadre-moyen-format-couleur-bois-famille-chouette-en-galets-peints-sur-branche-de-bois-flotte-1024x784.jpg\" class=\"attachment-large size-large wp-image-3002\" alt=\"cadre moyen format couleur bois famille chouette en galets peints sur branche de bois flott\u00e9\" srcset=\"https:\/\/lesgaletsdemarion.com\/wp-content\/uploads\/2024\/11\/cadre-moyen-format-couleur-bois-famille-chouette-en-galets-peints-sur-branche-de-bois-flotte-1024x784.jpg 1024w, https:\/\/lesgaletsdemarion.com\/wp-content\/uploads\/2024\/11\/cadre-moyen-format-couleur-bois-famille-chouette-en-galets-peints-sur-branche-de-bois-flotte-300x230.jpg 300w, https:\/\/lesgaletsdemarion.com\/wp-content\/uploads\/2024\/11\/cadre-moyen-format-couleur-bois-famille-chouette-en-galets-peints-sur-branche-de-bois-flotte-768x588.jpg 768w, https:\/\/lesgaletsdemarion.com\/wp-content\/uploads\/2024\/11\/cadre-moyen-format-couleur-bois-famille-chouette-en-galets-peints-sur-branche-de-bois-flotte-1536x1175.jpg 1536w, https:\/\/lesgaletsdemarion.com\/wp-content\/uploads\/2024\/11\/cadre-moyen-format-couleur-bois-famille-chouette-en-galets-peints-sur-branche-de-bois-flotte-2048x1567.jpg 2048w, https:\/\/lesgaletsdemarion.com\/wp-content\/uploads\/2024\/11\/cadre-moyen-format-couleur-bois-famille-chouette-en-galets-peints-sur-branche-de-bois-flotte-1568x1200.jpg 1568w, https:\/\/lesgaletsdemarion.com\/wp-content\/uploads\/2024\/11\/cadre-moyen-format-couleur-bois-famille-chouette-en-galets-peints-sur-branche-de-bois-flotte-600x459.jpg 600w\" sizes=\"(max-width: 750px) 100vw, 750px\" style=\"width:100%;height:76.52%;max-width:2517px\" \/>\t\t\t\t\t\t\t\t\t\t\t\t\t\t\t<\/div>\n\t\t\t\t<\/div>\n\t\t\t\t<div class=\"elementor-element elementor-element-a2b791e elementor-widget__width-initial elementor-widget elementor-widget-image\" data-id=\"a2b791e\" data-element_type=\"widget\" data-e-type=\"widget\" data-widget_type=\"image.default\">\n\t\t\t\t<div class=\"elementor-widget-container\">\n\t\t\t\t\t\t\t\t\t\t\t\t\t\t\t<img loading=\"lazy\" decoding=\"async\" width=\"750\" height=\"573\" src=\"https:\/\/lesgaletsdemarion.com\/wp-content\/uploads\/2023\/12\/cadre-moyen-meduses-amoureuses-en-verre-poli-blanc-scaled-e1703778846613-1024x783.jpg\" class=\"attachment-large size-large wp-image-2065\" alt=\"cadre moyen meduses amoureuses en verre poli blanc\" srcset=\"https:\/\/lesgaletsdemarion.com\/wp-content\/uploads\/2023\/12\/cadre-moyen-meduses-amoureuses-en-verre-poli-blanc-scaled-e1703778846613-1024x783.jpg 1024w, https:\/\/lesgaletsdemarion.com\/wp-content\/uploads\/2023\/12\/cadre-moyen-meduses-amoureuses-en-verre-poli-blanc-scaled-e1703778846613-300x229.jpg 300w, https:\/\/lesgaletsdemarion.com\/wp-content\/uploads\/2023\/12\/cadre-moyen-meduses-amoureuses-en-verre-poli-blanc-scaled-e1703778846613-768x587.jpg 768w, https:\/\/lesgaletsdemarion.com\/wp-content\/uploads\/2023\/12\/cadre-moyen-meduses-amoureuses-en-verre-poli-blanc-scaled-e1703778846613-1536x1175.jpg 1536w, https:\/\/lesgaletsdemarion.com\/wp-content\/uploads\/2023\/12\/cadre-moyen-meduses-amoureuses-en-verre-poli-blanc-scaled-e1703778846613-1568x1199.jpg 1568w, https:\/\/lesgaletsdemarion.com\/wp-content\/uploads\/2023\/12\/cadre-moyen-meduses-amoureuses-en-verre-poli-blanc-scaled-e1703778846613-600x459.jpg 600w, https:\/\/lesgaletsdemarion.com\/wp-content\/uploads\/2023\/12\/cadre-moyen-meduses-amoureuses-en-verre-poli-blanc-scaled-e1703778846613.jpg 1740w\" sizes=\"(max-width: 750px) 100vw, 750px\" style=\"width:100%;height:76.49%;max-width:1740px\" \/>\t\t\t\t\t\t\t\t\t\t\t\t\t\t\t<\/div>\n\t\t\t\t<\/div>\n\t\t\t\t<div class=\"elementor-element elementor-element-ddd9157 elementor-widget__width-initial elementor-widget elementor-widget-image\" data-id=\"ddd9157\" data-element_type=\"widget\" data-e-type=\"widget\" data-widget_type=\"image.default\">\n\t\t\t\t<div class=\"elementor-widget-container\">\n\t\t\t\t\t\t\t\t\t\t\t\t\t\t\t<img loading=\"lazy\" decoding=\"async\" width=\"750\" height=\"560\" src=\"https:\/\/lesgaletsdemarion.com\/wp-content\/uploads\/2023\/08\/20211115_141017-1024x765.jpg\" class=\"attachment-large size-large wp-image-481\" alt=\"\" srcset=\"https:\/\/lesgaletsdemarion.com\/wp-content\/uploads\/2023\/08\/20211115_141017-1024x765.jpg 1024w, https:\/\/lesgaletsdemarion.com\/wp-content\/uploads\/2023\/08\/20211115_141017-300x224.jpg 300w, https:\/\/lesgaletsdemarion.com\/wp-content\/uploads\/2023\/08\/20211115_141017-768x573.jpg 768w, https:\/\/lesgaletsdemarion.com\/wp-content\/uploads\/2023\/08\/20211115_141017-1536x1147.jpg 1536w, https:\/\/lesgaletsdemarion.com\/wp-content\/uploads\/2023\/08\/20211115_141017-2048x1529.jpg 2048w, https:\/\/lesgaletsdemarion.com\/wp-content\/uploads\/2023\/08\/20211115_141017-1568x1171.jpg 1568w, https:\/\/lesgaletsdemarion.com\/wp-content\/uploads\/2023\/08\/20211115_141017-600x448.jpg 600w\" sizes=\"(max-width: 750px) 100vw, 750px\" style=\"width:100%;height:74.65%;max-width:2560px\" \/>\t\t\t\t\t\t\t\t\t\t\t\t\t\t\t<\/div>\n\t\t\t\t<\/div>\n\t\t\t\t<div class=\"elementor-element elementor-element-1f59933 elementor-widget__width-initial elementor-widget elementor-widget-image\" data-id=\"1f59933\" data-element_type=\"widget\" data-e-type=\"widget\" data-widget_type=\"image.default\">\n\t\t\t\t<div class=\"elementor-widget-container\">\n\t\t\t\t\t\t\t\t\t\t\t\t\t\t\t<img loading=\"lazy\" decoding=\"async\" width=\"750\" height=\"563\" src=\"https:\/\/lesgaletsdemarion.com\/wp-content\/uploads\/2024\/11\/cadre-moyen-format-couloir-bois-famille-chouettes-au-ski-en-galets-peints-sur-branche-de-bois-flotte.-Personnalisation-avec-inscription-prenoms-sur-la-branche-1024x768.jpg\" class=\"attachment-large size-large wp-image-3007\" alt=\"cadre moyen format couleur bois famille chouettes au ski en galets peints sur branche de bois flott\u00e9. Personnalisation avec inscription pr\u00e9noms sur la branche\" srcset=\"https:\/\/lesgaletsdemarion.com\/wp-content\/uploads\/2024\/11\/cadre-moyen-format-couloir-bois-famille-chouettes-au-ski-en-galets-peints-sur-branche-de-bois-flotte.-Personnalisation-avec-inscription-prenoms-sur-la-branche-1024x768.jpg 1024w, https:\/\/lesgaletsdemarion.com\/wp-content\/uploads\/2024\/11\/cadre-moyen-format-couloir-bois-famille-chouettes-au-ski-en-galets-peints-sur-branche-de-bois-flotte.-Personnalisation-avec-inscription-prenoms-sur-la-branche-300x225.jpg 300w, https:\/\/lesgaletsdemarion.com\/wp-content\/uploads\/2024\/11\/cadre-moyen-format-couloir-bois-famille-chouettes-au-ski-en-galets-peints-sur-branche-de-bois-flotte.-Personnalisation-avec-inscription-prenoms-sur-la-branche-768x576.jpg 768w, https:\/\/lesgaletsdemarion.com\/wp-content\/uploads\/2024\/11\/cadre-moyen-format-couloir-bois-famille-chouettes-au-ski-en-galets-peints-sur-branche-de-bois-flotte.-Personnalisation-avec-inscription-prenoms-sur-la-branche-1536x1152.jpg 1536w, https:\/\/lesgaletsdemarion.com\/wp-content\/uploads\/2024\/11\/cadre-moyen-format-couloir-bois-famille-chouettes-au-ski-en-galets-peints-sur-branche-de-bois-flotte.-Personnalisation-avec-inscription-prenoms-sur-la-branche-2048x1536.jpg 2048w, https:\/\/lesgaletsdemarion.com\/wp-content\/uploads\/2024\/11\/cadre-moyen-format-couloir-bois-famille-chouettes-au-ski-en-galets-peints-sur-branche-de-bois-flotte.-Personnalisation-avec-inscription-prenoms-sur-la-branche-1568x1176.jpg 1568w, https:\/\/lesgaletsdemarion.com\/wp-content\/uploads\/2024\/11\/cadre-moyen-format-couloir-bois-famille-chouettes-au-ski-en-galets-peints-sur-branche-de-bois-flotte.-Personnalisation-avec-inscription-prenoms-sur-la-branche-600x450.jpg 600w\" sizes=\"(max-width: 750px) 100vw, 750px\" style=\"width:100%;height:75%;max-width:2560px\" \/>\t\t\t\t\t\t\t\t\t\t\t\t\t\t\t<\/div>\n\t\t\t\t<\/div>\n\t\t\t\t<div class=\"elementor-element elementor-element-0667f60 elementor-widget__width-initial elementor-widget elementor-widget-image\" data-id=\"0667f60\" data-element_type=\"widget\" data-e-type=\"widget\" data-widget_type=\"image.default\">\n\t\t\t\t<div class=\"elementor-widget-container\">\n\t\t\t\t\t\t\t\t\t\t\t\t\t\t\t<img loading=\"lazy\" decoding=\"async\" width=\"750\" height=\"620\" src=\"https:\/\/lesgaletsdemarion.com\/wp-content\/uploads\/2024\/12\/cadre-galets-2-chouettes-balancoire-theme-livres-et-voyage-1024x847.jpg\" class=\"attachment-large size-large wp-image-3037\" alt=\"cadre galets 2 chouettes balan\u00e7oire th\u00e8me livres et voyage\" srcset=\"https:\/\/lesgaletsdemarion.com\/wp-content\/uploads\/2024\/12\/cadre-galets-2-chouettes-balancoire-theme-livres-et-voyage-1024x847.jpg 1024w, https:\/\/lesgaletsdemarion.com\/wp-content\/uploads\/2024\/12\/cadre-galets-2-chouettes-balancoire-theme-livres-et-voyage-300x248.jpg 300w, https:\/\/lesgaletsdemarion.com\/wp-content\/uploads\/2024\/12\/cadre-galets-2-chouettes-balancoire-theme-livres-et-voyage-768x635.jpg 768w, https:\/\/lesgaletsdemarion.com\/wp-content\/uploads\/2024\/12\/cadre-galets-2-chouettes-balancoire-theme-livres-et-voyage-1536x1270.jpg 1536w, https:\/\/lesgaletsdemarion.com\/wp-content\/uploads\/2024\/12\/cadre-galets-2-chouettes-balancoire-theme-livres-et-voyage-2048x1693.jpg 2048w, https:\/\/lesgaletsdemarion.com\/wp-content\/uploads\/2024\/12\/cadre-galets-2-chouettes-balancoire-theme-livres-et-voyage-1568x1296.jpg 1568w, https:\/\/lesgaletsdemarion.com\/wp-content\/uploads\/2024\/12\/cadre-galets-2-chouettes-balancoire-theme-livres-et-voyage-600x496.jpg 600w\" sizes=\"(max-width: 750px) 100vw, 750px\" style=\"width:100%;height:82.68%;max-width:2130px\" \/>\t\t\t\t\t\t\t\t\t\t\t\t\t\t\t<\/div>\n\t\t\t\t<\/div>\n\t\t\t\t\t<\/div>\n\t\t<\/div>\n\t\t\t\t<div class=\"elementor-column elementor-col-33 elementor-top-column elementor-element elementor-element-075524e\" data-id=\"075524e\" data-element_type=\"column\" data-e-type=\"column\">\n\t\t\t<div class=\"elementor-widget-wrap elementor-element-populated\">\n\t\t\t\t\t\t<div class=\"elementor-element elementor-element-c86d460 elementor-widget elementor-widget-text-editor\" data-id=\"c86d460\" data-element_type=\"widget\" data-e-type=\"widget\" data-widget_type=\"text-editor.default\">\n\t\t\t\t<div class=\"elementor-widget-container\">\n\t\t\t\t\t\t\t\t\t<p><strong>Grand format<\/strong><\/p>\n<p>Cadre<strong> 23X18 cm <\/strong>(personnalisation incluse)<\/p><div>jusqu&rsquo;\u00e0 5 galets <strong>40\u20ac<\/strong><br>6 galets \u00e0 8 galets <strong>45\u20ac<\/strong> <strong><\/strong><\/div>\t\t\t\t\t\t\t\t<\/div>\n\t\t\t\t<\/div>\n\t\t\t\t<div class=\"elementor-element elementor-element-4639d90 elementor-widget__width-initial elementor-widget elementor-widget-image\" data-id=\"4639d90\" data-element_type=\"widget\" data-e-type=\"widget\" data-widget_type=\"image.default\">\n\t\t\t\t<div class=\"elementor-widget-container\">\n\t\t\t\t\t\t\t\t\t\t\t\t\t\t\t<img loading=\"lazy\" decoding=\"async\" width=\"750\" height=\"604\" src=\"https:\/\/lesgaletsdemarion.com\/wp-content\/uploads\/2023\/12\/grand-cadre-famille-galets-special-bapteme-avec-galet-coeur-lune-et-phrase-personnalisee-une-alliance-pour-construire-un-monde-1024x825.jpg\" class=\"attachment-large size-large wp-image-2060\" alt=\"grand cadre famille galets sp\u00e9cial bapt\u00e8me avec galet coeur lune et phrase personnalis\u00e9e une alliance pour construire un monde\" srcset=\"https:\/\/lesgaletsdemarion.com\/wp-content\/uploads\/2023\/12\/grand-cadre-famille-galets-special-bapteme-avec-galet-coeur-lune-et-phrase-personnalisee-une-alliance-pour-construire-un-monde-1024x825.jpg 1024w, https:\/\/lesgaletsdemarion.com\/wp-content\/uploads\/2023\/12\/grand-cadre-famille-galets-special-bapteme-avec-galet-coeur-lune-et-phrase-personnalisee-une-alliance-pour-construire-un-monde-300x242.jpg 300w, https:\/\/lesgaletsdemarion.com\/wp-content\/uploads\/2023\/12\/grand-cadre-famille-galets-special-bapteme-avec-galet-coeur-lune-et-phrase-personnalisee-une-alliance-pour-construire-un-monde-768x619.jpg 768w, https:\/\/lesgaletsdemarion.com\/wp-content\/uploads\/2023\/12\/grand-cadre-famille-galets-special-bapteme-avec-galet-coeur-lune-et-phrase-personnalisee-une-alliance-pour-construire-un-monde-1536x1238.jpg 1536w, https:\/\/lesgaletsdemarion.com\/wp-content\/uploads\/2023\/12\/grand-cadre-famille-galets-special-bapteme-avec-galet-coeur-lune-et-phrase-personnalisee-une-alliance-pour-construire-un-monde-2048x1651.jpg 2048w, https:\/\/lesgaletsdemarion.com\/wp-content\/uploads\/2023\/12\/grand-cadre-famille-galets-special-bapteme-avec-galet-coeur-lune-et-phrase-personnalisee-une-alliance-pour-construire-un-monde-1568x1264.jpg 1568w, https:\/\/lesgaletsdemarion.com\/wp-content\/uploads\/2023\/12\/grand-cadre-famille-galets-special-bapteme-avec-galet-coeur-lune-et-phrase-personnalisee-une-alliance-pour-construire-un-monde-600x484.jpg 600w\" sizes=\"(max-width: 750px) 100vw, 750px\" style=\"width:100%;height:80.63%;max-width:2560px\" \/>\t\t\t\t\t\t\t\t\t\t\t\t\t\t\t<\/div>\n\t\t\t\t<\/div>\n\t\t\t\t<div class=\"elementor-element elementor-element-2ab2bed elementor-widget__width-initial elementor-widget elementor-widget-image\" data-id=\"2ab2bed\" data-element_type=\"widget\" data-e-type=\"widget\" data-widget_type=\"image.default\">\n\t\t\t\t<div class=\"elementor-widget-container\">\n\t\t\t\t\t\t\t\t\t\t\t\t\t\t\t<img loading=\"lazy\" decoding=\"async\" width=\"750\" height=\"601\" src=\"https:\/\/lesgaletsdemarion.com\/wp-content\/uploads\/2025\/06\/cadre-grand-format-2-galets-peints-anniversaire-60-ans-les-galets-de-Marion-scaled-e1749226700342-1024x820.jpg\" class=\"attachment-large size-large wp-image-3288\" alt=\"cadre grand format 2 galets peints anniversaire 60 ans les galets de Marion\" srcset=\"https:\/\/lesgaletsdemarion.com\/wp-content\/uploads\/2025\/06\/cadre-grand-format-2-galets-peints-anniversaire-60-ans-les-galets-de-Marion-scaled-e1749226700342-1024x820.jpg 1024w, https:\/\/lesgaletsdemarion.com\/wp-content\/uploads\/2025\/06\/cadre-grand-format-2-galets-peints-anniversaire-60-ans-les-galets-de-Marion-scaled-e1749226700342-300x240.jpg 300w, https:\/\/lesgaletsdemarion.com\/wp-content\/uploads\/2025\/06\/cadre-grand-format-2-galets-peints-anniversaire-60-ans-les-galets-de-Marion-scaled-e1749226700342-768x615.jpg 768w, https:\/\/lesgaletsdemarion.com\/wp-content\/uploads\/2025\/06\/cadre-grand-format-2-galets-peints-anniversaire-60-ans-les-galets-de-Marion-scaled-e1749226700342-600x481.jpg 600w, https:\/\/lesgaletsdemarion.com\/wp-content\/uploads\/2025\/06\/cadre-grand-format-2-galets-peints-anniversaire-60-ans-les-galets-de-Marion-scaled-e1749226700342.jpg 1438w\" sizes=\"(max-width: 750px) 100vw, 750px\" style=\"width:100%;height:80.11%;max-width:1438px\" \/>\t\t\t\t\t\t\t\t\t\t\t\t\t\t\t<\/div>\n\t\t\t\t<\/div>\n\t\t\t\t<div class=\"elementor-element elementor-element-74f8400 elementor-widget__width-initial elementor-widget elementor-widget-image\" data-id=\"74f8400\" data-element_type=\"widget\" data-e-type=\"widget\" data-widget_type=\"image.default\">\n\t\t\t\t<div class=\"elementor-widget-container\">\n\t\t\t\t\t\t\t\t\t\t\t\t\t\t\t<img loading=\"lazy\" decoding=\"async\" width=\"750\" height=\"609\" src=\"https:\/\/lesgaletsdemarion.com\/wp-content\/uploads\/2023\/08\/IMG20221125101841-1-1024x831.jpg\" class=\"attachment-large size-large wp-image-487\" alt=\"\" srcset=\"https:\/\/lesgaletsdemarion.com\/wp-content\/uploads\/2023\/08\/IMG20221125101841-1-1024x831.jpg 1024w, https:\/\/lesgaletsdemarion.com\/wp-content\/uploads\/2023\/08\/IMG20221125101841-1-300x244.jpg 300w, https:\/\/lesgaletsdemarion.com\/wp-content\/uploads\/2023\/08\/IMG20221125101841-1-768x623.jpg 768w, https:\/\/lesgaletsdemarion.com\/wp-content\/uploads\/2023\/08\/IMG20221125101841-1-1536x1247.jpg 1536w, https:\/\/lesgaletsdemarion.com\/wp-content\/uploads\/2023\/08\/IMG20221125101841-1-2048x1663.jpg 2048w, https:\/\/lesgaletsdemarion.com\/wp-content\/uploads\/2023\/08\/IMG20221125101841-1-1568x1273.jpg 1568w, https:\/\/lesgaletsdemarion.com\/wp-content\/uploads\/2023\/08\/IMG20221125101841-1-600x487.jpg 600w\" sizes=\"(max-width: 750px) 100vw, 750px\" style=\"width:100%;height:81.17%;max-width:2560px\" \/>\t\t\t\t\t\t\t\t\t\t\t\t\t\t\t<\/div>\n\t\t\t\t<\/div>\n\t\t\t\t<div class=\"elementor-element elementor-element-ddeebd6 elementor-widget__width-initial elementor-widget elementor-widget-image\" data-id=\"ddeebd6\" data-element_type=\"widget\" data-e-type=\"widget\" data-widget_type=\"image.default\">\n\t\t\t\t<div class=\"elementor-widget-container\">\n\t\t\t\t\t\t\t\t\t\t\t\t\t\t\t<img loading=\"lazy\" decoding=\"async\" width=\"750\" height=\"613\" src=\"https:\/\/lesgaletsdemarion.com\/wp-content\/uploads\/2023\/12\/grand-cadre-famille-5-galets-2-adultes-et-3enfants-sur-fond-vert-deau-e1703779222632-1024x837.jpg\" class=\"attachment-large size-large wp-image-2072\" alt=\"grand cadre famille 5 galets 2 adultes et 3enfants sur fond vert d&#039;eau\" srcset=\"https:\/\/lesgaletsdemarion.com\/wp-content\/uploads\/2023\/12\/grand-cadre-famille-5-galets-2-adultes-et-3enfants-sur-fond-vert-deau-e1703779222632-1024x837.jpg 1024w, https:\/\/lesgaletsdemarion.com\/wp-content\/uploads\/2023\/12\/grand-cadre-famille-5-galets-2-adultes-et-3enfants-sur-fond-vert-deau-e1703779222632-300x245.jpg 300w, https:\/\/lesgaletsdemarion.com\/wp-content\/uploads\/2023\/12\/grand-cadre-famille-5-galets-2-adultes-et-3enfants-sur-fond-vert-deau-e1703779222632-768x628.jpg 768w, https:\/\/lesgaletsdemarion.com\/wp-content\/uploads\/2023\/12\/grand-cadre-famille-5-galets-2-adultes-et-3enfants-sur-fond-vert-deau-e1703779222632-1536x1256.jpg 1536w, https:\/\/lesgaletsdemarion.com\/wp-content\/uploads\/2023\/12\/grand-cadre-famille-5-galets-2-adultes-et-3enfants-sur-fond-vert-deau-e1703779222632-2048x1674.jpg 2048w, https:\/\/lesgaletsdemarion.com\/wp-content\/uploads\/2023\/12\/grand-cadre-famille-5-galets-2-adultes-et-3enfants-sur-fond-vert-deau-e1703779222632-1568x1282.jpg 1568w, https:\/\/lesgaletsdemarion.com\/wp-content\/uploads\/2023\/12\/grand-cadre-famille-5-galets-2-adultes-et-3enfants-sur-fond-vert-deau-e1703779222632-600x491.jpg 600w\" sizes=\"(max-width: 750px) 100vw, 750px\" style=\"width:100%;height:81.75%;max-width:2236px\" \/>\t\t\t\t\t\t\t\t\t\t\t\t\t\t\t<\/div>\n\t\t\t\t<\/div>\n\t\t\t\t<div class=\"elementor-element elementor-element-f02b5f1 elementor-widget__width-initial elementor-widget elementor-widget-image\" data-id=\"f02b5f1\" data-element_type=\"widget\" data-e-type=\"widget\" data-widget_type=\"image.default\">\n\t\t\t\t<div class=\"elementor-widget-container\">\n\t\t\t\t\t\t\t\t\t\t\t\t\t\t\t<img loading=\"lazy\" decoding=\"async\" width=\"750\" height=\"607\" src=\"https:\/\/lesgaletsdemarion.com\/wp-content\/uploads\/2023\/08\/20220511_210639-1024x829.jpg\" class=\"attachment-large size-large wp-image-478\" alt=\"les galets de Marion cadre chouette famille galets peints th\u00e8me mariage\" srcset=\"https:\/\/lesgaletsdemarion.com\/wp-content\/uploads\/2023\/08\/20220511_210639-1024x829.jpg 1024w, https:\/\/lesgaletsdemarion.com\/wp-content\/uploads\/2023\/08\/20220511_210639-300x243.jpg 300w, https:\/\/lesgaletsdemarion.com\/wp-content\/uploads\/2023\/08\/20220511_210639-768x622.jpg 768w, https:\/\/lesgaletsdemarion.com\/wp-content\/uploads\/2023\/08\/20220511_210639-1536x1243.jpg 1536w, https:\/\/lesgaletsdemarion.com\/wp-content\/uploads\/2023\/08\/20220511_210639-2048x1658.jpg 2048w, https:\/\/lesgaletsdemarion.com\/wp-content\/uploads\/2023\/08\/20220511_210639-1568x1269.jpg 1568w, https:\/\/lesgaletsdemarion.com\/wp-content\/uploads\/2023\/08\/20220511_210639-600x486.jpg 600w\" sizes=\"(max-width: 750px) 100vw, 750px\" style=\"width:100%;height:80.94%;max-width:2560px\" \/>\t\t\t\t\t\t\t\t\t\t\t\t\t\t\t<\/div>\n\t\t\t\t<\/div>\n\t\t\t\t<div class=\"elementor-element elementor-element-7640064 elementor-widget__width-initial elementor-widget elementor-widget-image\" data-id=\"7640064\" data-element_type=\"widget\" data-e-type=\"widget\" data-widget_type=\"image.default\">\n\t\t\t\t<div class=\"elementor-widget-container\">\n\t\t\t\t\t\t\t\t\t\t\t\t\t\t\t<img loading=\"lazy\" decoding=\"async\" width=\"750\" height=\"641\" src=\"https:\/\/lesgaletsdemarion.com\/wp-content\/uploads\/2024\/12\/cadre-famille-galets-6-chouettes-avec-galets-coeur-1024x875.jpg\" class=\"attachment-large size-large wp-image-3028\" alt=\"cadre famille galets 6 chouettes avec galets coeur\" srcset=\"https:\/\/lesgaletsdemarion.com\/wp-content\/uploads\/2024\/12\/cadre-famille-galets-6-chouettes-avec-galets-coeur-1024x875.jpg 1024w, https:\/\/lesgaletsdemarion.com\/wp-content\/uploads\/2024\/12\/cadre-famille-galets-6-chouettes-avec-galets-coeur-300x256.jpg 300w, https:\/\/lesgaletsdemarion.com\/wp-content\/uploads\/2024\/12\/cadre-famille-galets-6-chouettes-avec-galets-coeur-768x656.jpg 768w, https:\/\/lesgaletsdemarion.com\/wp-content\/uploads\/2024\/12\/cadre-famille-galets-6-chouettes-avec-galets-coeur-1536x1312.jpg 1536w, https:\/\/lesgaletsdemarion.com\/wp-content\/uploads\/2024\/12\/cadre-famille-galets-6-chouettes-avec-galets-coeur-1568x1339.jpg 1568w, https:\/\/lesgaletsdemarion.com\/wp-content\/uploads\/2024\/12\/cadre-famille-galets-6-chouettes-avec-galets-coeur-600x512.jpg 600w, https:\/\/lesgaletsdemarion.com\/wp-content\/uploads\/2024\/12\/cadre-famille-galets-6-chouettes-avec-galets-coeur.jpg 1995w\" sizes=\"(max-width: 750px) 100vw, 750px\" style=\"width:100%;height:85.41%;max-width:1995px\" \/>\t\t\t\t\t\t\t\t\t\t\t\t\t\t\t<\/div>\n\t\t\t\t<\/div>\n\t\t\t\t<div class=\"elementor-element elementor-element-8ed3516 elementor-widget__width-initial elementor-widget elementor-widget-image\" data-id=\"8ed3516\" data-element_type=\"widget\" data-e-type=\"widget\" data-widget_type=\"image.default\">\n\t\t\t\t<div class=\"elementor-widget-container\">\n\t\t\t\t\t\t\t\t\t\t\t\t\t\t\t<img loading=\"lazy\" decoding=\"async\" width=\"750\" height=\"644\" src=\"https:\/\/lesgaletsdemarion.com\/wp-content\/uploads\/2025\/01\/cadre-de-famille-galets-peints-avec-animaux-de-compagnie-chats-et-chien-1024x879.jpg\" class=\"attachment-large size-large wp-image-3088\" alt=\"cadre de famille galets peints avec animaux de compagnie chats et chien\" srcset=\"https:\/\/lesgaletsdemarion.com\/wp-content\/uploads\/2025\/01\/cadre-de-famille-galets-peints-avec-animaux-de-compagnie-chats-et-chien-1024x879.jpg 1024w, https:\/\/lesgaletsdemarion.com\/wp-content\/uploads\/2025\/01\/cadre-de-famille-galets-peints-avec-animaux-de-compagnie-chats-et-chien-300x257.jpg 300w, https:\/\/lesgaletsdemarion.com\/wp-content\/uploads\/2025\/01\/cadre-de-famille-galets-peints-avec-animaux-de-compagnie-chats-et-chien-768x659.jpg 768w, https:\/\/lesgaletsdemarion.com\/wp-content\/uploads\/2025\/01\/cadre-de-famille-galets-peints-avec-animaux-de-compagnie-chats-et-chien-1536x1318.jpg 1536w, https:\/\/lesgaletsdemarion.com\/wp-content\/uploads\/2025\/01\/cadre-de-famille-galets-peints-avec-animaux-de-compagnie-chats-et-chien-1568x1346.jpg 1568w, https:\/\/lesgaletsdemarion.com\/wp-content\/uploads\/2025\/01\/cadre-de-famille-galets-peints-avec-animaux-de-compagnie-chats-et-chien-600x515.jpg 600w, https:\/\/lesgaletsdemarion.com\/wp-content\/uploads\/2025\/01\/cadre-de-famille-galets-peints-avec-animaux-de-compagnie-chats-et-chien.jpg 1762w\" sizes=\"(max-width: 750px) 100vw, 750px\" style=\"width:100%;height:85.81%;max-width:1762px\" \/>\t\t\t\t\t\t\t\t\t\t\t\t\t\t\t<\/div>\n\t\t\t\t<\/div>\n\t\t\t\t\t<\/div>\n\t\t<\/div>\n\t\t\t\t\t<\/div>\n\t\t<\/section>\n\t\t\t\t<section class=\"elementor-section elementor-top-section elementor-element elementor-element-c5699c6 elementor-section-boxed elementor-section-height-default elementor-section-height-default\" data-id=\"c5699c6\" data-element_type=\"section\" data-e-type=\"section\">\n\t\t\t\t\t\t<div class=\"elementor-container elementor-column-gap-default\">\n\t\t\t\t\t<div class=\"elementor-column elementor-col-100 elementor-top-column elementor-element elementor-element-e1addea\" data-id=\"e1addea\" data-element_type=\"column\" data-e-type=\"column\">\n\t\t\t<div class=\"elementor-widget-wrap elementor-element-populated\">\n\t\t\t\t\t\t<div class=\"elementor-element elementor-element-b4764af elementor-align-right elementor-mobile-align-center elementor-widget elementor-widget-button\" data-id=\"b4764af\" data-element_type=\"widget\" data-e-type=\"widget\" data-widget_type=\"button.default\">\n\t\t\t\t<div class=\"elementor-widget-container\">\n\t\t\t\t\t\t\t\t\t<div class=\"elementor-button-wrapper\">\n\t\t\t\t\t<a class=\"elementor-button elementor-button-link elementor-size-xs\" href=\"https:\/\/lesgaletsdemarion.com\/index.php\/contact-us\/\">\n\t\t\t\t\t\t<span class=\"elementor-button-content-wrapper\">\n\t\t\t\t\t\t\t\t\t<span class=\"elementor-button-text\">Commander<\/span>\n\t\t\t\t\t<\/span>\n\t\t\t\t\t<\/a>\n\t\t\t\t<\/div>\n\t\t\t\t\t\t\t\t<\/div>\n\t\t\t\t<\/div>\n\t\t\t\t<div class=\"elementor-element elementor-element-241214a elementor-widget elementor-widget-text-editor\" data-id=\"241214a\" data-element_type=\"widget\" data-e-type=\"widget\" data-widget_type=\"text-editor.default\">\n\t\t\t\t<div class=\"elementor-widget-container\">\n\t\t\t\t\t\t\t\t\t<p>Tous les cadres sont exp\u00e9di\u00e9s sans vitre et disponibles en 3 couleurs : blanc, noir ou bois.<\/p><p>Pour la <span style=\"text-decoration: underline;\">livraison<\/span> (<strong>Mondial Relay<\/strong>),\u00a0 pr\u00e9voir un <span style=\"text-decoration: underline;\">suppl\u00e9ment de <strong>5\u20ac<\/strong><\/span><\/p>\t\t\t\t\t\t\t\t<\/div>\n\t\t\t\t<\/div>\n\t\t\t\t\t<\/div>\n\t\t<\/div>\n\t\t\t\t\t<\/div>\n\t\t<\/section>\n\t\t\t\t<section class=\"elementor-section elementor-top-section elementor-element elementor-element-1c4ed22 elementor-section-boxed elementor-section-height-default elementor-section-height-default\" data-id=\"1c4ed22\" data-element_type=\"section\" data-e-type=\"section\">\n\t\t\t\t\t\t<div class=\"elementor-container elementor-column-gap-default\">\n\t\t\t\t\t<div class=\"elementor-column elementor-col-100 elementor-top-column elementor-element elementor-element-ae9ed54\" data-id=\"ae9ed54\" data-element_type=\"column\" data-e-type=\"column\">\n\t\t\t<div class=\"elementor-widget-wrap\">\n\t\t\t\t\t\t\t<\/div>\n\t\t<\/div>\n\t\t\t\t\t<\/div>\n\t\t<\/section>\n\t\t\t\t<\/div>\n\t\t","protected":false},"excerpt":{"rendered":"<p>Les cadres de famille galets Le cadre de famille galets est un cadeau unique et original 100% personnalisable Petit format\u00a0 Cadre 17X12 cm,\u00a0 2 galets (id\u00e9al pour couple) 25\u20ac (personnalisation incluse) Format moyen cadre 20X15 cm, 3 \u00e0 4 galets 30\u20ac\u00a0(personnalisation incluse) Grand format Cadre 23X18 cm (personnalisation incluse) jusqu&rsquo;\u00e0 5 galets 40\u20ac6 galets \u00e0&hellip; <a class=\"more-link\" href=\"https:\/\/lesgaletsdemarion.com\/index.php\/cadres-de-famille-galets\/\">Poursuivre la lecture <span class=\"screen-reader-text\">Cadres de famille galets<\/span><\/a><\/p>\n","protected":false},"author":1,"featured_media":0,"parent":0,"menu_order":0,"comment_status":"open","ping_status":"closed","template":"elementor_header_footer","meta":{"footnotes":""},"class_list":["post-1268","page","type-page","status-publish","hentry","entry"],"yoast_head":"<!-- This site is optimized with the Yoast SEO plugin v27.5 - https:\/\/yoast.com\/product\/yoast-seo-wordpress\/ -->\n<title>Cadres de famille galets - Les Galets de Marion<\/title>\n<meta name=\"description\" content=\"Cr\u00e9ation artisanale de cadres de familles en galets peints sur bois flott\u00e9 pour une d\u00e9coration naturelle. De 1 \u00e0 7 personnages personnalisable (pr\u00e9noms)\" \/>\n<meta name=\"robots\" content=\"index, follow, max-snippet:-1, max-image-preview:large, max-video-preview:-1\" \/>\n<link rel=\"canonical\" href=\"https:\/\/lesgaletsdemarion.com\/index.php\/cadres-de-famille-galets\/\" \/>\n<meta property=\"og:locale\" content=\"fr_FR\" \/>\n<meta property=\"og:type\" content=\"article\" \/>\n<meta property=\"og:title\" content=\"Cadres de famille galets - Les Galets de Marion\" \/>\n<meta property=\"og:description\" content=\"Cr\u00e9ation artisanale de cadres de familles en galets peints sur bois flott\u00e9 pour une d\u00e9coration naturelle. De 1 \u00e0 7 personnages personnalisable (pr\u00e9noms)\" \/>\n<meta property=\"og:url\" content=\"https:\/\/lesgaletsdemarion.com\/index.php\/cadres-de-famille-galets\/\" \/>\n<meta property=\"og:site_name\" content=\"Les Galets de Marion\" \/>\n<meta property=\"article:publisher\" content=\"https:\/\/www.facebook.com\/lesgaletsdemarion\/\" \/>\n<meta property=\"article:modified_time\" content=\"2025-06-06T17:06:06+00:00\" \/>\n<meta property=\"og:image\" content=\"https:\/\/lesgaletsdemarion.com\/wp-content\/uploads\/2023\/10\/cadre-de-familles-galets1-e1696175568177-991x1024.png\" \/>\n\t<meta property=\"og:image:width\" content=\"991\" \/>\n\t<meta property=\"og:image:height\" content=\"1024\" \/>\n\t<meta property=\"og:image:type\" content=\"image\/png\" \/>\n<meta name=\"twitter:card\" content=\"summary_large_image\" \/>\n<meta name=\"twitter:label1\" content=\"Dur\u00e9e de lecture estim\u00e9e\" \/>\n\t<meta name=\"twitter:data1\" content=\"6 minutes\" \/>\n<script type=\"application\/ld+json\" class=\"yoast-schema-graph\">{\"@context\":\"https:\\\/\\\/schema.org\",\"@graph\":[{\"@type\":\"WebPage\",\"@id\":\"https:\\\/\\\/lesgaletsdemarion.com\\\/index.php\\\/cadres-de-famille-galets\\\/\",\"url\":\"https:\\\/\\\/lesgaletsdemarion.com\\\/index.php\\\/cadres-de-famille-galets\\\/\",\"name\":\"Cadres de famille galets - Les Galets de Marion\",\"isPartOf\":{\"@id\":\"https:\\\/\\\/lesgaletsdemarion.com\\\/#website\"},\"primaryImageOfPage\":{\"@id\":\"https:\\\/\\\/lesgaletsdemarion.com\\\/index.php\\\/cadres-de-famille-galets\\\/#primaryimage\"},\"image\":{\"@id\":\"https:\\\/\\\/lesgaletsdemarion.com\\\/index.php\\\/cadres-de-famille-galets\\\/#primaryimage\"},\"thumbnailUrl\":\"https:\\\/\\\/lesgaletsdemarion.com\\\/wp-content\\\/uploads\\\/2023\\\/10\\\/cadre-de-familles-galets1-e1696175568177-768x793.png\",\"datePublished\":\"2023-10-01T15:42:53+00:00\",\"dateModified\":\"2025-06-06T17:06:06+00:00\",\"description\":\"Cr\u00e9ation artisanale de cadres de familles en galets peints sur bois flott\u00e9 pour une d\u00e9coration naturelle. De 1 \u00e0 7 personnages personnalisable (pr\u00e9noms)\",\"breadcrumb\":{\"@id\":\"https:\\\/\\\/lesgaletsdemarion.com\\\/index.php\\\/cadres-de-famille-galets\\\/#breadcrumb\"},\"inLanguage\":\"fr-FR\",\"potentialAction\":[{\"@type\":\"ReadAction\",\"target\":[\"https:\\\/\\\/lesgaletsdemarion.com\\\/index.php\\\/cadres-de-famille-galets\\\/\"]}]},{\"@type\":\"ImageObject\",\"inLanguage\":\"fr-FR\",\"@id\":\"https:\\\/\\\/lesgaletsdemarion.com\\\/index.php\\\/cadres-de-famille-galets\\\/#primaryimage\",\"url\":\"https:\\\/\\\/lesgaletsdemarion.com\\\/wp-content\\\/uploads\\\/2023\\\/10\\\/cadre-de-familles-galets1-e1696175568177.png\",\"contentUrl\":\"https:\\\/\\\/lesgaletsdemarion.com\\\/wp-content\\\/uploads\\\/2023\\\/10\\\/cadre-de-familles-galets1-e1696175568177.png\",\"width\":1586,\"height\":1638},{\"@type\":\"BreadcrumbList\",\"@id\":\"https:\\\/\\\/lesgaletsdemarion.com\\\/index.php\\\/cadres-de-famille-galets\\\/#breadcrumb\",\"itemListElement\":[{\"@type\":\"ListItem\",\"position\":1,\"name\":\"Accueil\",\"item\":\"https:\\\/\\\/lesgaletsdemarion.com\\\/\"},{\"@type\":\"ListItem\",\"position\":2,\"name\":\"Cadres de famille galets\"}]},{\"@type\":\"WebSite\",\"@id\":\"https:\\\/\\\/lesgaletsdemarion.com\\\/#website\",\"url\":\"https:\\\/\\\/lesgaletsdemarion.com\\\/\",\"name\":\"Les Galets de Marion\",\"description\":\"Cr\u00e9ations de peinture sur galets animation d&#039;ateliers loisirs cr\u00e9atifs et d&#039;anniversaire cr\u00e9atifs sur Marseille\",\"publisher\":{\"@id\":\"https:\\\/\\\/lesgaletsdemarion.com\\\/#organization\"},\"potentialAction\":[{\"@type\":\"SearchAction\",\"target\":{\"@type\":\"EntryPoint\",\"urlTemplate\":\"https:\\\/\\\/lesgaletsdemarion.com\\\/?s={search_term_string}\"},\"query-input\":{\"@type\":\"PropertyValueSpecification\",\"valueRequired\":true,\"valueName\":\"search_term_string\"}}],\"inLanguage\":\"fr-FR\"},{\"@type\":\"Organization\",\"@id\":\"https:\\\/\\\/lesgaletsdemarion.com\\\/#organization\",\"name\":\"Les Galets de Marion\",\"url\":\"https:\\\/\\\/lesgaletsdemarion.com\\\/\",\"logo\":{\"@type\":\"ImageObject\",\"inLanguage\":\"fr-FR\",\"@id\":\"https:\\\/\\\/lesgaletsdemarion.com\\\/#\\\/schema\\\/logo\\\/image\\\/\",\"url\":\"https:\\\/\\\/lesgaletsdemarion.com\\\/wp-content\\\/uploads\\\/2023\\\/08\\\/Logo_GDM_Bleu.png\",\"contentUrl\":\"https:\\\/\\\/lesgaletsdemarion.com\\\/wp-content\\\/uploads\\\/2023\\\/08\\\/Logo_GDM_Bleu.png\",\"width\":927,\"height\":926,\"caption\":\"Les Galets de Marion\"},\"image\":{\"@id\":\"https:\\\/\\\/lesgaletsdemarion.com\\\/#\\\/schema\\\/logo\\\/image\\\/\"},\"sameAs\":[\"https:\\\/\\\/www.facebook.com\\\/lesgaletsdemarion\\\/\",\"https:\\\/\\\/www.instagram.com\\\/lesgaletsdemarion\\\/\"]}]}<\/script>\n<!-- \/ Yoast SEO plugin. -->","yoast_head_json":{"title":"Cadres de famille galets - Les Galets de Marion","description":"Cr\u00e9ation artisanale de cadres de familles en galets peints sur bois flott\u00e9 pour une d\u00e9coration naturelle. De 1 \u00e0 7 personnages personnalisable (pr\u00e9noms)","robots":{"index":"index","follow":"follow","max-snippet":"max-snippet:-1","max-image-preview":"max-image-preview:large","max-video-preview":"max-video-preview:-1"},"canonical":"https:\/\/lesgaletsdemarion.com\/index.php\/cadres-de-famille-galets\/","og_locale":"fr_FR","og_type":"article","og_title":"Cadres de famille galets - Les Galets de Marion","og_description":"Cr\u00e9ation artisanale de cadres de familles en galets peints sur bois flott\u00e9 pour une d\u00e9coration naturelle. De 1 \u00e0 7 personnages personnalisable (pr\u00e9noms)","og_url":"https:\/\/lesgaletsdemarion.com\/index.php\/cadres-de-famille-galets\/","og_site_name":"Les Galets de Marion","article_publisher":"https:\/\/www.facebook.com\/lesgaletsdemarion\/","article_modified_time":"2025-06-06T17:06:06+00:00","og_image":[{"width":991,"height":1024,"url":"https:\/\/lesgaletsdemarion.com\/wp-content\/uploads\/2023\/10\/cadre-de-familles-galets1-e1696175568177-991x1024.png","type":"image\/png"}],"twitter_card":"summary_large_image","twitter_misc":{"Dur\u00e9e de lecture estim\u00e9e":"6 minutes"},"schema":{"@context":"https:\/\/schema.org","@graph":[{"@type":"WebPage","@id":"https:\/\/lesgaletsdemarion.com\/index.php\/cadres-de-famille-galets\/","url":"https:\/\/lesgaletsdemarion.com\/index.php\/cadres-de-famille-galets\/","name":"Cadres de famille galets - Les Galets de Marion","isPartOf":{"@id":"https:\/\/lesgaletsdemarion.com\/#website"},"primaryImageOfPage":{"@id":"https:\/\/lesgaletsdemarion.com\/index.php\/cadres-de-famille-galets\/#primaryimage"},"image":{"@id":"https:\/\/lesgaletsdemarion.com\/index.php\/cadres-de-famille-galets\/#primaryimage"},"thumbnailUrl":"https:\/\/lesgaletsdemarion.com\/wp-content\/uploads\/2023\/10\/cadre-de-familles-galets1-e1696175568177-768x793.png","datePublished":"2023-10-01T15:42:53+00:00","dateModified":"2025-06-06T17:06:06+00:00","description":"Cr\u00e9ation artisanale de cadres de familles en galets peints sur bois flott\u00e9 pour une d\u00e9coration naturelle. De 1 \u00e0 7 personnages personnalisable (pr\u00e9noms)","breadcrumb":{"@id":"https:\/\/lesgaletsdemarion.com\/index.php\/cadres-de-famille-galets\/#breadcrumb"},"inLanguage":"fr-FR","potentialAction":[{"@type":"ReadAction","target":["https:\/\/lesgaletsdemarion.com\/index.php\/cadres-de-famille-galets\/"]}]},{"@type":"ImageObject","inLanguage":"fr-FR","@id":"https:\/\/lesgaletsdemarion.com\/index.php\/cadres-de-famille-galets\/#primaryimage","url":"https:\/\/lesgaletsdemarion.com\/wp-content\/uploads\/2023\/10\/cadre-de-familles-galets1-e1696175568177.png","contentUrl":"https:\/\/lesgaletsdemarion.com\/wp-content\/uploads\/2023\/10\/cadre-de-familles-galets1-e1696175568177.png","width":1586,"height":1638},{"@type":"BreadcrumbList","@id":"https:\/\/lesgaletsdemarion.com\/index.php\/cadres-de-famille-galets\/#breadcrumb","itemListElement":[{"@type":"ListItem","position":1,"name":"Accueil","item":"https:\/\/lesgaletsdemarion.com\/"},{"@type":"ListItem","position":2,"name":"Cadres de famille galets"}]},{"@type":"WebSite","@id":"https:\/\/lesgaletsdemarion.com\/#website","url":"https:\/\/lesgaletsdemarion.com\/","name":"Les Galets de Marion","description":"Cr\u00e9ations de peinture sur galets animation d&#039;ateliers loisirs cr\u00e9atifs et d&#039;anniversaire cr\u00e9atifs sur Marseille","publisher":{"@id":"https:\/\/lesgaletsdemarion.com\/#organization"},"potentialAction":[{"@type":"SearchAction","target":{"@type":"EntryPoint","urlTemplate":"https:\/\/lesgaletsdemarion.com\/?s={search_term_string}"},"query-input":{"@type":"PropertyValueSpecification","valueRequired":true,"valueName":"search_term_string"}}],"inLanguage":"fr-FR"},{"@type":"Organization","@id":"https:\/\/lesgaletsdemarion.com\/#organization","name":"Les Galets de Marion","url":"https:\/\/lesgaletsdemarion.com\/","logo":{"@type":"ImageObject","inLanguage":"fr-FR","@id":"https:\/\/lesgaletsdemarion.com\/#\/schema\/logo\/image\/","url":"https:\/\/lesgaletsdemarion.com\/wp-content\/uploads\/2023\/08\/Logo_GDM_Bleu.png","contentUrl":"https:\/\/lesgaletsdemarion.com\/wp-content\/uploads\/2023\/08\/Logo_GDM_Bleu.png","width":927,"height":926,"caption":"Les Galets de Marion"},"image":{"@id":"https:\/\/lesgaletsdemarion.com\/#\/schema\/logo\/image\/"},"sameAs":["https:\/\/www.facebook.com\/lesgaletsdemarion\/","https:\/\/www.instagram.com\/lesgaletsdemarion\/"]}]}},"_links":{"self":[{"href":"https:\/\/lesgaletsdemarion.com\/index.php\/wp-json\/wp\/v2\/pages\/1268","targetHints":{"allow":["GET"]}}],"collection":[{"href":"https:\/\/lesgaletsdemarion.com\/index.php\/wp-json\/wp\/v2\/pages"}],"about":[{"href":"https:\/\/lesgaletsdemarion.com\/index.php\/wp-json\/wp\/v2\/types\/page"}],"author":[{"embeddable":true,"href":"https:\/\/lesgaletsdemarion.com\/index.php\/wp-json\/wp\/v2\/users\/1"}],"replies":[{"embeddable":true,"href":"https:\/\/lesgaletsdemarion.com\/index.php\/wp-json\/wp\/v2\/comments?post=1268"}],"version-history":[{"count":90,"href":"https:\/\/lesgaletsdemarion.com\/index.php\/wp-json\/wp\/v2\/pages\/1268\/revisions"}],"predecessor-version":[{"id":3332,"href":"https:\/\/lesgaletsdemarion.com\/index.php\/wp-json\/wp\/v2\/pages\/1268\/revisions\/3332"}],"wp:attachment":[{"href":"https:\/\/lesgaletsdemarion.com\/index.php\/wp-json\/wp\/v2\/media?parent=1268"}],"curies":[{"name":"wp","href":"https:\/\/api.w.org\/{rel}","templated":true}]}}