{"id":1220,"date":"2023-10-01T11:56:40","date_gmt":"2023-10-01T09:56:40","guid":{"rendered":"https:\/\/lesgaletsdemarion.com\/?page_id=1220"},"modified":"2026-04-03T11:01:36","modified_gmt":"2026-04-03T09:01:36","slug":"les-cadres-de-naissance-galets","status":"publish","type":"page","link":"https:\/\/lesgaletsdemarion.com\/index.php\/les-cadres-de-naissance-galets\/","title":{"rendered":"cadres de naissance galets"},"content":{"rendered":"\t\t<div data-elementor-type=\"wp-page\" data-elementor-id=\"1220\" class=\"elementor elementor-1220\" data-elementor-post-type=\"page\">\n\t\t\t\t\t\t<section class=\"elementor-section elementor-top-section elementor-element elementor-element-8fcb182 elementor-section-boxed elementor-section-height-default elementor-section-height-default\" data-id=\"8fcb182\" data-element_type=\"section\" data-e-type=\"section\">\n\t\t\t\t\t\t<div class=\"elementor-container elementor-column-gap-default\">\n\t\t\t\t\t<div class=\"elementor-column elementor-col-100 elementor-top-column elementor-element elementor-element-d00100a\" data-id=\"d00100a\" data-element_type=\"column\" data-e-type=\"column\">\n\t\t\t<div class=\"elementor-widget-wrap elementor-element-populated\">\n\t\t\t\t\t\t<div class=\"elementor-element elementor-element-49e121b elementor-widget__width-initial elementor-widget elementor-widget-heading\" data-id=\"49e121b\" data-element_type=\"widget\" data-e-type=\"widget\" data-widget_type=\"heading.default\">\n\t\t\t\t<div class=\"elementor-widget-container\">\n\t\t\t\t\t<h1 class=\"elementor-heading-title elementor-size-default\">Les cadres de naissance galets <\/h1>\t\t\t\t<\/div>\n\t\t\t\t<\/div>\n\t\t\t\t\t<\/div>\n\t\t<\/div>\n\t\t\t\t\t<\/div>\n\t\t<\/section>\n\t\t\t\t<section class=\"elementor-section elementor-top-section elementor-element elementor-element-61fcc58 elementor-section-boxed elementor-section-height-default elementor-section-height-default\" data-id=\"61fcc58\" data-element_type=\"section\" data-e-type=\"section\">\n\t\t\t\t\t\t<div class=\"elementor-container elementor-column-gap-default\">\n\t\t\t\t\t<div class=\"elementor-column elementor-col-100 elementor-top-column elementor-element elementor-element-7d96b97\" data-id=\"7d96b97\" data-element_type=\"column\" data-e-type=\"column\">\n\t\t\t<div class=\"elementor-widget-wrap elementor-element-populated\">\n\t\t\t\t\t\t<div class=\"elementor-element elementor-element-1fdf70d elementor-widget elementor-widget-heading\" data-id=\"1fdf70d\" data-element_type=\"widget\" data-e-type=\"widget\" data-widget_type=\"heading.default\">\n\t\t\t\t<div class=\"elementor-widget-container\">\n\t\t\t\t\t<h2 class=\"elementor-heading-title elementor-size-default\">Id\u00e9al \u00e0 offrir pour l'arriv\u00e9e de b\u00e9b\u00e9<\/h2>\t\t\t\t<\/div>\n\t\t\t\t<\/div>\n\t\t\t\t\t<\/div>\n\t\t<\/div>\n\t\t\t\t\t<\/div>\n\t\t<\/section>\n\t\t\t\t<section class=\"elementor-section elementor-top-section elementor-element elementor-element-67905db elementor-section-boxed elementor-section-height-default elementor-section-height-default\" data-id=\"67905db\" data-element_type=\"section\" data-e-type=\"section\">\n\t\t\t\t\t\t<div class=\"elementor-container elementor-column-gap-default\">\n\t\t\t\t\t<div class=\"elementor-column elementor-col-100 elementor-top-column elementor-element elementor-element-68db114\" data-id=\"68db114\" data-element_type=\"column\" data-e-type=\"column\">\n\t\t\t<div class=\"elementor-widget-wrap elementor-element-populated\">\n\t\t\t\t\t\t<div class=\"elementor-element elementor-element-cb4f916 elementor-widget elementor-widget-image\" data-id=\"cb4f916\" data-element_type=\"widget\" data-e-type=\"widget\" data-widget_type=\"image.default\">\n\t\t\t\t<div class=\"elementor-widget-container\">\n\t\t\t\t\t\t\t\t\t\t\t\t\t\t\t<img fetchpriority=\"high\" decoding=\"async\" width=\"750\" height=\"522\" src=\"https:\/\/lesgaletsdemarion.com\/wp-content\/uploads\/2023\/10\/IMG_20220911_022401_866-e1696154956223-768x535.jpg\" class=\"attachment-medium_large size-medium_large wp-image-1226\" alt=\"\" srcset=\"https:\/\/lesgaletsdemarion.com\/wp-content\/uploads\/2023\/10\/IMG_20220911_022401_866-e1696154956223-768x535.jpg 768w, https:\/\/lesgaletsdemarion.com\/wp-content\/uploads\/2023\/10\/IMG_20220911_022401_866-e1696154956223-300x209.jpg 300w, https:\/\/lesgaletsdemarion.com\/wp-content\/uploads\/2023\/10\/IMG_20220911_022401_866-e1696154956223-1024x713.jpg 1024w, https:\/\/lesgaletsdemarion.com\/wp-content\/uploads\/2023\/10\/IMG_20220911_022401_866-e1696154956223-600x418.jpg 600w, https:\/\/lesgaletsdemarion.com\/wp-content\/uploads\/2023\/10\/IMG_20220911_022401_866-e1696154956223.jpg 1080w\" sizes=\"(max-width: 750px) 100vw, 750px\" style=\"width:100%;height:69.63%;max-width:1080px\" \/>\t\t\t\t\t\t\t\t\t\t\t\t\t\t\t<\/div>\n\t\t\t\t<\/div>\n\t\t\t\t\t<\/div>\n\t\t<\/div>\n\t\t\t\t\t<\/div>\n\t\t<\/section>\n\t\t\t\t<section class=\"elementor-section elementor-top-section elementor-element elementor-element-0391118 elementor-section-boxed elementor-section-height-default elementor-section-height-default\" data-id=\"0391118\" data-element_type=\"section\" data-e-type=\"section\">\n\t\t\t\t\t\t<div class=\"elementor-container elementor-column-gap-default\">\n\t\t\t\t\t<div class=\"elementor-column elementor-col-100 elementor-top-column elementor-element elementor-element-356bb89\" data-id=\"356bb89\" data-element_type=\"column\" data-e-type=\"column\">\n\t\t\t<div class=\"elementor-widget-wrap elementor-element-populated\">\n\t\t\t\t\t\t<div class=\"elementor-element elementor-element-28b117e elementor-widget elementor-widget-text-editor\" data-id=\"28b117e\" data-element_type=\"widget\" data-e-type=\"widget\" data-widget_type=\"text-editor.default\">\n\t\t\t\t<div class=\"elementor-widget-container\">\n\t\t\t\t\t\t\t\t\t<p>Le cadre de naissance galets est un cadeau unique et original 100% personnalisable<\/p>\t\t\t\t\t\t\t\t<\/div>\n\t\t\t\t<\/div>\n\t\t\t\t\t<\/div>\n\t\t<\/div>\n\t\t\t\t\t<\/div>\n\t\t<\/section>\n\t\t\t\t<section class=\"elementor-section elementor-top-section elementor-element elementor-element-2bcd5a8 elementor-section-boxed elementor-section-height-default elementor-section-height-default\" data-id=\"2bcd5a8\" data-element_type=\"section\" data-e-type=\"section\">\n\t\t\t\t\t\t<div class=\"elementor-container elementor-column-gap-default\">\n\t\t\t\t\t<div class=\"elementor-column elementor-col-33 elementor-top-column elementor-element elementor-element-6aa5a31\" data-id=\"6aa5a31\" data-element_type=\"column\" data-e-type=\"column\">\n\t\t\t<div class=\"elementor-widget-wrap elementor-element-populated\">\n\t\t\t\t\t\t<div class=\"elementor-element elementor-element-e039f9b elementor-widget elementor-widget-text-editor\" data-id=\"e039f9b\" data-element_type=\"widget\" data-e-type=\"widget\" data-widget_type=\"text-editor.default\">\n\t\t\t\t<div class=\"elementor-widget-container\">\n\t\t\t\t\t\t\t\t\t<p><strong>Petit format<\/strong>&nbsp; avec b\u00e9b\u00e9 seul<\/p>\n<p>Cadre <strong>17X12 cm<\/strong>,&nbsp;<\/p><p>jusqu&rsquo;\u00e0 3 petits galets peints<br><\/p>\n<p><strong>25\u20ac<\/strong> (avec pr\u00e9nom et date de naissance)<\/p><p><br><\/p>\t\t\t\t\t\t\t\t<\/div>\n\t\t\t\t<\/div>\n\t\t\t\t<div class=\"elementor-element elementor-element-c6af3d4 elementor-widget__width-initial elementor-widget elementor-widget-image\" data-id=\"c6af3d4\" data-element_type=\"widget\" data-e-type=\"widget\" data-widget_type=\"image.default\">\n\t\t\t\t<div class=\"elementor-widget-container\">\n\t\t\t\t\t\t\t\t\t\t\t\t\t\t\t<img decoding=\"async\" width=\"724\" height=\"1024\" src=\"https:\/\/lesgaletsdemarion.com\/wp-content\/uploads\/2024\/04\/Flyer-commande-de-cadre-de-famille-peinture-sur-galets-les-galets-de-Marion-724x1024.jpg\" class=\"attachment-large size-large wp-image-2513\" alt=\"Flyer commande de cadre de famille peinture sur galets les galets de Marion\" srcset=\"https:\/\/lesgaletsdemarion.com\/wp-content\/uploads\/2024\/04\/Flyer-commande-de-cadre-de-famille-peinture-sur-galets-les-galets-de-Marion-724x1024.jpg 724w, https:\/\/lesgaletsdemarion.com\/wp-content\/uploads\/2024\/04\/Flyer-commande-de-cadre-de-famille-peinture-sur-galets-les-galets-de-Marion-212x300.jpg 212w, https:\/\/lesgaletsdemarion.com\/wp-content\/uploads\/2024\/04\/Flyer-commande-de-cadre-de-famille-peinture-sur-galets-les-galets-de-Marion-768x1086.jpg 768w, https:\/\/lesgaletsdemarion.com\/wp-content\/uploads\/2024\/04\/Flyer-commande-de-cadre-de-famille-peinture-sur-galets-les-galets-de-Marion-1086x1536.jpg 1086w, https:\/\/lesgaletsdemarion.com\/wp-content\/uploads\/2024\/04\/Flyer-commande-de-cadre-de-famille-peinture-sur-galets-les-galets-de-Marion-600x849.jpg 600w, https:\/\/lesgaletsdemarion.com\/wp-content\/uploads\/2024\/04\/Flyer-commande-de-cadre-de-famille-peinture-sur-galets-les-galets-de-Marion.jpg 1414w\" sizes=\"(max-width: 724px) 100vw, 724px\" style=\"width:100%;height:141.44%;max-width:1414px\" \/>\t\t\t\t\t\t\t\t\t\t\t\t\t\t\t<\/div>\n\t\t\t\t<\/div>\n\t\t\t\t<div class=\"elementor-element elementor-element-d57901e elementor-widget elementor-widget-image\" data-id=\"d57901e\" data-element_type=\"widget\" data-e-type=\"widget\" data-widget_type=\"image.default\">\n\t\t\t\t<div class=\"elementor-widget-container\">\n\t\t\t\t\t\t\t\t\t\t\t\t\t\t\t<img decoding=\"async\" width=\"750\" height=\"530\" src=\"https:\/\/lesgaletsdemarion.com\/wp-content\/uploads\/2024\/09\/IMG20240827183329-scaled-e1725800797923-1024x724.jpg\" class=\"attachment-large size-large wp-image-2818\" alt=\"transormation de galet en cadre de naissance les galets de Marion\" srcset=\"https:\/\/lesgaletsdemarion.com\/wp-content\/uploads\/2024\/09\/IMG20240827183329-scaled-e1725800797923-1024x724.jpg 1024w, https:\/\/lesgaletsdemarion.com\/wp-content\/uploads\/2024\/09\/IMG20240827183329-scaled-e1725800797923-300x212.jpg 300w, https:\/\/lesgaletsdemarion.com\/wp-content\/uploads\/2024\/09\/IMG20240827183329-scaled-e1725800797923-768x543.jpg 768w, https:\/\/lesgaletsdemarion.com\/wp-content\/uploads\/2024\/09\/IMG20240827183329-scaled-e1725800797923-600x425.jpg 600w, https:\/\/lesgaletsdemarion.com\/wp-content\/uploads\/2024\/09\/IMG20240827183329-scaled-e1725800797923.jpg 1224w\" sizes=\"(max-width: 750px) 100vw, 750px\" style=\"width:100%;height:70.75%;max-width:1224px\" \/>\t\t\t\t\t\t\t\t\t\t\t\t\t\t\t<\/div>\n\t\t\t\t<\/div>\n\t\t\t\t<div class=\"elementor-element elementor-element-a6ba352 elementor-widget elementor-widget-image\" data-id=\"a6ba352\" data-element_type=\"widget\" data-e-type=\"widget\" data-widget_type=\"image.default\">\n\t\t\t\t<div class=\"elementor-widget-container\">\n\t\t\t\t\t\t\t\t\t\t\t\t\t\t\t<img loading=\"lazy\" decoding=\"async\" width=\"750\" height=\"540\" src=\"https:\/\/lesgaletsdemarion.com\/wp-content\/uploads\/2023\/11\/cadre-de-naissance-blanc-petit-format-galet-1-personnage-avec-fanion-prenom-et-date-de-naissance-sur-la-branche-1024x737.jpg\" class=\"attachment-large size-large wp-image-1885\" alt=\"cadre de naissance blanc petit format galet 1 personnage avec fanion pr\u00e9nom et date de naissance sur la branche\" srcset=\"https:\/\/lesgaletsdemarion.com\/wp-content\/uploads\/2023\/11\/cadre-de-naissance-blanc-petit-format-galet-1-personnage-avec-fanion-prenom-et-date-de-naissance-sur-la-branche-1024x737.jpg 1024w, https:\/\/lesgaletsdemarion.com\/wp-content\/uploads\/2023\/11\/cadre-de-naissance-blanc-petit-format-galet-1-personnage-avec-fanion-prenom-et-date-de-naissance-sur-la-branche-300x216.jpg 300w, https:\/\/lesgaletsdemarion.com\/wp-content\/uploads\/2023\/11\/cadre-de-naissance-blanc-petit-format-galet-1-personnage-avec-fanion-prenom-et-date-de-naissance-sur-la-branche-768x553.jpg 768w, https:\/\/lesgaletsdemarion.com\/wp-content\/uploads\/2023\/11\/cadre-de-naissance-blanc-petit-format-galet-1-personnage-avec-fanion-prenom-et-date-de-naissance-sur-la-branche-600x432.jpg 600w, https:\/\/lesgaletsdemarion.com\/wp-content\/uploads\/2023\/11\/cadre-de-naissance-blanc-petit-format-galet-1-personnage-avec-fanion-prenom-et-date-de-naissance-sur-la-branche.jpg 1536w\" sizes=\"(max-width: 750px) 100vw, 750px\" style=\"width:100%;height:72.01%;max-width:1536px\" \/>\t\t\t\t\t\t\t\t\t\t\t\t\t\t\t<\/div>\n\t\t\t\t<\/div>\n\t\t\t\t<div class=\"elementor-element elementor-element-59c7856 elementor-widget elementor-widget-image\" data-id=\"59c7856\" data-element_type=\"widget\" data-e-type=\"widget\" data-widget_type=\"image.default\">\n\t\t\t\t<div class=\"elementor-widget-container\">\n\t\t\t\t\t\t\t\t\t\t\t\t\t\t\t<img loading=\"lazy\" decoding=\"async\" width=\"750\" height=\"563\" src=\"https:\/\/lesgaletsdemarion.com\/wp-content\/uploads\/2023\/11\/cadre-de-naissance-bois-petit-format-galet-peint-chouette-1-personnage-avec-fanion-prenom-NIO-et-date-de-naissance-sur-la-branche-1024x768.jpg\" class=\"attachment-large size-large wp-image-1888\" alt=\"cadre de naissance bois petit format galet peint chouette 1 personnage avec fanion pr\u00e9nom NIO et date de naissance sur la branche\" srcset=\"https:\/\/lesgaletsdemarion.com\/wp-content\/uploads\/2023\/11\/cadre-de-naissance-bois-petit-format-galet-peint-chouette-1-personnage-avec-fanion-prenom-NIO-et-date-de-naissance-sur-la-branche-1024x768.jpg 1024w, https:\/\/lesgaletsdemarion.com\/wp-content\/uploads\/2023\/11\/cadre-de-naissance-bois-petit-format-galet-peint-chouette-1-personnage-avec-fanion-prenom-NIO-et-date-de-naissance-sur-la-branche-300x225.jpg 300w, https:\/\/lesgaletsdemarion.com\/wp-content\/uploads\/2023\/11\/cadre-de-naissance-bois-petit-format-galet-peint-chouette-1-personnage-avec-fanion-prenom-NIO-et-date-de-naissance-sur-la-branche-768x576.jpg 768w, https:\/\/lesgaletsdemarion.com\/wp-content\/uploads\/2023\/11\/cadre-de-naissance-bois-petit-format-galet-peint-chouette-1-personnage-avec-fanion-prenom-NIO-et-date-de-naissance-sur-la-branche-600x450.jpg 600w, https:\/\/lesgaletsdemarion.com\/wp-content\/uploads\/2023\/11\/cadre-de-naissance-bois-petit-format-galet-peint-chouette-1-personnage-avec-fanion-prenom-NIO-et-date-de-naissance-sur-la-branche.jpg 1536w\" sizes=\"(max-width: 750px) 100vw, 750px\" style=\"width:100%;height:75%;max-width:1536px\" \/>\t\t\t\t\t\t\t\t\t\t\t\t\t\t\t<\/div>\n\t\t\t\t<\/div>\n\t\t\t\t<div class=\"elementor-element elementor-element-a033f6a elementor-widget elementor-widget-image\" data-id=\"a033f6a\" data-element_type=\"widget\" data-e-type=\"widget\" data-widget_type=\"image.default\">\n\t\t\t\t<div class=\"elementor-widget-container\">\n\t\t\t\t\t\t\t\t\t\t\t\t\t\t\t<img loading=\"lazy\" decoding=\"async\" width=\"750\" height=\"423\" src=\"https:\/\/lesgaletsdemarion.com\/wp-content\/uploads\/2024\/01\/cadre-de-naissance-12X17-cm-gris-decor-3-elephants-avec-fanions-prenom-1024x578.jpg\" class=\"attachment-large size-large wp-image-2309\" alt=\"cadre de naissance 12X17 cm gris d\u00e9cor 3 \u00e9l\u00e9phants avec fanions pr\u00e9nom\" srcset=\"https:\/\/lesgaletsdemarion.com\/wp-content\/uploads\/2024\/01\/cadre-de-naissance-12X17-cm-gris-decor-3-elephants-avec-fanions-prenom-1024x578.jpg 1024w, https:\/\/lesgaletsdemarion.com\/wp-content\/uploads\/2024\/01\/cadre-de-naissance-12X17-cm-gris-decor-3-elephants-avec-fanions-prenom-300x169.jpg 300w, https:\/\/lesgaletsdemarion.com\/wp-content\/uploads\/2024\/01\/cadre-de-naissance-12X17-cm-gris-decor-3-elephants-avec-fanions-prenom-768x433.jpg 768w, https:\/\/lesgaletsdemarion.com\/wp-content\/uploads\/2024\/01\/cadre-de-naissance-12X17-cm-gris-decor-3-elephants-avec-fanions-prenom-1536x866.jpg 1536w, https:\/\/lesgaletsdemarion.com\/wp-content\/uploads\/2024\/01\/cadre-de-naissance-12X17-cm-gris-decor-3-elephants-avec-fanions-prenom-2048x1155.jpg 2048w, https:\/\/lesgaletsdemarion.com\/wp-content\/uploads\/2024\/01\/cadre-de-naissance-12X17-cm-gris-decor-3-elephants-avec-fanions-prenom-1568x884.jpg 1568w, https:\/\/lesgaletsdemarion.com\/wp-content\/uploads\/2024\/01\/cadre-de-naissance-12X17-cm-gris-decor-3-elephants-avec-fanions-prenom-600x338.jpg 600w\" sizes=\"(max-width: 750px) 100vw, 750px\" style=\"width:100%;height:56.41%;max-width:2560px\" \/>\t\t\t\t\t\t\t\t\t\t\t\t\t\t\t<\/div>\n\t\t\t\t<\/div>\n\t\t\t\t<div class=\"elementor-element elementor-element-30e03c9 elementor-widget elementor-widget-image\" data-id=\"30e03c9\" data-element_type=\"widget\" data-e-type=\"widget\" data-widget_type=\"image.default\">\n\t\t\t\t<div class=\"elementor-widget-container\">\n\t\t\t\t\t\t\t\t\t\t\t\t\t\t\t<img loading=\"lazy\" decoding=\"async\" width=\"750\" height=\"415\" src=\"https:\/\/lesgaletsdemarion.com\/wp-content\/uploads\/2024\/01\/cadre-de-naissance-galets-peint-baleine-avec-prenom-fanions-pett-format-1024x566.jpg\" class=\"attachment-large size-large wp-image-2224\" alt=\"cadre de naissance galets peint baleine avec pr\u00e9nom fanions pett format\" srcset=\"https:\/\/lesgaletsdemarion.com\/wp-content\/uploads\/2024\/01\/cadre-de-naissance-galets-peint-baleine-avec-prenom-fanions-pett-format-1024x566.jpg 1024w, https:\/\/lesgaletsdemarion.com\/wp-content\/uploads\/2024\/01\/cadre-de-naissance-galets-peint-baleine-avec-prenom-fanions-pett-format-300x166.jpg 300w, https:\/\/lesgaletsdemarion.com\/wp-content\/uploads\/2024\/01\/cadre-de-naissance-galets-peint-baleine-avec-prenom-fanions-pett-format-768x424.jpg 768w, https:\/\/lesgaletsdemarion.com\/wp-content\/uploads\/2024\/01\/cadre-de-naissance-galets-peint-baleine-avec-prenom-fanions-pett-format-1536x849.jpg 1536w, https:\/\/lesgaletsdemarion.com\/wp-content\/uploads\/2024\/01\/cadre-de-naissance-galets-peint-baleine-avec-prenom-fanions-pett-format-2048x1132.jpg 2048w, https:\/\/lesgaletsdemarion.com\/wp-content\/uploads\/2024\/01\/cadre-de-naissance-galets-peint-baleine-avec-prenom-fanions-pett-format-1568x867.jpg 1568w, https:\/\/lesgaletsdemarion.com\/wp-content\/uploads\/2024\/01\/cadre-de-naissance-galets-peint-baleine-avec-prenom-fanions-pett-format-600x332.jpg 600w\" sizes=\"(max-width: 750px) 100vw, 750px\" style=\"width:100%;height:55.27%;max-width:2560px\" \/>\t\t\t\t\t\t\t\t\t\t\t\t\t\t\t<\/div>\n\t\t\t\t<\/div>\n\t\t\t\t<div class=\"elementor-element elementor-element-21d4afe elementor-widget elementor-widget-image\" data-id=\"21d4afe\" data-element_type=\"widget\" data-e-type=\"widget\" data-widget_type=\"image.default\">\n\t\t\t\t<div class=\"elementor-widget-container\">\n\t\t\t\t\t\t\t\t\t\t\t\t\t\t\t<img loading=\"lazy\" decoding=\"async\" width=\"750\" height=\"551\" src=\"https:\/\/lesgaletsdemarion.com\/wp-content\/uploads\/2025\/09\/cadre-de-naissance-petit-format-couleur-bois-avec-3-galets-petite-famille-avec-prenom-bebe-sur-fanions-et-date-de-naissance-sur-bois-flotte-et-Papillons-avec-poids-et-taille-modele-Noah-1024x752.jpg\" class=\"attachment-large size-large wp-image-3442\" alt=\"cadre de naissance petit format couleur bois avec 3 galets petite famille avec prenom b\u00e9b\u00e9 sur fanions et date de naissance sur bois flott\u00e9 et Papillons avec poids et taille mod\u00e8le Noah\" srcset=\"https:\/\/lesgaletsdemarion.com\/wp-content\/uploads\/2025\/09\/cadre-de-naissance-petit-format-couleur-bois-avec-3-galets-petite-famille-avec-prenom-bebe-sur-fanions-et-date-de-naissance-sur-bois-flotte-et-Papillons-avec-poids-et-taille-modele-Noah-1024x752.jpg 1024w, https:\/\/lesgaletsdemarion.com\/wp-content\/uploads\/2025\/09\/cadre-de-naissance-petit-format-couleur-bois-avec-3-galets-petite-famille-avec-prenom-bebe-sur-fanions-et-date-de-naissance-sur-bois-flotte-et-Papillons-avec-poids-et-taille-modele-Noah-300x220.jpg 300w, https:\/\/lesgaletsdemarion.com\/wp-content\/uploads\/2025\/09\/cadre-de-naissance-petit-format-couleur-bois-avec-3-galets-petite-famille-avec-prenom-bebe-sur-fanions-et-date-de-naissance-sur-bois-flotte-et-Papillons-avec-poids-et-taille-modele-Noah-768x564.jpg 768w, https:\/\/lesgaletsdemarion.com\/wp-content\/uploads\/2025\/09\/cadre-de-naissance-petit-format-couleur-bois-avec-3-galets-petite-famille-avec-prenom-bebe-sur-fanions-et-date-de-naissance-sur-bois-flotte-et-Papillons-avec-poids-et-taille-modele-Noah-1536x1129.jpg 1536w, https:\/\/lesgaletsdemarion.com\/wp-content\/uploads\/2025\/09\/cadre-de-naissance-petit-format-couleur-bois-avec-3-galets-petite-famille-avec-prenom-bebe-sur-fanions-et-date-de-naissance-sur-bois-flotte-et-Papillons-avec-poids-et-taille-modele-Noah-2048x1505.jpg 2048w, https:\/\/lesgaletsdemarion.com\/wp-content\/uploads\/2025\/09\/cadre-de-naissance-petit-format-couleur-bois-avec-3-galets-petite-famille-avec-prenom-bebe-sur-fanions-et-date-de-naissance-sur-bois-flotte-et-Papillons-avec-poids-et-taille-modele-Noah-1568x1152.jpg 1568w, https:\/\/lesgaletsdemarion.com\/wp-content\/uploads\/2025\/09\/cadre-de-naissance-petit-format-couleur-bois-avec-3-galets-petite-famille-avec-prenom-bebe-sur-fanions-et-date-de-naissance-sur-bois-flotte-et-Papillons-avec-poids-et-taille-modele-Noah-600x441.jpg 600w\" sizes=\"(max-width: 750px) 100vw, 750px\" style=\"width:100%;height:73.48%;max-width:2560px\" \/>\t\t\t\t\t\t\t\t\t\t\t\t\t\t\t<\/div>\n\t\t\t\t<\/div>\n\t\t\t\t\t<\/div>\n\t\t<\/div>\n\t\t\t\t<div class=\"elementor-column elementor-col-33 elementor-top-column elementor-element elementor-element-13ceb48\" data-id=\"13ceb48\" data-element_type=\"column\" data-e-type=\"column\">\n\t\t\t<div class=\"elementor-widget-wrap elementor-element-populated\">\n\t\t\t\t\t\t<div class=\"elementor-element elementor-element-0b28b56 elementor-widget elementor-widget-text-editor\" data-id=\"0b28b56\" data-element_type=\"widget\" data-e-type=\"widget\" data-widget_type=\"text-editor.default\">\n\t\t\t\t<div class=\"elementor-widget-container\">\n\t\t\t\t\t\t\t\t\t<p><b>Format moyen<\/b> avec b\u00e9b\u00e9 et ses parents (id\u00e9al pour 1er enfant ou jumeaux)\u00a0<\/p><p>cadre <b>20X15 cm<\/b>.\u00a0<\/p><p>Jusqu&rsquo;\u00e0 4 galets<\/p><p><b>30\u20ac<\/b>\u00a0(avec pr\u00e9nom et date de naissance)<\/p>\t\t\t\t\t\t\t\t<\/div>\n\t\t\t\t<\/div>\n\t\t\t\t<div class=\"elementor-element elementor-element-7bfb31c elementor-widget__width-initial elementor-widget elementor-widget-image\" data-id=\"7bfb31c\" data-element_type=\"widget\" data-e-type=\"widget\" data-widget_type=\"image.default\">\n\t\t\t\t<div class=\"elementor-widget-container\">\n\t\t\t\t\t\t\t\t\t\t\t\t\t\t\t<img loading=\"lazy\" decoding=\"async\" width=\"750\" height=\"563\" src=\"https:\/\/lesgaletsdemarion.com\/wp-content\/uploads\/2025\/09\/cadre-de-naissance-format-moyen-couleur-bois-avec-3-galets-petite-famille-avec-prenom-bebe-fanions-et-date-de-naissance-sur-bois-flotte-modele-LOUISE-1024x768.jpg\" class=\"attachment-large size-large wp-image-3446\" alt=\"cadre de naissance format moyen couleur bois avec 3 galets petite famille avec prenom b\u00e9b\u00e9 fanions et date de naissance sur bois flott\u00e9 mod\u00e8le LOUISE\" srcset=\"https:\/\/lesgaletsdemarion.com\/wp-content\/uploads\/2025\/09\/cadre-de-naissance-format-moyen-couleur-bois-avec-3-galets-petite-famille-avec-prenom-bebe-fanions-et-date-de-naissance-sur-bois-flotte-modele-LOUISE-1024x768.jpg 1024w, https:\/\/lesgaletsdemarion.com\/wp-content\/uploads\/2025\/09\/cadre-de-naissance-format-moyen-couleur-bois-avec-3-galets-petite-famille-avec-prenom-bebe-fanions-et-date-de-naissance-sur-bois-flotte-modele-LOUISE-300x225.jpg 300w, https:\/\/lesgaletsdemarion.com\/wp-content\/uploads\/2025\/09\/cadre-de-naissance-format-moyen-couleur-bois-avec-3-galets-petite-famille-avec-prenom-bebe-fanions-et-date-de-naissance-sur-bois-flotte-modele-LOUISE-768x576.jpg 768w, https:\/\/lesgaletsdemarion.com\/wp-content\/uploads\/2025\/09\/cadre-de-naissance-format-moyen-couleur-bois-avec-3-galets-petite-famille-avec-prenom-bebe-fanions-et-date-de-naissance-sur-bois-flotte-modele-LOUISE-1536x1152.jpg 1536w, https:\/\/lesgaletsdemarion.com\/wp-content\/uploads\/2025\/09\/cadre-de-naissance-format-moyen-couleur-bois-avec-3-galets-petite-famille-avec-prenom-bebe-fanions-et-date-de-naissance-sur-bois-flotte-modele-LOUISE-2048x1536.jpg 2048w, https:\/\/lesgaletsdemarion.com\/wp-content\/uploads\/2025\/09\/cadre-de-naissance-format-moyen-couleur-bois-avec-3-galets-petite-famille-avec-prenom-bebe-fanions-et-date-de-naissance-sur-bois-flotte-modele-LOUISE-1568x1176.jpg 1568w, https:\/\/lesgaletsdemarion.com\/wp-content\/uploads\/2025\/09\/cadre-de-naissance-format-moyen-couleur-bois-avec-3-galets-petite-famille-avec-prenom-bebe-fanions-et-date-de-naissance-sur-bois-flotte-modele-LOUISE-600x450.jpg 600w\" sizes=\"(max-width: 750px) 100vw, 750px\" style=\"width:100%;height:75%;max-width:2560px\" \/>\t\t\t\t\t\t\t\t\t\t\t\t\t\t\t<\/div>\n\t\t\t\t<\/div>\n\t\t\t\t<div class=\"elementor-element elementor-element-ca448c9 elementor-widget__width-initial elementor-widget elementor-widget-image\" data-id=\"ca448c9\" data-element_type=\"widget\" data-e-type=\"widget\" data-widget_type=\"image.default\">\n\t\t\t\t<div class=\"elementor-widget-container\">\n\t\t\t\t\t\t\t\t\t\t\t\t\t\t\t<img loading=\"lazy\" decoding=\"async\" width=\"750\" height=\"852\" src=\"https:\/\/lesgaletsdemarion.com\/wp-content\/uploads\/2023\/11\/cadre-de-naissance-moyen-format-bois-avec-3-galets-peints-chouettes-papa-maman-et-bebe-fanions-prenoms-et-date-de-naissance-sur-la-branche-901x1024.jpg\" class=\"attachment-large size-large wp-image-1887\" alt=\"cadre de naissance 3 galets peints en forme de chouettes (papa, maman et b\u00e9b\u00e9) sur branche de bois flott\u00e9 avec date de naissance du b\u00e9b\u00e9 inscrite dessus). Petite guirlande de fanions au dessus du galets au pr\u00e9nom de l&#039;enfant ici LEO. cadre format moyen couleur bois naturel et fond bleu vert \u00e0 motif \u00e0 poids blancs galet lune en haut \u00e0 droite\" srcset=\"https:\/\/lesgaletsdemarion.com\/wp-content\/uploads\/2023\/11\/cadre-de-naissance-moyen-format-bois-avec-3-galets-peints-chouettes-papa-maman-et-bebe-fanions-prenoms-et-date-de-naissance-sur-la-branche-901x1024.jpg 901w, https:\/\/lesgaletsdemarion.com\/wp-content\/uploads\/2023\/11\/cadre-de-naissance-moyen-format-bois-avec-3-galets-peints-chouettes-papa-maman-et-bebe-fanions-prenoms-et-date-de-naissance-sur-la-branche-264x300.jpg 264w, https:\/\/lesgaletsdemarion.com\/wp-content\/uploads\/2023\/11\/cadre-de-naissance-moyen-format-bois-avec-3-galets-peints-chouettes-papa-maman-et-bebe-fanions-prenoms-et-date-de-naissance-sur-la-branche-768x873.jpg 768w, https:\/\/lesgaletsdemarion.com\/wp-content\/uploads\/2023\/11\/cadre-de-naissance-moyen-format-bois-avec-3-galets-peints-chouettes-papa-maman-et-bebe-fanions-prenoms-et-date-de-naissance-sur-la-branche-600x682.jpg 600w, https:\/\/lesgaletsdemarion.com\/wp-content\/uploads\/2023\/11\/cadre-de-naissance-moyen-format-bois-avec-3-galets-peints-chouettes-papa-maman-et-bebe-fanions-prenoms-et-date-de-naissance-sur-la-branche.jpg 1352w\" sizes=\"(max-width: 750px) 100vw, 750px\" style=\"width:100%;height:113.61%;max-width:1352px\" \/>\t\t\t\t\t\t\t\t\t\t\t\t\t\t\t<\/div>\n\t\t\t\t<\/div>\n\t\t\t\t<div class=\"elementor-element elementor-element-805cca9 elementor-widget__width-initial elementor-widget elementor-widget-image\" data-id=\"805cca9\" data-element_type=\"widget\" data-e-type=\"widget\" data-widget_type=\"image.default\">\n\t\t\t\t<div class=\"elementor-widget-container\">\n\t\t\t\t\t\t\t\t\t\t\t\t\t\t\t<img loading=\"lazy\" decoding=\"async\" width=\"750\" height=\"551\" src=\"https:\/\/lesgaletsdemarion.com\/wp-content\/uploads\/2023\/11\/cadre-de-naissance-blanc-grand-format-avec-4-personnages-galets-peints-chouettes-et-fannions-prenom-ENNIO-date-de-naissance-inscrite-sur-la-branche-1024x752.jpg\" class=\"attachment-large size-large wp-image-1898\" alt=\"cadre de naissance 4 galets peints en forme de chouettes (papa, maman et deux enfants) sur branche de bois flott\u00e9 avec date de naissance du dernier b\u00e9b\u00e9 n\u00e9 inscrite dessus). Petite guirlande de fanions au dessus du galets au pr\u00e9nom de l&#039;enfant ici ENNIO. cadre format moyen couleur blanc et fond gris \u00e0 points blancs\" srcset=\"https:\/\/lesgaletsdemarion.com\/wp-content\/uploads\/2023\/11\/cadre-de-naissance-blanc-grand-format-avec-4-personnages-galets-peints-chouettes-et-fannions-prenom-ENNIO-date-de-naissance-inscrite-sur-la-branche-1024x752.jpg 1024w, https:\/\/lesgaletsdemarion.com\/wp-content\/uploads\/2023\/11\/cadre-de-naissance-blanc-grand-format-avec-4-personnages-galets-peints-chouettes-et-fannions-prenom-ENNIO-date-de-naissance-inscrite-sur-la-branche-300x220.jpg 300w, https:\/\/lesgaletsdemarion.com\/wp-content\/uploads\/2023\/11\/cadre-de-naissance-blanc-grand-format-avec-4-personnages-galets-peints-chouettes-et-fannions-prenom-ENNIO-date-de-naissance-inscrite-sur-la-branche-768x564.jpg 768w, https:\/\/lesgaletsdemarion.com\/wp-content\/uploads\/2023\/11\/cadre-de-naissance-blanc-grand-format-avec-4-personnages-galets-peints-chouettes-et-fannions-prenom-ENNIO-date-de-naissance-inscrite-sur-la-branche-600x441.jpg 600w, https:\/\/lesgaletsdemarion.com\/wp-content\/uploads\/2023\/11\/cadre-de-naissance-blanc-grand-format-avec-4-personnages-galets-peints-chouettes-et-fannions-prenom-ENNIO-date-de-naissance-inscrite-sur-la-branche.jpg 1536w\" sizes=\"(max-width: 750px) 100vw, 750px\" style=\"width:100%;height:73.44%;max-width:1536px\" \/>\t\t\t\t\t\t\t\t\t\t\t\t\t\t\t<\/div>\n\t\t\t\t<\/div>\n\t\t\t\t<div class=\"elementor-element elementor-element-e939ac9 elementor-widget elementor-widget-image\" data-id=\"e939ac9\" data-element_type=\"widget\" data-e-type=\"widget\" data-widget_type=\"image.default\">\n\t\t\t\t<div class=\"elementor-widget-container\">\n\t\t\t\t\t\t\t\t\t\t\t\t\t\t\t<img loading=\"lazy\" decoding=\"async\" width=\"750\" height=\"582\" src=\"https:\/\/lesgaletsdemarion.com\/wp-content\/uploads\/2023\/11\/cadre-de-naissance-blanc-petit-format-galet-peint-chouette-1-personnage-avec-fanion-prenom-AMBRE-et-date-de-naissance-sur-la-branche-1024x795.jpg\" class=\"attachment-large size-large wp-image-1889\" alt=\"cadre de naissance blanc petit format galet peint chouette 1 personnage avec fanion pr\u00e9nom AMBRE et date de naissance sur la branche\" srcset=\"https:\/\/lesgaletsdemarion.com\/wp-content\/uploads\/2023\/11\/cadre-de-naissance-blanc-petit-format-galet-peint-chouette-1-personnage-avec-fanion-prenom-AMBRE-et-date-de-naissance-sur-la-branche-1024x795.jpg 1024w, https:\/\/lesgaletsdemarion.com\/wp-content\/uploads\/2023\/11\/cadre-de-naissance-blanc-petit-format-galet-peint-chouette-1-personnage-avec-fanion-prenom-AMBRE-et-date-de-naissance-sur-la-branche-300x233.jpg 300w, https:\/\/lesgaletsdemarion.com\/wp-content\/uploads\/2023\/11\/cadre-de-naissance-blanc-petit-format-galet-peint-chouette-1-personnage-avec-fanion-prenom-AMBRE-et-date-de-naissance-sur-la-branche-768x597.jpg 768w, https:\/\/lesgaletsdemarion.com\/wp-content\/uploads\/2023\/11\/cadre-de-naissance-blanc-petit-format-galet-peint-chouette-1-personnage-avec-fanion-prenom-AMBRE-et-date-de-naissance-sur-la-branche-600x466.jpg 600w, https:\/\/lesgaletsdemarion.com\/wp-content\/uploads\/2023\/11\/cadre-de-naissance-blanc-petit-format-galet-peint-chouette-1-personnage-avec-fanion-prenom-AMBRE-et-date-de-naissance-sur-la-branche.jpg 1536w\" sizes=\"(max-width: 750px) 100vw, 750px\" style=\"width:100%;height:77.67%;max-width:1536px\" \/>\t\t\t\t\t\t\t\t\t\t\t\t\t\t\t<\/div>\n\t\t\t\t<\/div>\n\t\t\t\t<div class=\"elementor-element elementor-element-27c7f4a elementor-widget elementor-widget-image\" data-id=\"27c7f4a\" data-element_type=\"widget\" data-e-type=\"widget\" data-widget_type=\"image.default\">\n\t\t\t\t<div class=\"elementor-widget-container\">\n\t\t\t\t\t\t\t\t\t\t\t\t\t\t\t<img loading=\"lazy\" decoding=\"async\" width=\"750\" height=\"600\" src=\"https:\/\/lesgaletsdemarion.com\/wp-content\/uploads\/2025\/09\/cadre-de-naissance-format-moyen-famille-de-galets-peints-modele-Albane-1024x819.jpg\" class=\"attachment-large size-large wp-image-3450\" alt=\"cadre de naissance format moyen famille de galets peints mod\u00e8le Albane\" srcset=\"https:\/\/lesgaletsdemarion.com\/wp-content\/uploads\/2025\/09\/cadre-de-naissance-format-moyen-famille-de-galets-peints-modele-Albane-1024x819.jpg 1024w, https:\/\/lesgaletsdemarion.com\/wp-content\/uploads\/2025\/09\/cadre-de-naissance-format-moyen-famille-de-galets-peints-modele-Albane-300x240.jpg 300w, https:\/\/lesgaletsdemarion.com\/wp-content\/uploads\/2025\/09\/cadre-de-naissance-format-moyen-famille-de-galets-peints-modele-Albane-768x614.jpg 768w, https:\/\/lesgaletsdemarion.com\/wp-content\/uploads\/2025\/09\/cadre-de-naissance-format-moyen-famille-de-galets-peints-modele-Albane-1536x1228.jpg 1536w, https:\/\/lesgaletsdemarion.com\/wp-content\/uploads\/2025\/09\/cadre-de-naissance-format-moyen-famille-de-galets-peints-modele-Albane-2048x1637.jpg 2048w, https:\/\/lesgaletsdemarion.com\/wp-content\/uploads\/2025\/09\/cadre-de-naissance-format-moyen-famille-de-galets-peints-modele-Albane-1568x1254.jpg 1568w, https:\/\/lesgaletsdemarion.com\/wp-content\/uploads\/2025\/09\/cadre-de-naissance-format-moyen-famille-de-galets-peints-modele-Albane-600x480.jpg 600w\" sizes=\"(max-width: 750px) 100vw, 750px\" style=\"width:100%;height:79.96%;max-width:2560px\" \/>\t\t\t\t\t\t\t\t\t\t\t\t\t\t\t<\/div>\n\t\t\t\t<\/div>\n\t\t\t\t<div class=\"elementor-element elementor-element-85a121e elementor-widget elementor-widget-image\" data-id=\"85a121e\" data-element_type=\"widget\" data-e-type=\"widget\" data-widget_type=\"image.default\">\n\t\t\t\t<div class=\"elementor-widget-container\">\n\t\t\t\t\t\t\t\t\t\t\t\t\t\t\t<img loading=\"lazy\" decoding=\"async\" width=\"701\" height=\"1024\" src=\"https:\/\/lesgaletsdemarion.com\/wp-content\/uploads\/2024\/09\/IMG20240712120117-scaled-e1725801160821-701x1024.jpg\" class=\"attachment-large size-large wp-image-2838\" alt=\"transformation galets et bois flott\u00e9 en cadre de naissance sur le Th\u00e8me &quot;Marin&quot; Les galets de Marion\" srcset=\"https:\/\/lesgaletsdemarion.com\/wp-content\/uploads\/2024\/09\/IMG20240712120117-scaled-e1725801160821-701x1024.jpg 701w, https:\/\/lesgaletsdemarion.com\/wp-content\/uploads\/2024\/09\/IMG20240712120117-scaled-e1725801160821-205x300.jpg 205w, https:\/\/lesgaletsdemarion.com\/wp-content\/uploads\/2024\/09\/IMG20240712120117-scaled-e1725801160821-768x1121.jpg 768w, https:\/\/lesgaletsdemarion.com\/wp-content\/uploads\/2024\/09\/IMG20240712120117-scaled-e1725801160821-1052x1536.jpg 1052w, https:\/\/lesgaletsdemarion.com\/wp-content\/uploads\/2024\/09\/IMG20240712120117-scaled-e1725801160821-600x876.jpg 600w, https:\/\/lesgaletsdemarion.com\/wp-content\/uploads\/2024\/09\/IMG20240712120117-scaled-e1725801160821.jpg 1224w\" sizes=\"(max-width: 701px) 100vw, 701px\" style=\"width:100%;height:146%;max-width:1224px\" \/>\t\t\t\t\t\t\t\t\t\t\t\t\t\t\t<\/div>\n\t\t\t\t<\/div>\n\t\t\t\t\t<\/div>\n\t\t<\/div>\n\t\t\t\t<div class=\"elementor-column elementor-col-33 elementor-top-column elementor-element elementor-element-8005fc5\" data-id=\"8005fc5\" data-element_type=\"column\" data-e-type=\"column\">\n\t\t\t<div class=\"elementor-widget-wrap elementor-element-populated\">\n\t\t\t\t\t\t<div class=\"elementor-element elementor-element-2074adb elementor-widget elementor-widget-text-editor\" data-id=\"2074adb\" data-element_type=\"widget\" data-e-type=\"widget\" data-widget_type=\"text-editor.default\">\n\t\t\t\t<div class=\"elementor-widget-container\">\n\t\t\t\t\t\t\t\t\t<p><b>Grand format<\/b> avec b\u00e9b\u00e9 et sa famille (parents et fratrie)<\/p>\n<p>Cadre <b>23X18 cm<\/b>, jusqu&rsquo;\u00e0 5 galets<\/p>\n<p><b>40\u20ac<\/b> (avec pr\u00e9nom et date de naissance)<\/p>\t\t\t\t\t\t\t\t<\/div>\n\t\t\t\t<\/div>\n\t\t\t\t<div class=\"elementor-element elementor-element-84b73d9 elementor-widget__width-initial elementor-widget elementor-widget-image\" data-id=\"84b73d9\" data-element_type=\"widget\" data-e-type=\"widget\" data-widget_type=\"image.default\">\n\t\t\t\t<div class=\"elementor-widget-container\">\n\t\t\t\t\t\t\t\t\t\t\t\t\t\t\t<img loading=\"lazy\" decoding=\"async\" width=\"718\" height=\"541\" src=\"https:\/\/lesgaletsdemarion.com\/wp-content\/uploads\/2023\/11\/cadre-de-naissance-moyen-format-bois-avec-3-personnages-galets-peints-chouette-et-fannions-prenoms-Suzanne-date-de-naissance-inscrite-sur-la-branche.png\" class=\"attachment-large size-large wp-image-1891\" alt=\"Cadre de naissance 3 galets peints en forme de chouettes (papa, maman et b\u00e9b\u00e9) sur branche de bois flott\u00e9 avec date de naissance du b\u00e9b\u00e9 inscrite dessus). Petite guirlande de fanions au dessus du galets au pr\u00e9nom de l&#039;enfant ici SUZANNE. cadre format moyen couleur bois naturel et fond \u00e0 motifs fleurs\" srcset=\"https:\/\/lesgaletsdemarion.com\/wp-content\/uploads\/2023\/11\/cadre-de-naissance-moyen-format-bois-avec-3-personnages-galets-peints-chouette-et-fannions-prenoms-Suzanne-date-de-naissance-inscrite-sur-la-branche.png 718w, https:\/\/lesgaletsdemarion.com\/wp-content\/uploads\/2023\/11\/cadre-de-naissance-moyen-format-bois-avec-3-personnages-galets-peints-chouette-et-fannions-prenoms-Suzanne-date-de-naissance-inscrite-sur-la-branche-300x226.png 300w, https:\/\/lesgaletsdemarion.com\/wp-content\/uploads\/2023\/11\/cadre-de-naissance-moyen-format-bois-avec-3-personnages-galets-peints-chouette-et-fannions-prenoms-Suzanne-date-de-naissance-inscrite-sur-la-branche-600x452.png 600w\" sizes=\"(max-width: 718px) 100vw, 718px\" style=\"width:100%;height:75.35%;max-width:718px\" \/>\t\t\t\t\t\t\t\t\t\t\t\t\t\t\t<\/div>\n\t\t\t\t<\/div>\n\t\t\t\t<div class=\"elementor-element elementor-element-a8945a5 elementor-widget__width-initial elementor-widget elementor-widget-image\" data-id=\"a8945a5\" data-element_type=\"widget\" data-e-type=\"widget\" data-widget_type=\"image.default\">\n\t\t\t\t<div class=\"elementor-widget-container\">\n\t\t\t\t\t\t\t\t\t\t\t\t\t\t\t<img loading=\"lazy\" decoding=\"async\" width=\"750\" height=\"563\" src=\"https:\/\/lesgaletsdemarion.com\/wp-content\/uploads\/2023\/11\/cadre-de-naissance-noir-moyen-format-2-galets-peints-chouettes-avec-fanions-prenoms-NEELA-et-NOLANN-et-date-de-naissance-surla-branche-1024x768.jpg\" class=\"attachment-large size-large wp-image-1890\" alt=\"cadre de naissance noir moyen format 2 galets peints chouettes avec fanions pr\u00e9noms NEELA et NOLANN et date de naissance surla branche\" srcset=\"https:\/\/lesgaletsdemarion.com\/wp-content\/uploads\/2023\/11\/cadre-de-naissance-noir-moyen-format-2-galets-peints-chouettes-avec-fanions-prenoms-NEELA-et-NOLANN-et-date-de-naissance-surla-branche-1024x768.jpg 1024w, https:\/\/lesgaletsdemarion.com\/wp-content\/uploads\/2023\/11\/cadre-de-naissance-noir-moyen-format-2-galets-peints-chouettes-avec-fanions-prenoms-NEELA-et-NOLANN-et-date-de-naissance-surla-branche-300x225.jpg 300w, https:\/\/lesgaletsdemarion.com\/wp-content\/uploads\/2023\/11\/cadre-de-naissance-noir-moyen-format-2-galets-peints-chouettes-avec-fanions-prenoms-NEELA-et-NOLANN-et-date-de-naissance-surla-branche-768x576.jpg 768w, https:\/\/lesgaletsdemarion.com\/wp-content\/uploads\/2023\/11\/cadre-de-naissance-noir-moyen-format-2-galets-peints-chouettes-avec-fanions-prenoms-NEELA-et-NOLANN-et-date-de-naissance-surla-branche-600x450.jpg 600w, https:\/\/lesgaletsdemarion.com\/wp-content\/uploads\/2023\/11\/cadre-de-naissance-noir-moyen-format-2-galets-peints-chouettes-avec-fanions-prenoms-NEELA-et-NOLANN-et-date-de-naissance-surla-branche.jpg 1536w\" sizes=\"(max-width: 750px) 100vw, 750px\" style=\"width:100%;height:75%;max-width:1536px\" \/>\t\t\t\t\t\t\t\t\t\t\t\t\t\t\t<\/div>\n\t\t\t\t<\/div>\n\t\t\t\t<div class=\"elementor-element elementor-element-0148a07 elementor-widget__width-initial elementor-widget elementor-widget-image\" data-id=\"0148a07\" data-element_type=\"widget\" data-e-type=\"widget\" data-widget_type=\"image.default\">\n\t\t\t\t<div class=\"elementor-widget-container\">\n\t\t\t\t\t\t\t\t\t\t\t\t\t\t\t<img loading=\"lazy\" decoding=\"async\" width=\"750\" height=\"750\" src=\"https:\/\/lesgaletsdemarion.com\/wp-content\/uploads\/2023\/11\/cadre-de-naissance-bois-grand-format-avec-4-personnages-galets-peints-chouettes-et-fannions-prenom-AELYS-date-de-naissance-inscrite-sur-la-branche.jpg.webp\" class=\"attachment-large size-large wp-image-1897\" alt=\"cadre de naissance 4 galets peints en forme de chouettes (papa, maman et deux enfants) sur branche de bois flott\u00e9 avec date de naissance du dernier b\u00e9b\u00e9 n\u00e9 inscrite dessus). Petite guirlande de fanions au dessus du galets au pr\u00e9nom de l&#039;enfant ici AELYS. cadre format moyen couleur bois naturel et fond bleu vert \u00e0 motif fleural Galet lune en haut \u00e0 droite\" srcset=\"https:\/\/lesgaletsdemarion.com\/wp-content\/uploads\/2023\/11\/cadre-de-naissance-bois-grand-format-avec-4-personnages-galets-peints-chouettes-et-fannions-prenom-AELYS-date-de-naissance-inscrite-sur-la-branche.jpg.webp 810w, https:\/\/lesgaletsdemarion.com\/wp-content\/uploads\/2023\/11\/cadre-de-naissance-bois-grand-format-avec-4-personnages-galets-peints-chouettes-et-fannions-prenom-AELYS-date-de-naissance-inscrite-sur-la-branche.jpg-300x300.webp 300w, https:\/\/lesgaletsdemarion.com\/wp-content\/uploads\/2023\/11\/cadre-de-naissance-bois-grand-format-avec-4-personnages-galets-peints-chouettes-et-fannions-prenom-AELYS-date-de-naissance-inscrite-sur-la-branche.jpg-150x150.webp 150w, https:\/\/lesgaletsdemarion.com\/wp-content\/uploads\/2023\/11\/cadre-de-naissance-bois-grand-format-avec-4-personnages-galets-peints-chouettes-et-fannions-prenom-AELYS-date-de-naissance-inscrite-sur-la-branche.jpg-768x768.webp 768w, https:\/\/lesgaletsdemarion.com\/wp-content\/uploads\/2023\/11\/cadre-de-naissance-bois-grand-format-avec-4-personnages-galets-peints-chouettes-et-fannions-prenom-AELYS-date-de-naissance-inscrite-sur-la-branche.jpg-450x450.webp 450w, https:\/\/lesgaletsdemarion.com\/wp-content\/uploads\/2023\/11\/cadre-de-naissance-bois-grand-format-avec-4-personnages-galets-peints-chouettes-et-fannions-prenom-AELYS-date-de-naissance-inscrite-sur-la-branche.jpg-600x600.webp 600w, https:\/\/lesgaletsdemarion.com\/wp-content\/uploads\/2023\/11\/cadre-de-naissance-bois-grand-format-avec-4-personnages-galets-peints-chouettes-et-fannions-prenom-AELYS-date-de-naissance-inscrite-sur-la-branche.jpg-100x100.webp 100w\" sizes=\"(max-width: 750px) 100vw, 750px\" style=\"width:100%;height:100%;max-width:810px\" \/>\t\t\t\t\t\t\t\t\t\t\t\t\t\t\t<\/div>\n\t\t\t\t<\/div>\n\t\t\t\t<div class=\"elementor-element elementor-element-f86a263 elementor-widget__width-initial elementor-widget elementor-widget-image\" data-id=\"f86a263\" data-element_type=\"widget\" data-e-type=\"widget\" data-widget_type=\"image.default\">\n\t\t\t\t<div class=\"elementor-widget-container\">\n\t\t\t\t\t\t\t\t\t\t\t\t\t\t\t<img loading=\"lazy\" decoding=\"async\" width=\"750\" height=\"559\" src=\"https:\/\/lesgaletsdemarion.com\/wp-content\/uploads\/2024\/04\/cadre-de-naissance-couleur-bois-naturel-grand-format-4-galets-peints-sur-bois-flotte-fannions-prenom-et-date-de-naissance-cadeau-de-naissance-naturel-et-original-1024x763.jpg\" class=\"attachment-large size-large wp-image-2521\" alt=\"cadre de naissance couleur bois naturel grand format 4 galets peints sur bois flott\u00e9 fannions pr\u00e9nom et date de naissance cadeau de naissance naturel et original\" srcset=\"https:\/\/lesgaletsdemarion.com\/wp-content\/uploads\/2024\/04\/cadre-de-naissance-couleur-bois-naturel-grand-format-4-galets-peints-sur-bois-flotte-fannions-prenom-et-date-de-naissance-cadeau-de-naissance-naturel-et-original-1024x763.jpg 1024w, https:\/\/lesgaletsdemarion.com\/wp-content\/uploads\/2024\/04\/cadre-de-naissance-couleur-bois-naturel-grand-format-4-galets-peints-sur-bois-flotte-fannions-prenom-et-date-de-naissance-cadeau-de-naissance-naturel-et-original-300x224.jpg 300w, https:\/\/lesgaletsdemarion.com\/wp-content\/uploads\/2024\/04\/cadre-de-naissance-couleur-bois-naturel-grand-format-4-galets-peints-sur-bois-flotte-fannions-prenom-et-date-de-naissance-cadeau-de-naissance-naturel-et-original-768x572.jpg 768w, https:\/\/lesgaletsdemarion.com\/wp-content\/uploads\/2024\/04\/cadre-de-naissance-couleur-bois-naturel-grand-format-4-galets-peints-sur-bois-flotte-fannions-prenom-et-date-de-naissance-cadeau-de-naissance-naturel-et-original-1536x1145.jpg 1536w, https:\/\/lesgaletsdemarion.com\/wp-content\/uploads\/2024\/04\/cadre-de-naissance-couleur-bois-naturel-grand-format-4-galets-peints-sur-bois-flotte-fannions-prenom-et-date-de-naissance-cadeau-de-naissance-naturel-et-original-2048x1527.jpg 2048w, https:\/\/lesgaletsdemarion.com\/wp-content\/uploads\/2024\/04\/cadre-de-naissance-couleur-bois-naturel-grand-format-4-galets-peints-sur-bois-flotte-fannions-prenom-et-date-de-naissance-cadeau-de-naissance-naturel-et-original-1568x1169.jpg 1568w, https:\/\/lesgaletsdemarion.com\/wp-content\/uploads\/2024\/04\/cadre-de-naissance-couleur-bois-naturel-grand-format-4-galets-peints-sur-bois-flotte-fannions-prenom-et-date-de-naissance-cadeau-de-naissance-naturel-et-original-600x447.jpg 600w\" sizes=\"(max-width: 750px) 100vw, 750px\" style=\"width:100%;height:74.53%;max-width:2560px\" \/>\t\t\t\t\t\t\t\t\t\t\t\t\t\t\t<\/div>\n\t\t\t\t<\/div>\n\t\t\t\t<div class=\"elementor-element elementor-element-6680310 elementor-widget__width-initial elementor-widget elementor-widget-image\" data-id=\"6680310\" data-element_type=\"widget\" data-e-type=\"widget\" data-widget_type=\"image.default\">\n\t\t\t\t<div class=\"elementor-widget-container\">\n\t\t\t\t\t\t\t\t\t\t\t\t\t\t\t<img loading=\"lazy\" decoding=\"async\" width=\"750\" height=\"628\" src=\"https:\/\/lesgaletsdemarion.com\/wp-content\/uploads\/2024\/04\/cadre-naissance-grand-format-bois-4-galets-peints-famille-avec-branche-bois-flotte-prenom-fanions-et-date-de-naissance-1024x858.jpg\" class=\"attachment-large size-large wp-image-2552\" alt=\"cadre de naissance grand format couleur bois avec famille galets peints sur branche de bois flott\u00e9 pr\u00e9noms fanions et date de naissance\" srcset=\"https:\/\/lesgaletsdemarion.com\/wp-content\/uploads\/2024\/04\/cadre-naissance-grand-format-bois-4-galets-peints-famille-avec-branche-bois-flotte-prenom-fanions-et-date-de-naissance-1024x858.jpg 1024w, https:\/\/lesgaletsdemarion.com\/wp-content\/uploads\/2024\/04\/cadre-naissance-grand-format-bois-4-galets-peints-famille-avec-branche-bois-flotte-prenom-fanions-et-date-de-naissance-300x251.jpg 300w, https:\/\/lesgaletsdemarion.com\/wp-content\/uploads\/2024\/04\/cadre-naissance-grand-format-bois-4-galets-peints-famille-avec-branche-bois-flotte-prenom-fanions-et-date-de-naissance-768x644.jpg 768w, https:\/\/lesgaletsdemarion.com\/wp-content\/uploads\/2024\/04\/cadre-naissance-grand-format-bois-4-galets-peints-famille-avec-branche-bois-flotte-prenom-fanions-et-date-de-naissance-1536x1287.jpg 1536w, https:\/\/lesgaletsdemarion.com\/wp-content\/uploads\/2024\/04\/cadre-naissance-grand-format-bois-4-galets-peints-famille-avec-branche-bois-flotte-prenom-fanions-et-date-de-naissance-2048x1717.jpg 2048w, https:\/\/lesgaletsdemarion.com\/wp-content\/uploads\/2024\/04\/cadre-naissance-grand-format-bois-4-galets-peints-famille-avec-branche-bois-flotte-prenom-fanions-et-date-de-naissance-1568x1314.jpg 1568w, https:\/\/lesgaletsdemarion.com\/wp-content\/uploads\/2024\/04\/cadre-naissance-grand-format-bois-4-galets-peints-famille-avec-branche-bois-flotte-prenom-fanions-et-date-de-naissance-600x503.jpg 600w\" sizes=\"(max-width: 750px) 100vw, 750px\" style=\"width:100%;height:83.82%;max-width:2515px\" \/>\t\t\t\t\t\t\t\t\t\t\t\t\t\t\t<\/div>\n\t\t\t\t<\/div>\n\t\t\t\t<div class=\"elementor-element elementor-element-9f36cf5 elementor-widget elementor-widget-image\" data-id=\"9f36cf5\" data-element_type=\"widget\" data-e-type=\"widget\" data-widget_type=\"image.default\">\n\t\t\t\t<div class=\"elementor-widget-container\">\n\t\t\t\t\t\t\t\t\t\t\t\t\t\t\t<img loading=\"lazy\" decoding=\"async\" width=\"750\" height=\"549\" src=\"https:\/\/lesgaletsdemarion.com\/wp-content\/uploads\/2024\/09\/IMG20240623140949-scaled-e1725801385891-1024x749.jpg\" class=\"attachment-large size-large wp-image-2842\" alt=\"transformation de galets et bois flott\u00e9 en cadre de naissance Les galets de Marion\" srcset=\"https:\/\/lesgaletsdemarion.com\/wp-content\/uploads\/2024\/09\/IMG20240623140949-scaled-e1725801385891-1024x749.jpg 1024w, https:\/\/lesgaletsdemarion.com\/wp-content\/uploads\/2024\/09\/IMG20240623140949-scaled-e1725801385891-300x219.jpg 300w, https:\/\/lesgaletsdemarion.com\/wp-content\/uploads\/2024\/09\/IMG20240623140949-scaled-e1725801385891-768x562.jpg 768w, https:\/\/lesgaletsdemarion.com\/wp-content\/uploads\/2024\/09\/IMG20240623140949-scaled-e1725801385891-1536x1123.jpg 1536w, https:\/\/lesgaletsdemarion.com\/wp-content\/uploads\/2024\/09\/IMG20240623140949-scaled-e1725801385891-600x439.jpg 600w, https:\/\/lesgaletsdemarion.com\/wp-content\/uploads\/2024\/09\/IMG20240623140949-scaled-e1725801385891.jpg 1540w\" sizes=\"(max-width: 750px) 100vw, 750px\" style=\"width:100%;height:73.12%;max-width:1540px\" \/>\t\t\t\t\t\t\t\t\t\t\t\t\t\t\t<\/div>\n\t\t\t\t<\/div>\n\t\t\t\t<div class=\"elementor-element elementor-element-7ce7051 elementor-widget elementor-widget-image\" data-id=\"7ce7051\" data-element_type=\"widget\" data-e-type=\"widget\" data-widget_type=\"image.default\">\n\t\t\t\t<div class=\"elementor-widget-container\">\n\t\t\t\t\t\t\t\t\t\t\t\t\t\t\t<img loading=\"lazy\" decoding=\"async\" width=\"750\" height=\"563\" src=\"https:\/\/lesgaletsdemarion.com\/wp-content\/uploads\/2025\/09\/cadre-de-naissance-grand-format-couleur-bois-avec-4-galets-petite-famille-avec-prenom-bebe-fanions-et-date-de-naissance-sur-bois-flotte-modele-NORA-1024x768.jpg\" class=\"attachment-large size-large wp-image-3441\" alt=\"cadre de naissance grand format couleur bois avec 4 galets petite famille avec prenom b\u00e9b\u00e9 fanions et date de naissance sur bois flott\u00e9 mod\u00e8le NORA\" srcset=\"https:\/\/lesgaletsdemarion.com\/wp-content\/uploads\/2025\/09\/cadre-de-naissance-grand-format-couleur-bois-avec-4-galets-petite-famille-avec-prenom-bebe-fanions-et-date-de-naissance-sur-bois-flotte-modele-NORA-1024x768.jpg 1024w, https:\/\/lesgaletsdemarion.com\/wp-content\/uploads\/2025\/09\/cadre-de-naissance-grand-format-couleur-bois-avec-4-galets-petite-famille-avec-prenom-bebe-fanions-et-date-de-naissance-sur-bois-flotte-modele-NORA-300x225.jpg 300w, https:\/\/lesgaletsdemarion.com\/wp-content\/uploads\/2025\/09\/cadre-de-naissance-grand-format-couleur-bois-avec-4-galets-petite-famille-avec-prenom-bebe-fanions-et-date-de-naissance-sur-bois-flotte-modele-NORA-768x576.jpg 768w, https:\/\/lesgaletsdemarion.com\/wp-content\/uploads\/2025\/09\/cadre-de-naissance-grand-format-couleur-bois-avec-4-galets-petite-famille-avec-prenom-bebe-fanions-et-date-de-naissance-sur-bois-flotte-modele-NORA-1536x1152.jpg 1536w, https:\/\/lesgaletsdemarion.com\/wp-content\/uploads\/2025\/09\/cadre-de-naissance-grand-format-couleur-bois-avec-4-galets-petite-famille-avec-prenom-bebe-fanions-et-date-de-naissance-sur-bois-flotte-modele-NORA-2048x1536.jpg 2048w, https:\/\/lesgaletsdemarion.com\/wp-content\/uploads\/2025\/09\/cadre-de-naissance-grand-format-couleur-bois-avec-4-galets-petite-famille-avec-prenom-bebe-fanions-et-date-de-naissance-sur-bois-flotte-modele-NORA-1568x1176.jpg 1568w, https:\/\/lesgaletsdemarion.com\/wp-content\/uploads\/2025\/09\/cadre-de-naissance-grand-format-couleur-bois-avec-4-galets-petite-famille-avec-prenom-bebe-fanions-et-date-de-naissance-sur-bois-flotte-modele-NORA-600x450.jpg 600w\" sizes=\"(max-width: 750px) 100vw, 750px\" style=\"width:100%;height:75%;max-width:2560px\" \/>\t\t\t\t\t\t\t\t\t\t\t\t\t\t\t<\/div>\n\t\t\t\t<\/div>\n\t\t\t\t\t<\/div>\n\t\t<\/div>\n\t\t\t\t\t<\/div>\n\t\t<\/section>\n\t\t\t\t<section class=\"elementor-section elementor-top-section elementor-element elementor-element-ea7935f elementor-section-boxed elementor-section-height-default elementor-section-height-default\" data-id=\"ea7935f\" data-element_type=\"section\" data-e-type=\"section\">\n\t\t\t\t\t\t<div class=\"elementor-container elementor-column-gap-default\">\n\t\t\t\t\t<div class=\"elementor-column elementor-col-100 elementor-top-column elementor-element elementor-element-11c3bfc\" data-id=\"11c3bfc\" data-element_type=\"column\" data-e-type=\"column\">\n\t\t\t<div class=\"elementor-widget-wrap elementor-element-populated\">\n\t\t\t\t\t\t<div class=\"elementor-element elementor-element-6fefecf elementor-align-right elementor-mobile-align-center elementor-widget elementor-widget-button\" data-id=\"6fefecf\" data-element_type=\"widget\" data-e-type=\"widget\" data-widget_type=\"button.default\">\n\t\t\t\t<div class=\"elementor-widget-container\">\n\t\t\t\t\t\t\t\t\t<div class=\"elementor-button-wrapper\">\n\t\t\t\t\t<a class=\"elementor-button elementor-button-link elementor-size-xs\" href=\"https:\/\/lesgaletsdemarion.com\/index.php\/contact-us\/\">\n\t\t\t\t\t\t<span class=\"elementor-button-content-wrapper\">\n\t\t\t\t\t\t\t\t\t<span class=\"elementor-button-text\">Commander<\/span>\n\t\t\t\t\t<\/span>\n\t\t\t\t\t<\/a>\n\t\t\t\t<\/div>\n\t\t\t\t\t\t\t\t<\/div>\n\t\t\t\t<\/div>\n\t\t\t\t<div class=\"elementor-element elementor-element-542ec9d elementor-widget elementor-widget-text-editor\" data-id=\"542ec9d\" data-element_type=\"widget\" data-e-type=\"widget\" data-widget_type=\"text-editor.default\">\n\t\t\t\t<div class=\"elementor-widget-container\">\n\t\t\t\t\t\t\t\t\t<p>Tous les cadres sont exp\u00e9di\u00e9s sans vitre et disponibles en 3 couleurs : blanc, noir ou bois. Pour la <span style=\"text-decoration: underline;\">livraison<\/span> (<strong>Mondial Relay<\/strong>),\u00a0 pr\u00e9voir un <span style=\"text-decoration: underline;\">suppl\u00e9ment de <strong>5\u20ac<\/strong><\/span><\/p>\t\t\t\t\t\t\t\t<\/div>\n\t\t\t\t<\/div>\n\t\t\t\t\t<\/div>\n\t\t<\/div>\n\t\t\t\t\t<\/div>\n\t\t<\/section>\n\t\t\t\t<\/div>\n\t\t","protected":false},"excerpt":{"rendered":"<p>Les cadres de naissance galets Id\u00e9al \u00e0 offrir pour l&rsquo;arriv\u00e9e de b\u00e9b\u00e9 Le cadre de naissance galets est un cadeau unique et original 100% personnalisable Petit format&nbsp; avec b\u00e9b\u00e9 seul Cadre 17X12 cm,&nbsp; jusqu&rsquo;\u00e0 3 petits galets peints 25\u20ac (avec pr\u00e9nom et date de naissance) Format moyen avec b\u00e9b\u00e9 et ses parents (id\u00e9al pour 1er&hellip; <a class=\"more-link\" href=\"https:\/\/lesgaletsdemarion.com\/index.php\/les-cadres-de-naissance-galets\/\">Poursuivre la lecture <span class=\"screen-reader-text\">cadres de naissance galets<\/span><\/a><\/p>\n","protected":false},"author":1,"featured_media":0,"parent":0,"menu_order":0,"comment_status":"open","ping_status":"closed","template":"elementor_header_footer","meta":{"footnotes":""},"class_list":["post-1220","page","type-page","status-publish","hentry","entry"],"yoast_head":"<!-- This site is optimized with the Yoast SEO plugin v27.5 - https:\/\/yoast.com\/product\/yoast-seo-wordpress\/ -->\n<title>cadres de naissance galets - Les Galets de Marion<\/title>\n<meta name=\"description\" content=\"Cadres de naissance galets peints \u00e0 la main avec fanions pr\u00e9nom et date de naissance. De 1 \u00e0 5 personnages. 3 formats et 3 couleurs de cadre\" \/>\n<meta name=\"robots\" content=\"index, follow, max-snippet:-1, max-image-preview:large, max-video-preview:-1\" \/>\n<link rel=\"canonical\" href=\"https:\/\/lesgaletsdemarion.com\/index.php\/les-cadres-de-naissance-galets\/\" \/>\n<meta property=\"og:locale\" content=\"fr_FR\" \/>\n<meta property=\"og:type\" content=\"article\" \/>\n<meta property=\"og:title\" content=\"cadres de naissance galets - Les Galets de Marion\" \/>\n<meta property=\"og:description\" content=\"Cadres de naissance galets peints \u00e0 la main avec fanions pr\u00e9nom et date de naissance. De 1 \u00e0 5 personnages. 3 formats et 3 couleurs de cadre\" \/>\n<meta property=\"og:url\" content=\"https:\/\/lesgaletsdemarion.com\/index.php\/les-cadres-de-naissance-galets\/\" \/>\n<meta property=\"og:site_name\" content=\"Les Galets de Marion\" \/>\n<meta property=\"article:publisher\" content=\"https:\/\/www.facebook.com\/lesgaletsdemarion\/\" \/>\n<meta property=\"article:modified_time\" content=\"2026-04-03T09:01:36+00:00\" \/>\n<meta property=\"og:image\" content=\"https:\/\/lesgaletsdemarion.com\/wp-content\/uploads\/2023\/10\/IMG_20220911_022401_866-e1696154956223-768x535.jpg\" \/>\n<meta name=\"twitter:card\" content=\"summary_large_image\" \/>\n<meta name=\"twitter:label1\" content=\"Dur\u00e9e de lecture estim\u00e9e\" \/>\n\t<meta name=\"twitter:data1\" content=\"5 minutes\" \/>\n<script type=\"application\/ld+json\" class=\"yoast-schema-graph\">{\"@context\":\"https:\\\/\\\/schema.org\",\"@graph\":[{\"@type\":\"WebPage\",\"@id\":\"https:\\\/\\\/lesgaletsdemarion.com\\\/index.php\\\/les-cadres-de-naissance-galets\\\/\",\"url\":\"https:\\\/\\\/lesgaletsdemarion.com\\\/index.php\\\/les-cadres-de-naissance-galets\\\/\",\"name\":\"cadres de naissance galets - Les Galets de Marion\",\"isPartOf\":{\"@id\":\"https:\\\/\\\/lesgaletsdemarion.com\\\/#website\"},\"primaryImageOfPage\":{\"@id\":\"https:\\\/\\\/lesgaletsdemarion.com\\\/index.php\\\/les-cadres-de-naissance-galets\\\/#primaryimage\"},\"image\":{\"@id\":\"https:\\\/\\\/lesgaletsdemarion.com\\\/index.php\\\/les-cadres-de-naissance-galets\\\/#primaryimage\"},\"thumbnailUrl\":\"https:\\\/\\\/lesgaletsdemarion.com\\\/wp-content\\\/uploads\\\/2023\\\/10\\\/IMG_20220911_022401_866-e1696154956223-768x535.jpg\",\"datePublished\":\"2023-10-01T09:56:40+00:00\",\"dateModified\":\"2026-04-03T09:01:36+00:00\",\"description\":\"Cadres de naissance galets peints \u00e0 la main avec fanions pr\u00e9nom et date de naissance. De 1 \u00e0 5 personnages. 3 formats et 3 couleurs de cadre\",\"breadcrumb\":{\"@id\":\"https:\\\/\\\/lesgaletsdemarion.com\\\/index.php\\\/les-cadres-de-naissance-galets\\\/#breadcrumb\"},\"inLanguage\":\"fr-FR\",\"potentialAction\":[{\"@type\":\"ReadAction\",\"target\":[\"https:\\\/\\\/lesgaletsdemarion.com\\\/index.php\\\/les-cadres-de-naissance-galets\\\/\"]}]},{\"@type\":\"ImageObject\",\"inLanguage\":\"fr-FR\",\"@id\":\"https:\\\/\\\/lesgaletsdemarion.com\\\/index.php\\\/les-cadres-de-naissance-galets\\\/#primaryimage\",\"url\":\"https:\\\/\\\/lesgaletsdemarion.com\\\/wp-content\\\/uploads\\\/2023\\\/10\\\/IMG_20220911_022401_866-e1696154956223.jpg\",\"contentUrl\":\"https:\\\/\\\/lesgaletsdemarion.com\\\/wp-content\\\/uploads\\\/2023\\\/10\\\/IMG_20220911_022401_866-e1696154956223.jpg\",\"width\":1080,\"height\":752},{\"@type\":\"BreadcrumbList\",\"@id\":\"https:\\\/\\\/lesgaletsdemarion.com\\\/index.php\\\/les-cadres-de-naissance-galets\\\/#breadcrumb\",\"itemListElement\":[{\"@type\":\"ListItem\",\"position\":1,\"name\":\"Accueil\",\"item\":\"https:\\\/\\\/lesgaletsdemarion.com\\\/\"},{\"@type\":\"ListItem\",\"position\":2,\"name\":\"cadres de naissance galets\"}]},{\"@type\":\"WebSite\",\"@id\":\"https:\\\/\\\/lesgaletsdemarion.com\\\/#website\",\"url\":\"https:\\\/\\\/lesgaletsdemarion.com\\\/\",\"name\":\"Les Galets de Marion\",\"description\":\"Cr\u00e9ations de peinture sur galets animation d&#039;ateliers loisirs cr\u00e9atifs et d&#039;anniversaire cr\u00e9atifs sur Marseille\",\"publisher\":{\"@id\":\"https:\\\/\\\/lesgaletsdemarion.com\\\/#organization\"},\"potentialAction\":[{\"@type\":\"SearchAction\",\"target\":{\"@type\":\"EntryPoint\",\"urlTemplate\":\"https:\\\/\\\/lesgaletsdemarion.com\\\/?s={search_term_string}\"},\"query-input\":{\"@type\":\"PropertyValueSpecification\",\"valueRequired\":true,\"valueName\":\"search_term_string\"}}],\"inLanguage\":\"fr-FR\"},{\"@type\":\"Organization\",\"@id\":\"https:\\\/\\\/lesgaletsdemarion.com\\\/#organization\",\"name\":\"Les Galets de Marion\",\"url\":\"https:\\\/\\\/lesgaletsdemarion.com\\\/\",\"logo\":{\"@type\":\"ImageObject\",\"inLanguage\":\"fr-FR\",\"@id\":\"https:\\\/\\\/lesgaletsdemarion.com\\\/#\\\/schema\\\/logo\\\/image\\\/\",\"url\":\"https:\\\/\\\/lesgaletsdemarion.com\\\/wp-content\\\/uploads\\\/2023\\\/08\\\/Logo_GDM_Bleu.png\",\"contentUrl\":\"https:\\\/\\\/lesgaletsdemarion.com\\\/wp-content\\\/uploads\\\/2023\\\/08\\\/Logo_GDM_Bleu.png\",\"width\":927,\"height\":926,\"caption\":\"Les Galets de Marion\"},\"image\":{\"@id\":\"https:\\\/\\\/lesgaletsdemarion.com\\\/#\\\/schema\\\/logo\\\/image\\\/\"},\"sameAs\":[\"https:\\\/\\\/www.facebook.com\\\/lesgaletsdemarion\\\/\",\"https:\\\/\\\/www.instagram.com\\\/lesgaletsdemarion\\\/\"]}]}<\/script>\n<!-- \/ Yoast SEO plugin. -->","yoast_head_json":{"title":"cadres de naissance galets - Les Galets de Marion","description":"Cadres de naissance galets peints \u00e0 la main avec fanions pr\u00e9nom et date de naissance. De 1 \u00e0 5 personnages. 3 formats et 3 couleurs de cadre","robots":{"index":"index","follow":"follow","max-snippet":"max-snippet:-1","max-image-preview":"max-image-preview:large","max-video-preview":"max-video-preview:-1"},"canonical":"https:\/\/lesgaletsdemarion.com\/index.php\/les-cadres-de-naissance-galets\/","og_locale":"fr_FR","og_type":"article","og_title":"cadres de naissance galets - Les Galets de Marion","og_description":"Cadres de naissance galets peints \u00e0 la main avec fanions pr\u00e9nom et date de naissance. De 1 \u00e0 5 personnages. 3 formats et 3 couleurs de cadre","og_url":"https:\/\/lesgaletsdemarion.com\/index.php\/les-cadres-de-naissance-galets\/","og_site_name":"Les Galets de Marion","article_publisher":"https:\/\/www.facebook.com\/lesgaletsdemarion\/","article_modified_time":"2026-04-03T09:01:36+00:00","og_image":[{"url":"https:\/\/lesgaletsdemarion.com\/wp-content\/uploads\/2023\/10\/IMG_20220911_022401_866-e1696154956223-768x535.jpg","type":"","width":"","height":""}],"twitter_card":"summary_large_image","twitter_misc":{"Dur\u00e9e de lecture estim\u00e9e":"5 minutes"},"schema":{"@context":"https:\/\/schema.org","@graph":[{"@type":"WebPage","@id":"https:\/\/lesgaletsdemarion.com\/index.php\/les-cadres-de-naissance-galets\/","url":"https:\/\/lesgaletsdemarion.com\/index.php\/les-cadres-de-naissance-galets\/","name":"cadres de naissance galets - Les Galets de Marion","isPartOf":{"@id":"https:\/\/lesgaletsdemarion.com\/#website"},"primaryImageOfPage":{"@id":"https:\/\/lesgaletsdemarion.com\/index.php\/les-cadres-de-naissance-galets\/#primaryimage"},"image":{"@id":"https:\/\/lesgaletsdemarion.com\/index.php\/les-cadres-de-naissance-galets\/#primaryimage"},"thumbnailUrl":"https:\/\/lesgaletsdemarion.com\/wp-content\/uploads\/2023\/10\/IMG_20220911_022401_866-e1696154956223-768x535.jpg","datePublished":"2023-10-01T09:56:40+00:00","dateModified":"2026-04-03T09:01:36+00:00","description":"Cadres de naissance galets peints \u00e0 la main avec fanions pr\u00e9nom et date de naissance. De 1 \u00e0 5 personnages. 3 formats et 3 couleurs de cadre","breadcrumb":{"@id":"https:\/\/lesgaletsdemarion.com\/index.php\/les-cadres-de-naissance-galets\/#breadcrumb"},"inLanguage":"fr-FR","potentialAction":[{"@type":"ReadAction","target":["https:\/\/lesgaletsdemarion.com\/index.php\/les-cadres-de-naissance-galets\/"]}]},{"@type":"ImageObject","inLanguage":"fr-FR","@id":"https:\/\/lesgaletsdemarion.com\/index.php\/les-cadres-de-naissance-galets\/#primaryimage","url":"https:\/\/lesgaletsdemarion.com\/wp-content\/uploads\/2023\/10\/IMG_20220911_022401_866-e1696154956223.jpg","contentUrl":"https:\/\/lesgaletsdemarion.com\/wp-content\/uploads\/2023\/10\/IMG_20220911_022401_866-e1696154956223.jpg","width":1080,"height":752},{"@type":"BreadcrumbList","@id":"https:\/\/lesgaletsdemarion.com\/index.php\/les-cadres-de-naissance-galets\/#breadcrumb","itemListElement":[{"@type":"ListItem","position":1,"name":"Accueil","item":"https:\/\/lesgaletsdemarion.com\/"},{"@type":"ListItem","position":2,"name":"cadres de naissance galets"}]},{"@type":"WebSite","@id":"https:\/\/lesgaletsdemarion.com\/#website","url":"https:\/\/lesgaletsdemarion.com\/","name":"Les Galets de Marion","description":"Cr\u00e9ations de peinture sur galets animation d&#039;ateliers loisirs cr\u00e9atifs et d&#039;anniversaire cr\u00e9atifs sur Marseille","publisher":{"@id":"https:\/\/lesgaletsdemarion.com\/#organization"},"potentialAction":[{"@type":"SearchAction","target":{"@type":"EntryPoint","urlTemplate":"https:\/\/lesgaletsdemarion.com\/?s={search_term_string}"},"query-input":{"@type":"PropertyValueSpecification","valueRequired":true,"valueName":"search_term_string"}}],"inLanguage":"fr-FR"},{"@type":"Organization","@id":"https:\/\/lesgaletsdemarion.com\/#organization","name":"Les Galets de Marion","url":"https:\/\/lesgaletsdemarion.com\/","logo":{"@type":"ImageObject","inLanguage":"fr-FR","@id":"https:\/\/lesgaletsdemarion.com\/#\/schema\/logo\/image\/","url":"https:\/\/lesgaletsdemarion.com\/wp-content\/uploads\/2023\/08\/Logo_GDM_Bleu.png","contentUrl":"https:\/\/lesgaletsdemarion.com\/wp-content\/uploads\/2023\/08\/Logo_GDM_Bleu.png","width":927,"height":926,"caption":"Les Galets de Marion"},"image":{"@id":"https:\/\/lesgaletsdemarion.com\/#\/schema\/logo\/image\/"},"sameAs":["https:\/\/www.facebook.com\/lesgaletsdemarion\/","https:\/\/www.instagram.com\/lesgaletsdemarion\/"]}]}},"_links":{"self":[{"href":"https:\/\/lesgaletsdemarion.com\/index.php\/wp-json\/wp\/v2\/pages\/1220","targetHints":{"allow":["GET"]}}],"collection":[{"href":"https:\/\/lesgaletsdemarion.com\/index.php\/wp-json\/wp\/v2\/pages"}],"about":[{"href":"https:\/\/lesgaletsdemarion.com\/index.php\/wp-json\/wp\/v2\/types\/page"}],"author":[{"embeddable":true,"href":"https:\/\/lesgaletsdemarion.com\/index.php\/wp-json\/wp\/v2\/users\/1"}],"replies":[{"embeddable":true,"href":"https:\/\/lesgaletsdemarion.com\/index.php\/wp-json\/wp\/v2\/comments?post=1220"}],"version-history":[{"count":128,"href":"https:\/\/lesgaletsdemarion.com\/index.php\/wp-json\/wp\/v2\/pages\/1220\/revisions"}],"predecessor-version":[{"id":3924,"href":"https:\/\/lesgaletsdemarion.com\/index.php\/wp-json\/wp\/v2\/pages\/1220\/revisions\/3924"}],"wp:attachment":[{"href":"https:\/\/lesgaletsdemarion.com\/index.php\/wp-json\/wp\/v2\/media?parent=1220"}],"curies":[{"name":"wp","href":"https:\/\/api.w.org\/{rel}","templated":true}]}}